{"id":1454,"date":"2023-09-04T13:13:37","date_gmt":"2023-09-04T11:13:37","guid":{"rendered":"http:\/\/eom.roomtrix.de\/gebietskoerperschaften-des-eom-gebietes\/"},"modified":"2025-03-25T11:19:48","modified_gmt":"2025-03-25T10:19:48","slug":"collectivites-territoriales-de-la-zone-eom","status":"publish","type":"page","link":"https:\/\/eom-dl.eu\/fr\/collectivites-territoriales-de-la-zone-eom\/","title":{"rendered":"Collectivit\u00e9s territoriales de la zone EOM"},"content":{"rendered":"\n<p><strong>Remarque: pour \u00eatre \u00e9ligible, votre projet doit b\u00e9n\u00e9ficier principalement \u00e0 la zone de l&rsquo;EOM, mais les acteurs et les initiatives qui g\u00e9n\u00e8rent une valeur ajout\u00e9e significative pour la zone de l&rsquo;EOM et qui ne sont pas bas\u00e9s dans la zone de l&rsquo;EOM peuvent \u00e9galement b\u00e9n\u00e9ficier d&rsquo;un soutien.<\/strong><\/p>\n\n\n\n<div class=\"wp-block-buttons is-layout-flex wp-block-buttons-is-layout-flex\">\n<div class=\"wp-block-button\"><a class=\"wp-block-button__link has-base-color has-vivid-cyan-blue-background-color has-text-color has-background wp-element-button\" href=\"https:\/\/eom-dl.eu\/wp-content\/uploads\/2025\/02\/EOM_Uebersichtskarte_carte_generale_2025.pdf\" target=\"_blank\" rel=\"noreferrer noopener\">Carte g\u00e9n\u00e9rale zone EOM<\/a><\/div>\n<\/div>\n\n\n\n<div style=\"height:28px\" aria-hidden=\"true\" class=\"wp-block-spacer\"><\/div>\n\n\n\n<div class=\"wp-block-aab-accordion-block aab__accordion_container separate-accordion\" style=\"border:4px solid #99ccff;margin-top:0px;margin-bottom:15px;border-radius:6px\" id=\"aab_accordion_8bc07f4e\"><div><div class=\"aab__accordion_head aab_right_icon   \" data-active=\"false\" style=\"background-color:#ebf5ff;border-top:none;border-right:none;border-bottom:none;border-left:none\"><div class=\"aab__accordion_heading aab_right_icon aab_right_link\"><div class=\"head_content_wrapper\"><div class=\"title_wrapper\"><h5 class=\"aab__accordion_title\" style=\"margin:0;color:#003366\">Collectivit\u00e9s territoriales en Allemagne<\/h5><\/div><\/div><\/div><div class=\"aab__accordion_icon\" style=\"border:0px solid transparent\"><span class=\"aab__icon dashicons dashicons-plus-alt2\" style=\"font-size:23px\"><\/span><\/div><\/div><div class=\"aab__accordion_body \" role=\"region\" style=\"background-color:#f5faf1;border-top:1px solid #bcb6b638;border-right:none;border-bottom:none;border-left:none\"><div class=\"aab__accordion_component\">\n<h3 class=\"wp-block-heading\">Ville de Tr\u00e8ves<\/h3>\n\n\n\n<div class=\"wp-block-columns bg1 is-layout-flex wp-container-core-columns-is-layout-28f84493 wp-block-columns-is-layout-flex\">\n<div class=\"wp-block-column is-layout-flow wp-block-column-is-layout-flow\">\n<figure class=\"wp-block-image size-full\"><a href=\"https:\/\/www.trier.de\/Startseite\/\" target=\"_blank\" rel=\"noreferrer noopener\"><img loading=\"lazy\" decoding=\"async\" width=\"510\" height=\"280\" src=\"https:\/\/eom-dl.eu\/wp-content\/uploads\/2023\/09\/G.1.Trier_.gif\" alt=\"\" class=\"wp-image-1120\"\/><\/a><\/figure>\n<\/div>\n\n\n\n<div class=\"wp-block-column is-layout-flow wp-block-column-is-layout-flow\"><\/div>\n\n\n\n<div class=\"wp-block-column is-layout-flow wp-block-column-is-layout-flow\"><\/div>\n<\/div>\n\n\n\n<div style=\"height:28px\" aria-hidden=\"true\" class=\"wp-block-spacer\"><\/div>\n\n\n\n<h3 class=\"wp-block-heading\">D\u00e9partement Trier-Saarburg<\/h3>\n\n\n\n<div class=\"wp-block-columns bg1 is-layout-flex wp-container-core-columns-is-layout-28f84493 wp-block-columns-is-layout-flex\">\n<div class=\"wp-block-column is-layout-flow wp-block-column-is-layout-flow\">\n<figure class=\"wp-block-image aligncenter size-full has-custom-border\"><a href=\"https:\/\/trier-saarburg.de\/\" target=\"_blank\" rel=\"noreferrer noopener\"><img loading=\"lazy\" decoding=\"async\" width=\"510\" height=\"280\" src=\"https:\/\/eom-dl.eu\/wp-content\/uploads\/2023\/09\/G.2.Trier-Saarburg.gif\" alt=\"\" class=\"wp-image-1124\" style=\"border-style:none;border-width:0px;aspect-ratio:16\/9;object-fit:cover\"\/><\/a><\/figure>\n<\/div>\n\n\n\n<div class=\"wp-block-column is-layout-flow wp-block-column-is-layout-flow\"><\/div>\n\n\n\n<div class=\"wp-block-column is-layout-flow wp-block-column-is-layout-flow\"><\/div>\n<\/div>\n\n\n\n<div style=\"height:5px\" aria-hidden=\"true\" class=\"wp-block-spacer\"><\/div>\n\n\n\n<h5 class=\"wp-block-heading\">\/\/ Communaut\u00e9 de Communes Konz<\/h5>\n\n\n\n<div class=\"wp-block-columns is-layout-flex wp-container-core-columns-is-layout-28f84493 wp-block-columns-is-layout-flex\">\n<div class=\"wp-block-column has-background is-layout-flow wp-block-column-is-layout-flow\" style=\"background-color:#ebf5ff;flex-basis:33.33%\">\n<figure class=\"wp-block-image aligncenter size-full has-custom-border\"><a href=\"https:\/\/www.konz.de\/de\/\" target=\"_blank\" rel=\"noreferrer noopener\"><img loading=\"lazy\" decoding=\"async\" width=\"370\" height=\"280\" src=\"https:\/\/eom-dl.eu\/wp-content\/uploads\/2023\/09\/G.2.a.0.png\" alt=\"\" class=\"wp-image-546\" style=\"border-style:none;border-width:0px;aspect-ratio:16\/9;object-fit:contain\" srcset=\"https:\/\/eom-dl.eu\/wp-content\/uploads\/2023\/09\/G.2.a.0.png 370w, https:\/\/eom-dl.eu\/wp-content\/uploads\/2023\/09\/G.2.a.0-300x227.png 300w\" sizes=\"auto, (max-width: 370px) 100vw, 370px\" \/><\/a><\/figure>\n<\/div>\n\n\n\n<div class=\"wp-block-column is-layout-flow wp-block-column-is-layout-flow\" style=\"flex-basis:66.66%\">\n<div class=\"wp-block-aab-accordion-block aab__accordion_container\" style=\"border:2px solid #ebf5ff;margin-top:0px;margin-bottom:15px;border-radius:6px\"><div class=\"aab__accordion_head aab_right_icon\" data-active=\"false\" style=\"color:#003366;background-color:#ffffff;padding:10px 15px 10px 15px\"><div class=\"aab__accordion_heading aab_right_icon\"><p class=\"aab__accordion_title\" style=\"margin:0;color:#003366\">Communes<\/p><\/div><div class=\"aab__accordion_icon\" style=\"color:#333333;background-color:transparent\"><span class=\"aab__icon dashicons dashicons-plus-alt2\"><\/span><\/div><\/div><div class=\"aab__accordion_body \" role=\"region\" style=\"background-color:transparent;border-top:2px solid #ebf5ff;padding:10px 15px 10px 15px\">\n\n<div style=\"height:37px\" aria-hidden=\"true\" class=\"wp-block-spacer\"><\/div>\n\n\n<div class=\"wp-block-columns bg1 has-small-font-size is-layout-flex wp-container-core-columns-is-layout-28f84493 wp-block-columns-is-layout-flex\">\n\n<div class=\"wp-block-column is-layout-flow wp-block-column-is-layout-flow\">\n\n<figure class=\"wp-block-image aligncenter size-full has-custom-border\"><a href=\"https:\/\/www.kanzem.de\/\" target=\"_blank\" rel=\"noreferrer noopener\"><img loading=\"lazy\" decoding=\"async\" width=\"370\" height=\"280\" src=\"https:\/\/eom-dl.eu\/wp-content\/uploads\/2023\/09\/G.2.a.1.Kanzem.png\" alt=\"\" class=\"wp-image-619\" style=\"border-style:none;border-width:0px;aspect-ratio:16\/9;object-fit:contain\" srcset=\"https:\/\/eom-dl.eu\/wp-content\/uploads\/2023\/09\/G.2.a.1.Kanzem.png 370w, https:\/\/eom-dl.eu\/wp-content\/uploads\/2023\/09\/G.2.a.1.Kanzem-300x227.png 300w\" sizes=\"auto, (max-width: 370px) 100vw, 370px\" \/><\/a><figcaption class=\"wp-element-caption\">Kanzem<\/figcaption><\/figure>\n\n<\/div>\n\n\n<div class=\"wp-block-column is-layout-flow wp-block-column-is-layout-flow\">\n\n<figure class=\"wp-block-image aligncenter size-full\"><a href=\"https:\/\/www.nittel-mosel.de\/\" target=\"_blank\" rel=\"noreferrer noopener\"><img loading=\"lazy\" decoding=\"async\" width=\"370\" height=\"280\" src=\"https:\/\/eom-dl.eu\/wp-content\/uploads\/2023\/09\/G.2.a.2.Nittel.png\" alt=\"\" class=\"wp-image-621\" style=\"aspect-ratio:16\/9;object-fit:contain\" srcset=\"https:\/\/eom-dl.eu\/wp-content\/uploads\/2023\/09\/G.2.a.2.Nittel.png 370w, https:\/\/eom-dl.eu\/wp-content\/uploads\/2023\/09\/G.2.a.2.Nittel-300x227.png 300w\" sizes=\"auto, (max-width: 370px) 100vw, 370px\" \/><\/a><figcaption class=\"wp-element-caption\">Nittel<\/figcaption><\/figure>\n\n<\/div>\n\n\n<div class=\"wp-block-column is-layout-flow wp-block-column-is-layout-flow\">\n\n<figure class=\"wp-block-image aligncenter size-full\"><a href=\"http:\/\/www.oberbillig.de\/\" target=\"_blank\" rel=\"noreferrer noopener\"><img loading=\"lazy\" decoding=\"async\" width=\"370\" height=\"280\" src=\"https:\/\/eom-dl.eu\/wp-content\/uploads\/2023\/09\/G.2.a.3.Oberbillig.png\" alt=\"\" class=\"wp-image-623\" style=\"aspect-ratio:16\/9;object-fit:contain\" srcset=\"https:\/\/eom-dl.eu\/wp-content\/uploads\/2023\/09\/G.2.a.3.Oberbillig.png 370w, https:\/\/eom-dl.eu\/wp-content\/uploads\/2023\/09\/G.2.a.3.Oberbillig-300x227.png 300w\" sizes=\"auto, (max-width: 370px) 100vw, 370px\" \/><\/a><figcaption class=\"wp-element-caption\">Oberbillig<\/figcaption><\/figure>\n\n<\/div>\n\n\n<div class=\"wp-block-column is-layout-flow wp-block-column-is-layout-flow\">\n\n<figure class=\"wp-block-image aligncenter size-full\"><a href=\"https:\/\/www.konz.de\/de\/leben-in-konz\/gemeinden-der-vg-konz\/onsdorf\/\" target=\"_blank\" rel=\"noreferrer noopener\"><img loading=\"lazy\" decoding=\"async\" width=\"370\" height=\"280\" src=\"https:\/\/eom-dl.eu\/wp-content\/uploads\/2023\/09\/G.2.a.4.Onsdorf.png\" alt=\"\" class=\"wp-image-625\" style=\"aspect-ratio:16\/9;object-fit:contain\" srcset=\"https:\/\/eom-dl.eu\/wp-content\/uploads\/2023\/09\/G.2.a.4.Onsdorf.png 370w, https:\/\/eom-dl.eu\/wp-content\/uploads\/2023\/09\/G.2.a.4.Onsdorf-300x227.png 300w\" sizes=\"auto, (max-width: 370px) 100vw, 370px\" \/><\/a><figcaption class=\"wp-element-caption\">Onsdorf<\/figcaption><\/figure>\n\n<\/div>\n\n\n<div class=\"wp-block-column is-layout-flow wp-block-column-is-layout-flow\">\n\n<figure class=\"wp-block-image aligncenter size-full\"><a href=\"http:\/\/www.pellingen.de\/\" target=\"_blank\" rel=\"noreferrer noopener\"><img loading=\"lazy\" decoding=\"async\" width=\"370\" height=\"280\" src=\"https:\/\/eom-dl.eu\/wp-content\/uploads\/2023\/09\/G.2.a.5.Pellingen.png\" alt=\"\" class=\"wp-image-617\" style=\"aspect-ratio:16\/9;object-fit:contain\" srcset=\"https:\/\/eom-dl.eu\/wp-content\/uploads\/2023\/09\/G.2.a.5.Pellingen.png 370w, https:\/\/eom-dl.eu\/wp-content\/uploads\/2023\/09\/G.2.a.5.Pellingen-300x227.png 300w\" sizes=\"auto, (max-width: 370px) 100vw, 370px\" \/><\/a><figcaption class=\"wp-element-caption\">Pellingen<\/figcaption><\/figure>\n\n<\/div>\n\n<\/div>\n\n\n<div class=\"wp-block-columns bg1 has-small-font-size is-layout-flex wp-container-core-columns-is-layout-28f84493 wp-block-columns-is-layout-flex\">\n\n<div class=\"wp-block-column is-layout-flow wp-block-column-is-layout-flow\">\n\n<figure class=\"wp-block-image aligncenter size-full has-custom-border\"><a href=\"https:\/\/tawern.de\/\" target=\"_blank\" rel=\"noreferrer noopener\"><img loading=\"lazy\" decoding=\"async\" width=\"370\" height=\"280\" src=\"https:\/\/eom-dl.eu\/wp-content\/uploads\/2023\/09\/G.2.a.6.Tawern.png\" alt=\"\" class=\"wp-image-636\" style=\"border-style:none;border-width:0px;aspect-ratio:16\/9;object-fit:contain\" srcset=\"https:\/\/eom-dl.eu\/wp-content\/uploads\/2023\/09\/G.2.a.6.Tawern.png 370w, https:\/\/eom-dl.eu\/wp-content\/uploads\/2023\/09\/G.2.a.6.Tawern-300x227.png 300w\" sizes=\"auto, (max-width: 370px) 100vw, 370px\" \/><\/a><figcaption class=\"wp-element-caption\">Tawern<\/figcaption><\/figure>\n\n<\/div>\n\n\n<div class=\"wp-block-column is-layout-flow wp-block-column-is-layout-flow\">\n\n<figure class=\"wp-block-image aligncenter size-full\"><a href=\"https:\/\/www.temmels.de\/\" target=\"_blank\" rel=\"noreferrer noopener\"><img loading=\"lazy\" decoding=\"async\" width=\"370\" height=\"280\" src=\"https:\/\/eom-dl.eu\/wp-content\/uploads\/2023\/09\/G.2.a.7.Temmels.png\" alt=\"\" class=\"wp-image-918\" style=\"aspect-ratio:16\/9;object-fit:contain\" srcset=\"https:\/\/eom-dl.eu\/wp-content\/uploads\/2023\/09\/G.2.a.7.Temmels.png 370w, https:\/\/eom-dl.eu\/wp-content\/uploads\/2023\/09\/G.2.a.7.Temmels-300x227.png 300w\" sizes=\"auto, (max-width: 370px) 100vw, 370px\" \/><\/a><figcaption class=\"wp-element-caption\">Temmels<\/figcaption><\/figure>\n\n<\/div>\n\n\n<div class=\"wp-block-column is-layout-flow wp-block-column-is-layout-flow\">\n\n<figure class=\"wp-block-image aligncenter size-full\"><a href=\"https:\/\/wasserliesch.eu\/\" target=\"_blank\" rel=\"noreferrer noopener\"><img loading=\"lazy\" decoding=\"async\" width=\"370\" height=\"280\" src=\"https:\/\/eom-dl.eu\/wp-content\/uploads\/2023\/09\/G.2.a.8.Wasserliesch.png\" alt=\"\" class=\"wp-image-920\" style=\"aspect-ratio:16\/9;object-fit:contain\" srcset=\"https:\/\/eom-dl.eu\/wp-content\/uploads\/2023\/09\/G.2.a.8.Wasserliesch.png 370w, https:\/\/eom-dl.eu\/wp-content\/uploads\/2023\/09\/G.2.a.8.Wasserliesch-300x227.png 300w\" sizes=\"auto, (max-width: 370px) 100vw, 370px\" \/><\/a><figcaption class=\"wp-element-caption\">Wasserliesch<\/figcaption><\/figure>\n\n<\/div>\n\n\n<div class=\"wp-block-column is-layout-flow wp-block-column-is-layout-flow\">\n\n<figure class=\"wp-block-image aligncenter size-full\"><a href=\"http:\/\/www.wawern-saar.de\/\" target=\"_blank\" rel=\"noreferrer noopener\"><img loading=\"lazy\" decoding=\"async\" width=\"370\" height=\"280\" src=\"https:\/\/eom-dl.eu\/wp-content\/uploads\/2023\/09\/G.2.a.9.Wawern.png\" alt=\"\" class=\"wp-image-922\" style=\"aspect-ratio:16\/9;object-fit:contain\" srcset=\"https:\/\/eom-dl.eu\/wp-content\/uploads\/2023\/09\/G.2.a.9.Wawern.png 370w, https:\/\/eom-dl.eu\/wp-content\/uploads\/2023\/09\/G.2.a.9.Wawern-300x227.png 300w\" sizes=\"auto, (max-width: 370px) 100vw, 370px\" \/><\/a><figcaption class=\"wp-element-caption\">Wawern<\/figcaption><\/figure>\n\n<\/div>\n\n\n<div class=\"wp-block-column is-layout-flow wp-block-column-is-layout-flow\">\n\n<figure class=\"wp-block-image aligncenter size-full\"><a href=\"https:\/\/www.wiltingen.de\/\" target=\"_blank\" rel=\"noreferrer noopener\"><img loading=\"lazy\" decoding=\"async\" width=\"370\" height=\"280\" src=\"https:\/\/eom-dl.eu\/wp-content\/uploads\/2023\/09\/G.2.a.10.Wiltingen.png\" alt=\"\" class=\"wp-image-924\" style=\"aspect-ratio:16\/9;object-fit:contain\" srcset=\"https:\/\/eom-dl.eu\/wp-content\/uploads\/2023\/09\/G.2.a.10.Wiltingen.png 370w, https:\/\/eom-dl.eu\/wp-content\/uploads\/2023\/09\/G.2.a.10.Wiltingen-300x227.png 300w\" sizes=\"auto, (max-width: 370px) 100vw, 370px\" \/><\/a><figcaption class=\"wp-element-caption\">Wiltingen<\/figcaption><\/figure>\n\n<\/div>\n\n<\/div>\n\n<\/div><\/div>\n<\/div>\n<\/div>\n\n\n\n<div style=\"height:5px\" aria-hidden=\"true\" class=\"wp-block-spacer\"><\/div>\n\n\n\n<h5 class=\"wp-block-heading\">\/\/ Communaut\u00e9 de Communes Ruwer<\/h5>\n\n\n\n<div class=\"wp-block-columns is-layout-flex wp-container-core-columns-is-layout-28f84493 wp-block-columns-is-layout-flex\">\n<div class=\"wp-block-column has-background is-layout-flow wp-block-column-is-layout-flow\" style=\"background-color:#ebf5ff;flex-basis:33.33%\">\n<figure class=\"wp-block-image aligncenter size-full has-custom-border\"><a href=\"https:\/\/www.ruwer.de\/\" target=\"_blank\" rel=\"noreferrer noopener\"><img loading=\"lazy\" decoding=\"async\" width=\"370\" height=\"280\" src=\"https:\/\/eom-dl.eu\/wp-content\/uploads\/2023\/09\/G.3.a.0.Ruwer_.png\" alt=\"\" class=\"wp-image-929\" style=\"border-style:none;border-width:0px;aspect-ratio:16\/9;object-fit:contain\" srcset=\"https:\/\/eom-dl.eu\/wp-content\/uploads\/2023\/09\/G.3.a.0.Ruwer_.png 370w, https:\/\/eom-dl.eu\/wp-content\/uploads\/2023\/09\/G.3.a.0.Ruwer_-300x227.png 300w\" sizes=\"auto, (max-width: 370px) 100vw, 370px\" \/><\/a><\/figure>\n<\/div>\n\n\n\n<div class=\"wp-block-column is-layout-flow wp-block-column-is-layout-flow\" style=\"flex-basis:66.66%\">\n<div class=\"wp-block-aab-accordion-block aab__accordion_container\" style=\"border:2px solid #ebf5ff;margin-top:0px;margin-bottom:15px;border-radius:6px\"><div class=\"aab__accordion_head aab_right_icon\" data-active=\"false\" style=\"color:#003366;background-color:#ffffff;padding:10px 15px 10px 15px\"><div class=\"aab__accordion_heading aab_right_icon\"><p class=\"aab__accordion_title\" style=\"margin:0;color:#003366\">Communes<\/p><\/div><div class=\"aab__accordion_icon\" style=\"color:#333333;background-color:transparent\"><span class=\"aab__icon dashicons dashicons-plus-alt2\"><\/span><\/div><\/div><div class=\"aab__accordion_body \" role=\"region\" style=\"background-color:transparent;border-top:2px solid #ebf5ff;padding:10px 15px 10px 15px\">\n\n<div style=\"height:37px\" aria-hidden=\"true\" class=\"wp-block-spacer\"><\/div>\n\n\n<div class=\"wp-block-columns bg1 has-small-font-size is-layout-flex wp-container-core-columns-is-layout-28f84493 wp-block-columns-is-layout-flex\">\n\n<div class=\"wp-block-column is-layout-flow wp-block-column-is-layout-flow\">\n\n<figure class=\"wp-block-image aligncenter size-full has-custom-border\"><a href=\"https:\/\/www.bonerath.de\/\" target=\"_blank\" rel=\"noreferrer noopener\"><img loading=\"lazy\" decoding=\"async\" width=\"370\" height=\"280\" src=\"https:\/\/eom-dl.eu\/wp-content\/uploads\/2023\/09\/G.2.b.1.Bonerath.png\" alt=\"\" class=\"wp-image-932\" style=\"border-style:none;border-width:0px;aspect-ratio:16\/9;object-fit:contain\" srcset=\"https:\/\/eom-dl.eu\/wp-content\/uploads\/2023\/09\/G.2.b.1.Bonerath.png 370w, https:\/\/eom-dl.eu\/wp-content\/uploads\/2023\/09\/G.2.b.1.Bonerath-300x227.png 300w\" sizes=\"auto, (max-width: 370px) 100vw, 370px\" \/><\/a><figcaption class=\"wp-element-caption\">Bonerath<\/figcaption><\/figure>\n\n<\/div>\n\n\n<div class=\"wp-block-column is-layout-flow wp-block-column-is-layout-flow\">\n\n<figure class=\"wp-block-image aligncenter size-full\"><a href=\"https:\/\/www.farschweiler.de\/\" target=\"_blank\" rel=\"noreferrer noopener\"><img loading=\"lazy\" decoding=\"async\" width=\"370\" height=\"280\" src=\"https:\/\/eom-dl.eu\/wp-content\/uploads\/2023\/09\/G.2.b.2.Farschweiler.png\" alt=\"\" class=\"wp-image-934\" style=\"aspect-ratio:16\/9;object-fit:contain\" srcset=\"https:\/\/eom-dl.eu\/wp-content\/uploads\/2023\/09\/G.2.b.2.Farschweiler.png 370w, https:\/\/eom-dl.eu\/wp-content\/uploads\/2023\/09\/G.2.b.2.Farschweiler-300x227.png 300w\" sizes=\"auto, (max-width: 370px) 100vw, 370px\" \/><\/a><figcaption class=\"wp-element-caption\">Farschweiler<\/figcaption><\/figure>\n\n<\/div>\n\n\n<div class=\"wp-block-column is-layout-flow wp-block-column-is-layout-flow\">\n\n<figure class=\"wp-block-image aligncenter size-full\"><a href=\"https:\/\/www.gusterath.de\/aktuelles\" target=\"_blank\" rel=\"noreferrer noopener\"><img loading=\"lazy\" decoding=\"async\" width=\"370\" height=\"280\" src=\"https:\/\/eom-dl.eu\/wp-content\/uploads\/2023\/09\/G.2.b.3.Gusterath.png\" alt=\"\" class=\"wp-image-937\" style=\"aspect-ratio:16\/9;object-fit:contain\" srcset=\"https:\/\/eom-dl.eu\/wp-content\/uploads\/2023\/09\/G.2.b.3.Gusterath.png 370w, https:\/\/eom-dl.eu\/wp-content\/uploads\/2023\/09\/G.2.b.3.Gusterath-300x227.png 300w\" sizes=\"auto, (max-width: 370px) 100vw, 370px\" \/><\/a><figcaption class=\"wp-element-caption\">Gusterath<\/figcaption><\/figure>\n\n<\/div>\n\n\n<div class=\"wp-block-column is-layout-flow wp-block-column-is-layout-flow\">\n\n<figure class=\"wp-block-image aligncenter size-full\"><a href=\"https:\/\/gutweiler.de\/\" target=\"_blank\" rel=\"noreferrer noopener\"><img loading=\"lazy\" decoding=\"async\" width=\"370\" height=\"280\" src=\"https:\/\/eom-dl.eu\/wp-content\/uploads\/2023\/09\/G.2.b.4.Gutweiler.png\" alt=\"\" class=\"wp-image-940\" style=\"aspect-ratio:16\/9;object-fit:contain\" srcset=\"https:\/\/eom-dl.eu\/wp-content\/uploads\/2023\/09\/G.2.b.4.Gutweiler.png 370w, https:\/\/eom-dl.eu\/wp-content\/uploads\/2023\/09\/G.2.b.4.Gutweiler-300x227.png 300w\" sizes=\"auto, (max-width: 370px) 100vw, 370px\" \/><\/a><figcaption class=\"wp-element-caption\">Gutweiler<\/figcaption><\/figure>\n\n<\/div>\n\n\n<div class=\"wp-block-column is-layout-flow wp-block-column-is-layout-flow\">\n\n<figure class=\"wp-block-image aligncenter size-full\"><a href=\"https:\/\/herl.eu\/\" target=\"_blank\" rel=\"noreferrer noopener\"><img loading=\"lazy\" decoding=\"async\" width=\"370\" height=\"280\" src=\"https:\/\/eom-dl.eu\/wp-content\/uploads\/2023\/09\/G.2.b.4-2.Herl_.png\" alt=\"\" class=\"wp-image-961\" style=\"aspect-ratio:16\/9;object-fit:contain\" srcset=\"https:\/\/eom-dl.eu\/wp-content\/uploads\/2023\/09\/G.2.b.4-2.Herl_.png 370w, https:\/\/eom-dl.eu\/wp-content\/uploads\/2023\/09\/G.2.b.4-2.Herl_-300x227.png 300w\" sizes=\"auto, (max-width: 370px) 100vw, 370px\" \/><\/a><figcaption class=\"wp-element-caption\">Herl<\/figcaption><\/figure>\n\n<\/div>\n\n<\/div>\n\n\n<div class=\"wp-block-columns bg1 has-small-font-size is-layout-flex wp-container-core-columns-is-layout-28f84493 wp-block-columns-is-layout-flex\">\n\n<div class=\"wp-block-column is-layout-flow wp-block-column-is-layout-flow\">\n\n<figure class=\"wp-block-image aligncenter size-full\"><a href=\"https:\/\/www.hinzenburg.de\/\" target=\"_blank\" rel=\"noreferrer noopener\"><img loading=\"lazy\" decoding=\"async\" width=\"370\" height=\"280\" src=\"https:\/\/eom-dl.eu\/wp-content\/uploads\/2023\/09\/G.2.b.5.Hinzenburg.png\" alt=\"\" class=\"wp-image-943\" style=\"aspect-ratio:16\/9;object-fit:contain\" srcset=\"https:\/\/eom-dl.eu\/wp-content\/uploads\/2023\/09\/G.2.b.5.Hinzenburg.png 370w, https:\/\/eom-dl.eu\/wp-content\/uploads\/2023\/09\/G.2.b.5.Hinzenburg-300x227.png 300w\" sizes=\"auto, (max-width: 370px) 100vw, 370px\" \/><\/a><figcaption class=\"wp-element-caption\">Hinzenburg<\/figcaption><\/figure>\n\n<\/div>\n\n\n<div class=\"wp-block-column is-layout-flow wp-block-column-is-layout-flow\">\n\n<figure class=\"wp-block-image aligncenter size-full has-custom-border\"><a href=\"https:\/\/holzerath.de\/\" target=\"_blank\" rel=\"noreferrer noopener\"><img loading=\"lazy\" decoding=\"async\" width=\"370\" height=\"280\" src=\"https:\/\/eom-dl.eu\/wp-content\/uploads\/2023\/09\/G.2.b.6.Holzerath.png\" alt=\"\" class=\"wp-image-946\" style=\"border-style:none;border-width:0px;aspect-ratio:16\/9;object-fit:contain\" srcset=\"https:\/\/eom-dl.eu\/wp-content\/uploads\/2023\/09\/G.2.b.6.Holzerath.png 370w, https:\/\/eom-dl.eu\/wp-content\/uploads\/2023\/09\/G.2.b.6.Holzerath-300x227.png 300w\" sizes=\"auto, (max-width: 370px) 100vw, 370px\" \/><\/a><figcaption class=\"wp-element-caption\">Holzerath<\/figcaption><\/figure>\n\n<\/div>\n\n\n<div class=\"wp-block-column is-layout-flow wp-block-column-is-layout-flow\">\n\n<figure class=\"wp-block-image aligncenter size-full\"><a href=\"https:\/\/kasel.de\/\" target=\"_blank\" rel=\"noreferrer noopener\"><img loading=\"lazy\" decoding=\"async\" width=\"370\" height=\"280\" src=\"https:\/\/eom-dl.eu\/wp-content\/uploads\/2023\/09\/G.2.b.7.Kasel_.png\" alt=\"\" class=\"wp-image-949\" style=\"aspect-ratio:16\/9;object-fit:contain\" srcset=\"https:\/\/eom-dl.eu\/wp-content\/uploads\/2023\/09\/G.2.b.7.Kasel_.png 370w, https:\/\/eom-dl.eu\/wp-content\/uploads\/2023\/09\/G.2.b.7.Kasel_-300x227.png 300w\" sizes=\"auto, (max-width: 370px) 100vw, 370px\" \/><\/a><figcaption class=\"wp-element-caption\">Kasel<\/figcaption><\/figure>\n\n<\/div>\n\n\n<div class=\"wp-block-column is-layout-flow wp-block-column-is-layout-flow\">\n\n<figure class=\"wp-block-image aligncenter size-full\"><a href=\"https:\/\/www.korlingen.de\/\" target=\"_blank\" rel=\"noreferrer noopener\"><img loading=\"lazy\" decoding=\"async\" width=\"370\" height=\"280\" src=\"https:\/\/eom-dl.eu\/wp-content\/uploads\/2023\/09\/G.2.b.8.Korlingen.png\" alt=\"\" class=\"wp-image-952\" style=\"aspect-ratio:16\/9;object-fit:contain\" srcset=\"https:\/\/eom-dl.eu\/wp-content\/uploads\/2023\/09\/G.2.b.8.Korlingen.png 370w, https:\/\/eom-dl.eu\/wp-content\/uploads\/2023\/09\/G.2.b.8.Korlingen-300x227.png 300w\" sizes=\"auto, (max-width: 370px) 100vw, 370px\" \/><\/a><figcaption class=\"wp-element-caption\">Korlingen<\/figcaption><\/figure>\n\n<\/div>\n\n\n<div class=\"wp-block-column is-layout-flow wp-block-column-is-layout-flow\">\n\n<figure class=\"wp-block-image aligncenter size-full\"><a href=\"https:\/\/www.lorscheid.eu\/\" target=\"_blank\" rel=\"noreferrer noopener\"><img loading=\"lazy\" decoding=\"async\" width=\"370\" height=\"280\" src=\"https:\/\/eom-dl.eu\/wp-content\/uploads\/2023\/09\/G.2.b.9.Lorscheid.png\" alt=\"\" class=\"wp-image-955\" style=\"aspect-ratio:16\/9;object-fit:contain\" srcset=\"https:\/\/eom-dl.eu\/wp-content\/uploads\/2023\/09\/G.2.b.9.Lorscheid.png 370w, https:\/\/eom-dl.eu\/wp-content\/uploads\/2023\/09\/G.2.b.9.Lorscheid-300x227.png 300w\" sizes=\"auto, (max-width: 370px) 100vw, 370px\" \/><\/a><figcaption class=\"wp-element-caption\">Lorscheid<\/figcaption><\/figure>\n\n<\/div>\n\n<\/div>\n\n\n<div class=\"wp-block-columns bg1 has-small-font-size is-layout-flex wp-container-core-columns-is-layout-28f84493 wp-block-columns-is-layout-flex\">\n\n<div class=\"wp-block-column is-layout-flow wp-block-column-is-layout-flow\">\n\n<figure class=\"wp-block-image aligncenter size-full\"><a href=\"https:\/\/www.mertesdorf.de\/\" target=\"_blank\" rel=\"noreferrer noopener\"><img loading=\"lazy\" decoding=\"async\" width=\"370\" height=\"280\" src=\"https:\/\/eom-dl.eu\/wp-content\/uploads\/2023\/09\/G.2.b.10.Mertesdorf.png\" alt=\"\" class=\"wp-image-957\" style=\"aspect-ratio:16\/9;object-fit:contain\" srcset=\"https:\/\/eom-dl.eu\/wp-content\/uploads\/2023\/09\/G.2.b.10.Mertesdorf.png 370w, https:\/\/eom-dl.eu\/wp-content\/uploads\/2023\/09\/G.2.b.10.Mertesdorf-300x227.png 300w\" sizes=\"auto, (max-width: 370px) 100vw, 370px\" \/><\/a><figcaption class=\"wp-element-caption\">Mertesdorf<\/figcaption><\/figure>\n\n<\/div>\n\n\n<div class=\"wp-block-column is-layout-flow wp-block-column-is-layout-flow\">\n\n<figure class=\"wp-block-image aligncenter size-full\"><a href=\"https:\/\/www.ruwer.de\/leben-wohnen\/ortsgemeinden\/morscheid\/\" target=\"_blank\" rel=\"noreferrer noopener\"><img loading=\"lazy\" decoding=\"async\" width=\"370\" height=\"280\" src=\"https:\/\/eom-dl.eu\/wp-content\/uploads\/2023\/09\/G.2.b.12.Morscheid-1.png\" alt=\"\" class=\"wp-image-967\" style=\"aspect-ratio:16\/9;object-fit:contain\" srcset=\"https:\/\/eom-dl.eu\/wp-content\/uploads\/2023\/09\/G.2.b.12.Morscheid-1.png 370w, https:\/\/eom-dl.eu\/wp-content\/uploads\/2023\/09\/G.2.b.12.Morscheid-1-300x227.png 300w\" sizes=\"auto, (max-width: 370px) 100vw, 370px\" \/><\/a><figcaption class=\"wp-element-caption\">Morscheid<\/figcaption><\/figure>\n\n<\/div>\n\n\n<div class=\"wp-block-column is-layout-flow wp-block-column-is-layout-flow\">\n\n<figure class=\"wp-block-image aligncenter size-full\"><a href=\"https:\/\/ollmuth.de\/\" target=\"_blank\" rel=\"noreferrer noopener\"><img loading=\"lazy\" decoding=\"async\" width=\"370\" height=\"280\" src=\"https:\/\/eom-dl.eu\/wp-content\/uploads\/2023\/09\/G.2.b.13.Ollmuth.png\" alt=\"\" class=\"wp-image-969\" style=\"aspect-ratio:16\/9;object-fit:contain\" srcset=\"https:\/\/eom-dl.eu\/wp-content\/uploads\/2023\/09\/G.2.b.13.Ollmuth.png 370w, https:\/\/eom-dl.eu\/wp-content\/uploads\/2023\/09\/G.2.b.13.Ollmuth-300x227.png 300w\" sizes=\"auto, (max-width: 370px) 100vw, 370px\" \/><\/a><figcaption class=\"wp-element-caption\">Ollmuth<\/figcaption><\/figure>\n\n<\/div>\n\n\n<div class=\"wp-block-column is-layout-flow wp-block-column-is-layout-flow\">\n\n<figure class=\"wp-block-image aligncenter size-full\"><a href=\"https:\/\/gemeinde-osburg.de\/\" target=\"_blank\" rel=\"noreferrer noopener\"><img loading=\"lazy\" decoding=\"async\" width=\"370\" height=\"280\" src=\"https:\/\/eom-dl.eu\/wp-content\/uploads\/2023\/09\/G.2.b.14.Osburg.png\" alt=\"\" class=\"wp-image-972\" style=\"aspect-ratio:16\/9;object-fit:contain\" srcset=\"https:\/\/eom-dl.eu\/wp-content\/uploads\/2023\/09\/G.2.b.14.Osburg.png 370w, https:\/\/eom-dl.eu\/wp-content\/uploads\/2023\/09\/G.2.b.14.Osburg-300x227.png 300w\" sizes=\"auto, (max-width: 370px) 100vw, 370px\" \/><\/a><figcaption class=\"wp-element-caption\">Osburg<\/figcaption><\/figure>\n\n<\/div>\n\n\n<div class=\"wp-block-column is-layout-flow wp-block-column-is-layout-flow\">\n\n<figure class=\"wp-block-image aligncenter size-full\"><a href=\"https:\/\/www.pluwig.de\/\" target=\"_blank\" rel=\"noreferrer noopener\"><img loading=\"lazy\" decoding=\"async\" width=\"370\" height=\"280\" src=\"https:\/\/eom-dl.eu\/wp-content\/uploads\/2023\/09\/G.2.b.15.Pluwig.png\" alt=\"\" class=\"wp-image-975\" style=\"aspect-ratio:16\/9;object-fit:contain\" srcset=\"https:\/\/eom-dl.eu\/wp-content\/uploads\/2023\/09\/G.2.b.15.Pluwig.png 370w, https:\/\/eom-dl.eu\/wp-content\/uploads\/2023\/09\/G.2.b.15.Pluwig-300x227.png 300w\" sizes=\"auto, (max-width: 370px) 100vw, 370px\" \/><\/a><figcaption class=\"wp-element-caption\">Pluwig<\/figcaption><\/figure>\n\n<\/div>\n\n<\/div>\n\n\n<div class=\"wp-block-columns bg1 has-small-font-size is-layout-flex wp-container-core-columns-is-layout-28f84493 wp-block-columns-is-layout-flex\">\n\n<div class=\"wp-block-column is-layout-flow wp-block-column-is-layout-flow\">\n\n<figure class=\"wp-block-image aligncenter size-full\"><a href=\"https:\/\/www.riveris.de\/\" target=\"_blank\" rel=\"noreferrer noopener\"><img loading=\"lazy\" decoding=\"async\" width=\"370\" height=\"280\" src=\"https:\/\/eom-dl.eu\/wp-content\/uploads\/2023\/09\/G.2.b.16.Riveris.png\" alt=\"\" class=\"wp-image-979\" style=\"aspect-ratio:16\/9;object-fit:contain\" srcset=\"https:\/\/eom-dl.eu\/wp-content\/uploads\/2023\/09\/G.2.b.16.Riveris.png 370w, https:\/\/eom-dl.eu\/wp-content\/uploads\/2023\/09\/G.2.b.16.Riveris-300x227.png 300w\" sizes=\"auto, (max-width: 370px) 100vw, 370px\" \/><\/a><figcaption class=\"wp-element-caption\">Riveris<\/figcaption><\/figure>\n\n<\/div>\n\n\n<div class=\"wp-block-column is-layout-flow wp-block-column-is-layout-flow\">\n\n<figure class=\"wp-block-image aligncenter size-full\"><a href=\"https:\/\/www.ruwer.de\/leben-wohnen\/ortsgemeinden\/schoendorf\/\" target=\"_blank\" rel=\"noreferrer noopener\"><img loading=\"lazy\" decoding=\"async\" width=\"370\" height=\"280\" src=\"https:\/\/eom-dl.eu\/wp-content\/uploads\/2023\/09\/G.2.b.17.Schoendorf.png\" alt=\"\" class=\"wp-image-983\" style=\"aspect-ratio:16\/9;object-fit:contain\" srcset=\"https:\/\/eom-dl.eu\/wp-content\/uploads\/2023\/09\/G.2.b.17.Schoendorf.png 370w, https:\/\/eom-dl.eu\/wp-content\/uploads\/2023\/09\/G.2.b.17.Schoendorf-300x227.png 300w\" sizes=\"auto, (max-width: 370px) 100vw, 370px\" \/><\/a><figcaption class=\"wp-element-caption\">Sch\u00f6ndorf<\/figcaption><\/figure>\n\n<\/div>\n\n\n<div class=\"wp-block-column is-layout-flow wp-block-column-is-layout-flow\">\n\n<figure class=\"wp-block-image aligncenter size-full\"><a href=\"https:\/\/www.ruwer.de\/leben-wohnen\/ortsgemeinden\/sommerau\/\" target=\"_blank\" rel=\"noreferrer noopener\"><img loading=\"lazy\" decoding=\"async\" width=\"370\" height=\"280\" src=\"https:\/\/eom-dl.eu\/wp-content\/uploads\/2023\/09\/G.2.b.18.Sommerau.png\" alt=\"\" class=\"wp-image-986\" style=\"aspect-ratio:16\/9;object-fit:contain\" srcset=\"https:\/\/eom-dl.eu\/wp-content\/uploads\/2023\/09\/G.2.b.18.Sommerau.png 370w, https:\/\/eom-dl.eu\/wp-content\/uploads\/2023\/09\/G.2.b.18.Sommerau-300x227.png 300w\" sizes=\"auto, (max-width: 370px) 100vw, 370px\" \/><\/a><figcaption class=\"wp-element-caption\">Sommerau<\/figcaption><\/figure>\n\n<\/div>\n\n\n<div class=\"wp-block-column is-layout-flow wp-block-column-is-layout-flow\">\n\n<figure class=\"wp-block-image aligncenter size-full\"><a href=\"https:\/\/www.ruwer.de\/leben-wohnen\/ortsgemeinden\/thomm\/\" target=\"_blank\" rel=\"noreferrer noopener\"><img loading=\"lazy\" decoding=\"async\" width=\"370\" height=\"280\" src=\"https:\/\/eom-dl.eu\/wp-content\/uploads\/2023\/09\/G.2.b.19.Thomm_.png\" alt=\"\" class=\"wp-image-989\" style=\"aspect-ratio:16\/9;object-fit:contain\" srcset=\"https:\/\/eom-dl.eu\/wp-content\/uploads\/2023\/09\/G.2.b.19.Thomm_.png 370w, https:\/\/eom-dl.eu\/wp-content\/uploads\/2023\/09\/G.2.b.19.Thomm_-300x227.png 300w\" sizes=\"auto, (max-width: 370px) 100vw, 370px\" \/><\/a><figcaption class=\"wp-element-caption\">Thomm<\/figcaption><\/figure>\n\n<\/div>\n\n\n<div class=\"wp-block-column is-layout-flow wp-block-column-is-layout-flow\">\n\n<figure class=\"wp-block-image aligncenter size-full\"><a href=\"https:\/\/www.waldrach.de\/\" target=\"_blank\" rel=\"noreferrer noopener\"><img loading=\"lazy\" decoding=\"async\" width=\"370\" height=\"280\" src=\"https:\/\/eom-dl.eu\/wp-content\/uploads\/2023\/09\/G.2.b.20.Waldrach.png\" alt=\"\" class=\"wp-image-991\" style=\"aspect-ratio:16\/9;object-fit:contain\" srcset=\"https:\/\/eom-dl.eu\/wp-content\/uploads\/2023\/09\/G.2.b.20.Waldrach.png 370w, https:\/\/eom-dl.eu\/wp-content\/uploads\/2023\/09\/G.2.b.20.Waldrach-300x227.png 300w\" sizes=\"auto, (max-width: 370px) 100vw, 370px\" \/><\/a><figcaption class=\"wp-element-caption\">Waldrach<\/figcaption><\/figure>\n\n<\/div>\n\n<\/div>\n\n<\/div><\/div>\n<\/div>\n<\/div>\n\n\n\n<div style=\"height:5px\" aria-hidden=\"true\" class=\"wp-block-spacer\"><\/div>\n\n\n\n<h5 class=\"wp-block-heading\">\/\/ Communaut\u00e9 de Communes Saarburg-Kell<\/h5>\n\n\n\n<div class=\"wp-block-columns is-layout-flex wp-container-core-columns-is-layout-28f84493 wp-block-columns-is-layout-flex\">\n<div class=\"wp-block-column has-background is-layout-flow wp-block-column-is-layout-flow\" style=\"background-color:#ebf5ff;flex-basis:33.33%\">\n<figure class=\"wp-block-image aligncenter size-full has-custom-border\"><a href=\"https:\/\/www.saarburg-kell.de\/saarburg_kell\/\" target=\"_blank\" rel=\"noreferrer noopener\"><img loading=\"lazy\" decoding=\"async\" width=\"370\" height=\"280\" src=\"https:\/\/eom-dl.eu\/wp-content\/uploads\/2023\/09\/G.2.c.0.Saarburg-Kell.png\" alt=\"\" class=\"wp-image-995\" style=\"border-style:none;border-width:0px;aspect-ratio:16\/9;object-fit:contain\" srcset=\"https:\/\/eom-dl.eu\/wp-content\/uploads\/2023\/09\/G.2.c.0.Saarburg-Kell.png 370w, https:\/\/eom-dl.eu\/wp-content\/uploads\/2023\/09\/G.2.c.0.Saarburg-Kell-300x227.png 300w\" sizes=\"auto, (max-width: 370px) 100vw, 370px\" \/><\/a><\/figure>\n<\/div>\n\n\n\n<div class=\"wp-block-column is-layout-flow wp-block-column-is-layout-flow\" style=\"flex-basis:66.66%\">\n<div class=\"wp-block-aab-accordion-block aab__accordion_container\" style=\"border:2px solid #ebf5ff;margin-top:0px;margin-bottom:15px;border-radius:6px\"><div class=\"aab__accordion_head aab_right_icon\" data-active=\"false\" style=\"color:#003366;background-color:#ffffff;padding:10px 15px 10px 15px\"><div class=\"aab__accordion_heading aab_right_icon\"><p class=\"aab__accordion_title\" style=\"margin:0;color:#003366\">Communes<\/p><\/div><div class=\"aab__accordion_icon\" style=\"color:#333333;background-color:transparent\"><span class=\"aab__icon dashicons dashicons-plus-alt2\"><\/span><\/div><\/div><div class=\"aab__accordion_body \" role=\"region\" style=\"background-color:transparent;border-top:2px solid #ebf5ff;padding:10px 15px 10px 15px\">\n\n<div style=\"height:37px\" aria-hidden=\"true\" class=\"wp-block-spacer\"><\/div>\n\n\n<div class=\"wp-block-columns bg1 has-small-font-size is-layout-flex wp-container-core-columns-is-layout-28f84493 wp-block-columns-is-layout-flex\">\n\n<div class=\"wp-block-column is-layout-flow wp-block-column-is-layout-flow\">\n\n<figure class=\"wp-block-image aligncenter size-full has-custom-border\"><a href=\"http:\/\/www.ayl.de\/\" target=\"_blank\" rel=\"noreferrer noopener\"><img loading=\"lazy\" decoding=\"async\" width=\"370\" height=\"280\" src=\"https:\/\/eom-dl.eu\/wp-content\/uploads\/2023\/09\/G.2.c.Ayl2_.png\" alt=\"\" class=\"wp-image-1425\" style=\"border-style:none;border-width:0px;aspect-ratio:16\/9;object-fit:contain\" srcset=\"https:\/\/eom-dl.eu\/wp-content\/uploads\/2023\/09\/G.2.c.Ayl2_.png 370w, https:\/\/eom-dl.eu\/wp-content\/uploads\/2023\/09\/G.2.c.Ayl2_-300x227.png 300w\" sizes=\"auto, (max-width: 370px) 100vw, 370px\" \/><\/a><figcaption class=\"wp-element-caption\">Ayl<\/figcaption><\/figure>\n\n<\/div>\n\n\n<div class=\"wp-block-column is-layout-flow wp-block-column-is-layout-flow\">\n\n<figure class=\"wp-block-image aligncenter size-full\"><a href=\"https:\/\/gemeinde-fisch.de\/\" target=\"_blank\" rel=\"noreferrer noopener\"><img loading=\"lazy\" decoding=\"async\" width=\"370\" height=\"280\" src=\"https:\/\/eom-dl.eu\/wp-content\/uploads\/2023\/09\/G.2.c.Fisch_.png\" alt=\"\" class=\"wp-image-1002\" style=\"aspect-ratio:16\/9;object-fit:contain\" srcset=\"https:\/\/eom-dl.eu\/wp-content\/uploads\/2023\/09\/G.2.c.Fisch_.png 370w, https:\/\/eom-dl.eu\/wp-content\/uploads\/2023\/09\/G.2.c.Fisch_-300x227.png 300w\" sizes=\"auto, (max-width: 370px) 100vw, 370px\" \/><\/a><figcaption class=\"wp-element-caption\">Fisch<\/figcaption><\/figure>\n\n<\/div>\n\n\n<div class=\"wp-block-column is-layout-flow wp-block-column-is-layout-flow\">\n\n<figure class=\"wp-block-image aligncenter size-full\"><a href=\"https:\/\/www.saarburg-kell.de\/leben-wohnen\/ueber-uns\/ortsgemeinden\/freudenburg\/\" target=\"_blank\" rel=\"noreferrer noopener\"><img loading=\"lazy\" decoding=\"async\" width=\"370\" height=\"280\" src=\"https:\/\/eom-dl.eu\/wp-content\/uploads\/2023\/09\/G.2.c.Freudenburg.png\" alt=\"\" class=\"wp-image-1005\" style=\"aspect-ratio:16\/9;object-fit:contain\" srcset=\"https:\/\/eom-dl.eu\/wp-content\/uploads\/2023\/09\/G.2.c.Freudenburg.png 370w, https:\/\/eom-dl.eu\/wp-content\/uploads\/2023\/09\/G.2.c.Freudenburg-300x227.png 300w\" sizes=\"auto, (max-width: 370px) 100vw, 370px\" \/><\/a><figcaption class=\"wp-element-caption\">Freudenburg<\/figcaption><\/figure>\n\n<\/div>\n\n\n<div class=\"wp-block-column is-layout-flow wp-block-column-is-layout-flow\">\n\n<figure class=\"wp-block-image aligncenter size-full\"><a href=\"https:\/\/irsch-saar.de\/\" target=\"_blank\" rel=\"noreferrer noopener\"><img loading=\"lazy\" decoding=\"async\" width=\"370\" height=\"280\" src=\"https:\/\/eom-dl.eu\/wp-content\/uploads\/2023\/09\/G.2.c.Irsch_.png\" alt=\"\" class=\"wp-image-1007\" style=\"aspect-ratio:16\/9;object-fit:contain\" srcset=\"https:\/\/eom-dl.eu\/wp-content\/uploads\/2023\/09\/G.2.c.Irsch_.png 370w, https:\/\/eom-dl.eu\/wp-content\/uploads\/2023\/09\/G.2.c.Irsch_-300x227.png 300w\" sizes=\"auto, (max-width: 370px) 100vw, 370px\" \/><\/a><figcaption class=\"wp-element-caption\">Irsch<\/figcaption><\/figure>\n\n<\/div>\n\n\n<div class=\"wp-block-column is-layout-flow wp-block-column-is-layout-flow\">\n\n<figure class=\"wp-block-image aligncenter size-full\"><a href=\"https:\/\/www.saarburg-kell.de\/saarburg_kell\/Leben%20bei%20uns\/Ortsgemeinden\/Kastel-Staadt\/\" target=\"_blank\" rel=\"noreferrer noopener\"><img loading=\"lazy\" decoding=\"async\" width=\"370\" height=\"280\" src=\"https:\/\/eom-dl.eu\/wp-content\/uploads\/2023\/09\/G.2.c.Kastel-Staadt.png\" alt=\"\" class=\"wp-image-1009\" style=\"aspect-ratio:16\/9;object-fit:contain\" srcset=\"https:\/\/eom-dl.eu\/wp-content\/uploads\/2023\/09\/G.2.c.Kastel-Staadt.png 370w, https:\/\/eom-dl.eu\/wp-content\/uploads\/2023\/09\/G.2.c.Kastel-Staadt-300x227.png 300w\" sizes=\"auto, (max-width: 370px) 100vw, 370px\" \/><\/a><figcaption class=\"wp-element-caption\">Kastel-Staadt<\/figcaption><\/figure>\n\n<\/div>\n\n<\/div>\n\n\n<div class=\"wp-block-columns bg1 has-small-font-size is-layout-flex wp-container-core-columns-is-layout-28f84493 wp-block-columns-is-layout-flex\">\n\n<div class=\"wp-block-column is-layout-flow wp-block-column-is-layout-flow\">\n\n<figure class=\"wp-block-image aligncenter size-full\"><a href=\"https:\/\/www.saarburg-kell.de\/saarburg_kell\/Leben%20bei%20uns\/Ortsgemeinden\/Kirf\/\" target=\"_blank\" rel=\"noreferrer noopener\"><img loading=\"lazy\" decoding=\"async\" width=\"370\" height=\"280\" src=\"https:\/\/eom-dl.eu\/wp-content\/uploads\/2023\/09\/G.2.c.Kirf_.png\" alt=\"\" class=\"wp-image-1012\" style=\"aspect-ratio:16\/9;object-fit:contain\" srcset=\"https:\/\/eom-dl.eu\/wp-content\/uploads\/2023\/09\/G.2.c.Kirf_.png 370w, https:\/\/eom-dl.eu\/wp-content\/uploads\/2023\/09\/G.2.c.Kirf_-300x227.png 300w\" sizes=\"auto, (max-width: 370px) 100vw, 370px\" \/><\/a><figcaption class=\"wp-element-caption\">Kirf<\/figcaption><\/figure>\n\n<\/div>\n\n\n<div class=\"wp-block-column is-layout-flow wp-block-column-is-layout-flow\">\n\n<figure class=\"wp-block-image aligncenter size-full has-custom-border\"><a href=\"https:\/\/mannebach.info\/\" target=\"_blank\" rel=\"noreferrer noopener\"><img loading=\"lazy\" decoding=\"async\" width=\"370\" height=\"280\" src=\"https:\/\/eom-dl.eu\/wp-content\/uploads\/2023\/09\/G.2.c.Mannebach.png\" alt=\"\" class=\"wp-image-1015\" style=\"border-style:none;border-width:0px;aspect-ratio:16\/9;object-fit:contain\" srcset=\"https:\/\/eom-dl.eu\/wp-content\/uploads\/2023\/09\/G.2.c.Mannebach.png 370w, https:\/\/eom-dl.eu\/wp-content\/uploads\/2023\/09\/G.2.c.Mannebach-300x227.png 300w\" sizes=\"auto, (max-width: 370px) 100vw, 370px\" \/><\/a><figcaption class=\"wp-element-caption\">Mannebach<\/figcaption><\/figure>\n\n<\/div>\n\n\n<div class=\"wp-block-column is-layout-flow wp-block-column-is-layout-flow\">\n\n<figure class=\"wp-block-image aligncenter size-full\"><a href=\"https:\/\/www.saarburg-kell.de\/saarburg_kell\/Leben%20bei%20uns\/Ortsgemeinden\/Merzkirchen\/\" target=\"_blank\" rel=\"noreferrer noopener\"><img loading=\"lazy\" decoding=\"async\" width=\"370\" height=\"280\" src=\"https:\/\/eom-dl.eu\/wp-content\/uploads\/2023\/09\/G.2.c.Merzkirchen.png\" alt=\"\" class=\"wp-image-1017\" style=\"aspect-ratio:16\/9;object-fit:contain\" srcset=\"https:\/\/eom-dl.eu\/wp-content\/uploads\/2023\/09\/G.2.c.Merzkirchen.png 370w, https:\/\/eom-dl.eu\/wp-content\/uploads\/2023\/09\/G.2.c.Merzkirchen-300x227.png 300w\" sizes=\"auto, (max-width: 370px) 100vw, 370px\" \/><\/a><figcaption class=\"wp-element-caption\">Merzkirchen<\/figcaption><\/figure>\n\n<\/div>\n\n\n<div class=\"wp-block-column is-layout-flow wp-block-column-is-layout-flow\">\n\n<figure class=\"wp-block-image aligncenter size-full\"><a href=\"http:\/\/www.ockfen.com\/\" target=\"_blank\" rel=\"noreferrer noopener\"><img loading=\"lazy\" decoding=\"async\" width=\"370\" height=\"280\" src=\"https:\/\/eom-dl.eu\/wp-content\/uploads\/2023\/09\/G.2.c.Ockfen.png\" alt=\"\" class=\"wp-image-1020\" style=\"aspect-ratio:16\/9;object-fit:contain\" srcset=\"https:\/\/eom-dl.eu\/wp-content\/uploads\/2023\/09\/G.2.c.Ockfen.png 370w, https:\/\/eom-dl.eu\/wp-content\/uploads\/2023\/09\/G.2.c.Ockfen-300x227.png 300w\" sizes=\"auto, (max-width: 370px) 100vw, 370px\" \/><\/a><figcaption class=\"wp-element-caption\">Ockfen<\/figcaption><\/figure>\n\n<\/div>\n\n\n<div class=\"wp-block-column is-layout-flow wp-block-column-is-layout-flow\">\n\n<figure class=\"wp-block-image aligncenter size-full\"><a href=\"http:\/\/palzem.de\/\" target=\"_blank\" rel=\"noreferrer noopener\"><img loading=\"lazy\" decoding=\"async\" width=\"370\" height=\"280\" src=\"https:\/\/eom-dl.eu\/wp-content\/uploads\/2023\/09\/G.2.c.Palzem.png\" alt=\"\" class=\"wp-image-1023\" style=\"aspect-ratio:16\/9;object-fit:contain\" srcset=\"https:\/\/eom-dl.eu\/wp-content\/uploads\/2023\/09\/G.2.c.Palzem.png 370w, https:\/\/eom-dl.eu\/wp-content\/uploads\/2023\/09\/G.2.c.Palzem-300x227.png 300w\" sizes=\"auto, (max-width: 370px) 100vw, 370px\" \/><\/a><figcaption class=\"wp-element-caption\">Palzem<\/figcaption><\/figure>\n\n<\/div>\n\n<\/div>\n\n\n<div class=\"wp-block-columns bg1 has-small-font-size is-layout-flex wp-container-core-columns-is-layout-28f84493 wp-block-columns-is-layout-flex\">\n\n<div class=\"wp-block-column is-layout-flow wp-block-column-is-layout-flow\">\n\n<figure class=\"wp-block-image aligncenter size-full\"><a href=\"http:\/\/www.schoden.de\/\" target=\"_blank\" rel=\"noreferrer noopener\"><img loading=\"lazy\" decoding=\"async\" width=\"370\" height=\"280\" src=\"https:\/\/eom-dl.eu\/wp-content\/uploads\/2023\/09\/G.2.c.Schoden.png\" alt=\"\" class=\"wp-image-1025\" style=\"aspect-ratio:16\/9;object-fit:contain\" srcset=\"https:\/\/eom-dl.eu\/wp-content\/uploads\/2023\/09\/G.2.c.Schoden.png 370w, https:\/\/eom-dl.eu\/wp-content\/uploads\/2023\/09\/G.2.c.Schoden-300x227.png 300w\" sizes=\"auto, (max-width: 370px) 100vw, 370px\" \/><\/a><figcaption class=\"wp-element-caption\">Schoden<\/figcaption><\/figure>\n\n<\/div>\n\n\n<div class=\"wp-block-column is-layout-flow wp-block-column-is-layout-flow\">\n\n<figure class=\"wp-block-image aligncenter size-full\"><a href=\"https:\/\/www.saarburg-kell.de\/saarburg_kell\/Leben%20bei%20uns\/Ortsgemeinden\/Serrig\/\" target=\"_blank\" rel=\"noreferrer noopener\"><img loading=\"lazy\" decoding=\"async\" width=\"370\" height=\"280\" src=\"https:\/\/eom-dl.eu\/wp-content\/uploads\/2023\/09\/G.2.c.Serrig.png\" alt=\"\" class=\"wp-image-1027\" style=\"aspect-ratio:16\/9;object-fit:contain\" srcset=\"https:\/\/eom-dl.eu\/wp-content\/uploads\/2023\/09\/G.2.c.Serrig.png 370w, https:\/\/eom-dl.eu\/wp-content\/uploads\/2023\/09\/G.2.c.Serrig-300x227.png 300w\" sizes=\"auto, (max-width: 370px) 100vw, 370px\" \/><\/a><figcaption class=\"wp-element-caption\">Serrig<\/figcaption><\/figure>\n\n<\/div>\n\n\n<div class=\"wp-block-column is-layout-flow wp-block-column-is-layout-flow\">\n\n<figure class=\"wp-block-image aligncenter size-full\"><a href=\"https:\/\/taben.de\/\" target=\"_blank\" rel=\"noreferrer noopener\"><img loading=\"lazy\" decoding=\"async\" width=\"370\" height=\"280\" src=\"https:\/\/eom-dl.eu\/wp-content\/uploads\/2023\/09\/G.2.c.Taben-Rodt.png\" alt=\"\" class=\"wp-image-1029\" style=\"aspect-ratio:16\/9;object-fit:contain\" srcset=\"https:\/\/eom-dl.eu\/wp-content\/uploads\/2023\/09\/G.2.c.Taben-Rodt.png 370w, https:\/\/eom-dl.eu\/wp-content\/uploads\/2023\/09\/G.2.c.Taben-Rodt-300x227.png 300w\" sizes=\"auto, (max-width: 370px) 100vw, 370px\" \/><\/a><figcaption class=\"wp-element-caption\">Taben-Rodt<\/figcaption><\/figure>\n\n<\/div>\n\n\n<div class=\"wp-block-column is-layout-flow wp-block-column-is-layout-flow\">\n\n<figure class=\"wp-block-image aligncenter size-full\"><a href=\"http:\/\/www.trassem.de\/\" target=\"_blank\" rel=\"noreferrer noopener\"><img loading=\"lazy\" decoding=\"async\" width=\"370\" height=\"280\" src=\"https:\/\/eom-dl.eu\/wp-content\/uploads\/2023\/09\/G.2.c.Trassem.png\" alt=\"\" class=\"wp-image-1031\" style=\"aspect-ratio:16\/9;object-fit:contain\" srcset=\"https:\/\/eom-dl.eu\/wp-content\/uploads\/2023\/09\/G.2.c.Trassem.png 370w, https:\/\/eom-dl.eu\/wp-content\/uploads\/2023\/09\/G.2.c.Trassem-300x227.png 300w\" sizes=\"auto, (max-width: 370px) 100vw, 370px\" \/><\/a><figcaption class=\"wp-element-caption\">Trassem<\/figcaption><\/figure>\n\n<\/div>\n\n\n<div class=\"wp-block-column is-layout-flow wp-block-column-is-layout-flow\">\n\n<figure class=\"wp-block-image aligncenter size-full\"><a href=\"http:\/\/wincheringen.de\/\" target=\"_blank\" rel=\"noreferrer noopener\"><img loading=\"lazy\" decoding=\"async\" width=\"370\" height=\"280\" src=\"https:\/\/eom-dl.eu\/wp-content\/uploads\/2023\/09\/G.2.c.Winchzeringen.png\" alt=\"\" class=\"wp-image-1033\" style=\"aspect-ratio:16\/9;object-fit:contain\" srcset=\"https:\/\/eom-dl.eu\/wp-content\/uploads\/2023\/09\/G.2.c.Winchzeringen.png 370w, https:\/\/eom-dl.eu\/wp-content\/uploads\/2023\/09\/G.2.c.Winchzeringen-300x227.png 300w\" sizes=\"auto, (max-width: 370px) 100vw, 370px\" \/><\/a><figcaption class=\"wp-element-caption\">Wincheringen<\/figcaption><\/figure>\n\n<\/div>\n\n<\/div>\n\n<\/div><\/div>\n<\/div>\n<\/div>\n\n\n\n<div style=\"height:5px\" aria-hidden=\"true\" class=\"wp-block-spacer\"><\/div>\n\n\n\n<h5 class=\"wp-block-heading\">\/\/ Communaut\u00e9 de Communes Schweich<\/h5>\n\n\n\n<div class=\"wp-block-columns is-layout-flex wp-container-core-columns-is-layout-28f84493 wp-block-columns-is-layout-flex\">\n<div class=\"wp-block-column has-background is-layout-flow wp-block-column-is-layout-flow\" style=\"background-color:#ebf5ff;flex-basis:33.33%\">\n<figure class=\"wp-block-image aligncenter size-full has-custom-border\"><a href=\"https:\/\/www.schweich.de\/vg_schweich\/\" target=\"_blank\" rel=\"noreferrer noopener\"><img loading=\"lazy\" decoding=\"async\" width=\"370\" height=\"280\" src=\"https:\/\/eom-dl.eu\/wp-content\/uploads\/2023\/09\/G.2.d.Schweich.png\" alt=\"\" class=\"wp-image-1037\" style=\"border-style:none;border-width:0px;aspect-ratio:16\/9;object-fit:contain\" srcset=\"https:\/\/eom-dl.eu\/wp-content\/uploads\/2023\/09\/G.2.d.Schweich.png 370w, https:\/\/eom-dl.eu\/wp-content\/uploads\/2023\/09\/G.2.d.Schweich-300x227.png 300w\" sizes=\"auto, (max-width: 370px) 100vw, 370px\" \/><\/a><\/figure>\n<\/div>\n\n\n\n<div class=\"wp-block-column is-layout-flow wp-block-column-is-layout-flow\" style=\"flex-basis:66.66%\">\n<div class=\"wp-block-aab-accordion-block aab__accordion_container\" style=\"border:2px solid #ebf5ff;margin-top:0px;margin-bottom:15px;border-radius:6px\"><div class=\"aab__accordion_head aab_right_icon\" data-active=\"false\" style=\"color:#003366;background-color:#ffffff;padding:10px 15px 10px 15px\"><div class=\"aab__accordion_heading aab_right_icon\"><p class=\"aab__accordion_title\" style=\"margin:0;color:#003366\">Communes<\/p><\/div><div class=\"aab__accordion_icon\" style=\"color:#333333;background-color:transparent\"><span class=\"aab__icon dashicons dashicons-plus-alt2\"><\/span><\/div><\/div><div class=\"aab__accordion_body \" role=\"region\" style=\"background-color:transparent;border-top:2px solid #ebf5ff;padding:10px 15px 10px 15px\">\n\n<div style=\"height:37px\" aria-hidden=\"true\" class=\"wp-block-spacer\"><\/div>\n\n\n<div class=\"wp-block-columns bg1 has-small-font-size is-layout-flex wp-container-core-columns-is-layout-28f84493 wp-block-columns-is-layout-flex\">\n\n<div class=\"wp-block-column is-layout-flow wp-block-column-is-layout-flow\">\n\n<figure class=\"wp-block-image aligncenter size-full has-custom-border\"><a href=\"https:\/\/www.schweich.de\/verbandsgemeinde\/ortsgemeinden\/bekond\/\" target=\"_blank\" rel=\"noreferrer noopener\"><img loading=\"lazy\" decoding=\"async\" width=\"370\" height=\"280\" src=\"https:\/\/eom-dl.eu\/wp-content\/uploads\/2023\/09\/G.2.d.Bekond-1.png\" alt=\"\" class=\"wp-image-1051\" style=\"border-style:none;border-width:0px;aspect-ratio:16\/9;object-fit:contain\" srcset=\"https:\/\/eom-dl.eu\/wp-content\/uploads\/2023\/09\/G.2.d.Bekond-1.png 370w, https:\/\/eom-dl.eu\/wp-content\/uploads\/2023\/09\/G.2.d.Bekond-1-300x227.png 300w\" sizes=\"auto, (max-width: 370px) 100vw, 370px\" \/><\/a><figcaption class=\"wp-element-caption\">Bekond<\/figcaption><\/figure>\n\n<\/div>\n\n\n<div class=\"wp-block-column is-layout-flow wp-block-column-is-layout-flow\">\n\n<figure class=\"wp-block-image aligncenter size-full\"><a href=\"https:\/\/www.detzem.com\/\" target=\"_blank\" rel=\"noreferrer noopener\"><img loading=\"lazy\" decoding=\"async\" width=\"370\" height=\"280\" src=\"https:\/\/eom-dl.eu\/wp-content\/uploads\/2023\/09\/G.2.d.Detzem.png\" alt=\"\" class=\"wp-image-1043\" style=\"aspect-ratio:16\/9;object-fit:contain\" srcset=\"https:\/\/eom-dl.eu\/wp-content\/uploads\/2023\/09\/G.2.d.Detzem.png 370w, https:\/\/eom-dl.eu\/wp-content\/uploads\/2023\/09\/G.2.d.Detzem-300x227.png 300w\" sizes=\"auto, (max-width: 370px) 100vw, 370px\" \/><\/a><figcaption class=\"wp-element-caption\">Detzem<\/figcaption><\/figure>\n\n<\/div>\n\n\n<div class=\"wp-block-column is-layout-flow wp-block-column-is-layout-flow\">\n\n<figure class=\"wp-block-image aligncenter size-full\"><a href=\"http:\/\/www.ensch.de\/\" target=\"_blank\" rel=\"noreferrer noopener\"><img loading=\"lazy\" decoding=\"async\" width=\"370\" height=\"280\" src=\"https:\/\/eom-dl.eu\/wp-content\/uploads\/2023\/09\/G.2.d.Ensch_.png\" alt=\"\" class=\"wp-image-1045\" style=\"aspect-ratio:16\/9;object-fit:contain\" srcset=\"https:\/\/eom-dl.eu\/wp-content\/uploads\/2023\/09\/G.2.d.Ensch_.png 370w, https:\/\/eom-dl.eu\/wp-content\/uploads\/2023\/09\/G.2.d.Ensch_-300x227.png 300w\" sizes=\"auto, (max-width: 370px) 100vw, 370px\" \/><\/a><figcaption class=\"wp-element-caption\">Ensch<\/figcaption><\/figure>\n\n<\/div>\n\n\n<div class=\"wp-block-column is-layout-flow wp-block-column-is-layout-flow\">\n\n<figure class=\"wp-block-image aligncenter size-full\"><a href=\"https:\/\/www.schweich.de\/verbandsgemeinde\/ortsgemeinden\/fell\/\" target=\"_blank\" rel=\"noreferrer noopener\"><img loading=\"lazy\" decoding=\"async\" width=\"370\" height=\"280\" src=\"https:\/\/eom-dl.eu\/wp-content\/uploads\/2023\/09\/G.2.d.Fell_.png\" alt=\"\" class=\"wp-image-1047\" style=\"aspect-ratio:16\/9;object-fit:contain\" srcset=\"https:\/\/eom-dl.eu\/wp-content\/uploads\/2023\/09\/G.2.d.Fell_.png 370w, https:\/\/eom-dl.eu\/wp-content\/uploads\/2023\/09\/G.2.d.Fell_-300x227.png 300w\" sizes=\"auto, (max-width: 370px) 100vw, 370px\" \/><\/a><figcaption class=\"wp-element-caption\">Fell<\/figcaption><\/figure>\n\n<\/div>\n\n\n<div class=\"wp-block-column is-layout-flow wp-block-column-is-layout-flow\">\n\n<figure class=\"wp-block-image aligncenter size-full\"><a href=\"https:\/\/www.gemeinde-foehren.de\/de\/willkommen\/\" target=\"_blank\" rel=\"noreferrer noopener\"><img loading=\"lazy\" decoding=\"async\" width=\"370\" height=\"280\" src=\"https:\/\/eom-dl.eu\/wp-content\/uploads\/2023\/09\/G.2.d.Foehren.png\" alt=\"\" class=\"wp-image-1049\" style=\"aspect-ratio:16\/9;object-fit:contain\" srcset=\"https:\/\/eom-dl.eu\/wp-content\/uploads\/2023\/09\/G.2.d.Foehren.png 370w, https:\/\/eom-dl.eu\/wp-content\/uploads\/2023\/09\/G.2.d.Foehren-300x227.png 300w\" sizes=\"auto, (max-width: 370px) 100vw, 370px\" \/><\/a><figcaption class=\"wp-element-caption\">F\u00f6hren<\/figcaption><\/figure>\n\n<\/div>\n\n<\/div>\n\n\n<div class=\"wp-block-columns bg1 has-small-font-size is-layout-flex wp-container-core-columns-is-layout-28f84493 wp-block-columns-is-layout-flex\">\n\n<div class=\"wp-block-column is-layout-flow wp-block-column-is-layout-flow\">\n\n<figure class=\"wp-block-image aligncenter size-full\"><img loading=\"lazy\" decoding=\"async\" width=\"370\" height=\"280\" src=\"https:\/\/eom-dl.eu\/wp-content\/uploads\/2023\/09\/G.2.d.Kenn_.png\" alt=\"\" class=\"wp-image-1170\" style=\"aspect-ratio:16\/9;object-fit:contain\" srcset=\"https:\/\/eom-dl.eu\/wp-content\/uploads\/2023\/09\/G.2.d.Kenn_.png 370w, https:\/\/eom-dl.eu\/wp-content\/uploads\/2023\/09\/G.2.d.Kenn_-300x227.png 300w\" sizes=\"auto, (max-width: 370px) 100vw, 370px\" \/><figcaption class=\"wp-element-caption\">Kenn<\/figcaption><\/figure>\n\n<\/div>\n\n\n<div class=\"wp-block-column is-layout-flow wp-block-column-is-layout-flow\">\n\n<figure class=\"wp-block-image aligncenter size-full has-custom-border\"><a href=\"http:\/\/www.weinortkluesserath.de\/\" target=\"_blank\" rel=\"noreferrer noopener\"><img loading=\"lazy\" decoding=\"async\" width=\"370\" height=\"280\" src=\"https:\/\/eom-dl.eu\/wp-content\/uploads\/2023\/09\/G.2.d.Kluesserath.png\" alt=\"\" class=\"wp-image-1260\" style=\"border-style:none;border-width:0px;aspect-ratio:16\/9;object-fit:contain\" srcset=\"https:\/\/eom-dl.eu\/wp-content\/uploads\/2023\/09\/G.2.d.Kluesserath.png 370w, https:\/\/eom-dl.eu\/wp-content\/uploads\/2023\/09\/G.2.d.Kluesserath-300x227.png 300w\" sizes=\"auto, (max-width: 370px) 100vw, 370px\" \/><\/a><figcaption class=\"wp-element-caption\">Kl\u00fcsserath<\/figcaption><\/figure>\n\n<\/div>\n\n\n<div class=\"wp-block-column is-layout-flow wp-block-column-is-layout-flow\">\n\n<figure class=\"wp-block-image aligncenter size-full\"><a href=\"https:\/\/www.koewerich.com\/\" target=\"_blank\" rel=\"noreferrer noopener\"><img loading=\"lazy\" decoding=\"async\" width=\"370\" height=\"280\" src=\"https:\/\/eom-dl.eu\/wp-content\/uploads\/2023\/09\/G.2.d.Koewerich.png\" alt=\"\" class=\"wp-image-1263\" style=\"aspect-ratio:16\/9;object-fit:contain\" srcset=\"https:\/\/eom-dl.eu\/wp-content\/uploads\/2023\/09\/G.2.d.Koewerich.png 370w, https:\/\/eom-dl.eu\/wp-content\/uploads\/2023\/09\/G.2.d.Koewerich-300x227.png 300w\" sizes=\"auto, (max-width: 370px) 100vw, 370px\" \/><\/a><figcaption class=\"wp-element-caption\">K\u00f6werich<\/figcaption><\/figure>\n\n<\/div>\n\n\n<div class=\"wp-block-column is-layout-flow wp-block-column-is-layout-flow\">\n\n<figure class=\"wp-block-image aligncenter size-full\"><a href=\"https:\/\/www.leiwen.de\/\" target=\"_blank\" rel=\"noreferrer noopener\"><img loading=\"lazy\" decoding=\"async\" width=\"370\" height=\"280\" src=\"https:\/\/eom-dl.eu\/wp-content\/uploads\/2023\/09\/G.2.d.Leiwen.png\" alt=\"\" class=\"wp-image-1266\" style=\"aspect-ratio:16\/9;object-fit:contain\" srcset=\"https:\/\/eom-dl.eu\/wp-content\/uploads\/2023\/09\/G.2.d.Leiwen.png 370w, https:\/\/eom-dl.eu\/wp-content\/uploads\/2023\/09\/G.2.d.Leiwen-300x227.png 300w\" sizes=\"auto, (max-width: 370px) 100vw, 370px\" \/><\/a><figcaption class=\"wp-element-caption\">Leiwen<\/figcaption><\/figure>\n\n<\/div>\n\n\n<div class=\"wp-block-column is-layout-flow wp-block-column-is-layout-flow\">\n\n<figure class=\"wp-block-image aligncenter size-full\"><a href=\"https:\/\/www.schweich.de\/verbandsgemeinde\/ortsgemeinden\/longen\/\" target=\"_blank\" rel=\"noreferrer noopener\"><img loading=\"lazy\" decoding=\"async\" width=\"370\" height=\"280\" src=\"https:\/\/eom-dl.eu\/wp-content\/uploads\/2023\/09\/G.2.d.Longen.png\" alt=\"\" class=\"wp-image-1268\" style=\"aspect-ratio:16\/9;object-fit:contain\" srcset=\"https:\/\/eom-dl.eu\/wp-content\/uploads\/2023\/09\/G.2.d.Longen.png 370w, https:\/\/eom-dl.eu\/wp-content\/uploads\/2023\/09\/G.2.d.Longen-300x227.png 300w\" sizes=\"auto, (max-width: 370px) 100vw, 370px\" \/><\/a><figcaption class=\"wp-element-caption\">Longen<\/figcaption><\/figure>\n\n<\/div>\n\n<\/div>\n\n\n<div class=\"wp-block-columns bg1 has-small-font-size is-layout-flex wp-container-core-columns-is-layout-28f84493 wp-block-columns-is-layout-flex\">\n\n<div class=\"wp-block-column is-layout-flow wp-block-column-is-layout-flow\">\n\n<figure class=\"wp-block-image aligncenter size-full\"><a href=\"https:\/\/www.longuich.de\/\" target=\"_blank\" rel=\"noreferrer noopener\"><img loading=\"lazy\" decoding=\"async\" width=\"370\" height=\"280\" src=\"https:\/\/eom-dl.eu\/wp-content\/uploads\/2023\/09\/G.2.d.Longuich.png\" alt=\"\" class=\"wp-image-1271\" style=\"aspect-ratio:16\/9;object-fit:contain\" srcset=\"https:\/\/eom-dl.eu\/wp-content\/uploads\/2023\/09\/G.2.d.Longuich.png 370w, https:\/\/eom-dl.eu\/wp-content\/uploads\/2023\/09\/G.2.d.Longuich-300x227.png 300w\" sizes=\"auto, (max-width: 370px) 100vw, 370px\" \/><\/a><figcaption class=\"wp-element-caption\">Longuich<\/figcaption><\/figure>\n\n<\/div>\n\n\n<div class=\"wp-block-column is-layout-flow wp-block-column-is-layout-flow\">\n\n<figure class=\"wp-block-image aligncenter size-full\"><a href=\"https:\/\/www.mehring-mosel.de\/mosel-erleben\/sehenswertes-in-mehring\/\" target=\"_blank\" rel=\"noreferrer noopener\"><img loading=\"lazy\" decoding=\"async\" width=\"370\" height=\"280\" src=\"https:\/\/eom-dl.eu\/wp-content\/uploads\/2023\/09\/G.2.d.Mehring.png\" alt=\"\" class=\"wp-image-1275\" style=\"aspect-ratio:16\/9;object-fit:contain\" srcset=\"https:\/\/eom-dl.eu\/wp-content\/uploads\/2023\/09\/G.2.d.Mehring.png 370w, https:\/\/eom-dl.eu\/wp-content\/uploads\/2023\/09\/G.2.d.Mehring-300x227.png 300w\" sizes=\"auto, (max-width: 370px) 100vw, 370px\" \/><\/a><figcaption class=\"wp-element-caption\">Mehring<\/figcaption><\/figure>\n\n<\/div>\n\n\n<div class=\"wp-block-column is-layout-flow wp-block-column-is-layout-flow\">\n\n<figure class=\"wp-block-image aligncenter size-full\"><a href=\"https:\/\/www.schweich.de\/verbandsgemeinde\/ortsgemeinden\/naurath-eifel\/\" target=\"_blank\" rel=\"noreferrer noopener\"><img loading=\"lazy\" decoding=\"async\" width=\"370\" height=\"280\" src=\"https:\/\/eom-dl.eu\/wp-content\/uploads\/2023\/09\/G.2.d.Naurath.png\" alt=\"\" class=\"wp-image-1278\" style=\"aspect-ratio:16\/9;object-fit:contain\" srcset=\"https:\/\/eom-dl.eu\/wp-content\/uploads\/2023\/09\/G.2.d.Naurath.png 370w, https:\/\/eom-dl.eu\/wp-content\/uploads\/2023\/09\/G.2.d.Naurath-300x227.png 300w\" sizes=\"auto, (max-width: 370px) 100vw, 370px\" \/><\/a><figcaption class=\"wp-element-caption\">Naurath<\/figcaption><\/figure>\n\n<\/div>\n\n\n<div class=\"wp-block-column is-layout-flow wp-block-column-is-layout-flow\">\n\n<figure class=\"wp-block-image aligncenter size-full\"><a href=\"https:\/\/www.poelich-online.de\/de\/\" target=\"_blank\" rel=\"noreferrer noopener\"><img loading=\"lazy\" decoding=\"async\" width=\"370\" height=\"280\" src=\"https:\/\/eom-dl.eu\/wp-content\/uploads\/2023\/09\/G.2.d.Poelich.png\" alt=\"\" class=\"wp-image-1280\" style=\"aspect-ratio:16\/9;object-fit:contain\" srcset=\"https:\/\/eom-dl.eu\/wp-content\/uploads\/2023\/09\/G.2.d.Poelich.png 370w, https:\/\/eom-dl.eu\/wp-content\/uploads\/2023\/09\/G.2.d.Poelich-300x227.png 300w\" sizes=\"auto, (max-width: 370px) 100vw, 370px\" \/><\/a><figcaption class=\"wp-element-caption\">P\u00f6lich<\/figcaption><\/figure>\n\n<\/div>\n\n\n<div class=\"wp-block-column is-layout-flow wp-block-column-is-layout-flow\">\n\n<figure class=\"wp-block-image aligncenter size-full\"><a href=\"https:\/\/www.riol.de\/\" target=\"_blank\" rel=\"noreferrer noopener\"><img loading=\"lazy\" decoding=\"async\" width=\"370\" height=\"280\" src=\"https:\/\/eom-dl.eu\/wp-content\/uploads\/2023\/09\/G.2.d.Riol_.png\" alt=\"\" class=\"wp-image-1282\" style=\"aspect-ratio:16\/9;object-fit:contain\" srcset=\"https:\/\/eom-dl.eu\/wp-content\/uploads\/2023\/09\/G.2.d.Riol_.png 370w, https:\/\/eom-dl.eu\/wp-content\/uploads\/2023\/09\/G.2.d.Riol_-300x227.png 300w\" sizes=\"auto, (max-width: 370px) 100vw, 370px\" \/><\/a><figcaption class=\"wp-element-caption\">Riol<\/figcaption><\/figure>\n\n<\/div>\n\n<\/div>\n\n\n<div class=\"wp-block-columns bg1 has-small-font-size is-layout-flex wp-container-core-columns-is-layout-28f84493 wp-block-columns-is-layout-flex\">\n\n<div class=\"wp-block-column is-layout-flow wp-block-column-is-layout-flow\">\n\n<figure class=\"wp-block-image aligncenter size-full\"><a href=\"https:\/\/www.schweich.de\/verbandsgemeinde\/ortsgemeinden\/schleich\/\" target=\"_blank\" rel=\"noreferrer noopener\"><img loading=\"lazy\" decoding=\"async\" width=\"370\" height=\"280\" src=\"https:\/\/eom-dl.eu\/wp-content\/uploads\/2023\/09\/G.2.d.Schleich.png\" alt=\"\" class=\"wp-image-1285\" style=\"aspect-ratio:16\/9;object-fit:contain\" srcset=\"https:\/\/eom-dl.eu\/wp-content\/uploads\/2023\/09\/G.2.d.Schleich.png 370w, https:\/\/eom-dl.eu\/wp-content\/uploads\/2023\/09\/G.2.d.Schleich-300x227.png 300w\" sizes=\"auto, (max-width: 370px) 100vw, 370px\" \/><\/a><figcaption class=\"wp-element-caption\">Schleich<\/figcaption><\/figure>\n\n<\/div>\n\n\n<div class=\"wp-block-column is-layout-flow wp-block-column-is-layout-flow\">\n\n<figure class=\"wp-block-image aligncenter size-full\"><a href=\"https:\/\/www.stadt-schweich.de\/\" target=\"_blank\" rel=\"noreferrer noopener\"><img loading=\"lazy\" decoding=\"async\" width=\"370\" height=\"280\" src=\"https:\/\/eom-dl.eu\/wp-content\/uploads\/2023\/09\/G.2.d.Schweich-1.png\" alt=\"\" class=\"wp-image-1288\" style=\"aspect-ratio:16\/9;object-fit:contain\" srcset=\"https:\/\/eom-dl.eu\/wp-content\/uploads\/2023\/09\/G.2.d.Schweich-1.png 370w, https:\/\/eom-dl.eu\/wp-content\/uploads\/2023\/09\/G.2.d.Schweich-1-300x227.png 300w\" sizes=\"auto, (max-width: 370px) 100vw, 370px\" \/><\/a><figcaption class=\"wp-element-caption\">Schweich<\/figcaption><\/figure>\n\n<\/div>\n\n\n<div class=\"wp-block-column is-layout-flow wp-block-column-is-layout-flow\">\n\n<figure class=\"wp-block-image aligncenter size-full\"><a href=\"http:\/\/thoernich.de\/\" target=\"_blank\" rel=\"noreferrer noopener\"><img loading=\"lazy\" decoding=\"async\" width=\"370\" height=\"280\" src=\"https:\/\/eom-dl.eu\/wp-content\/uploads\/2023\/09\/G.2.d.Thoernich.png\" alt=\"\" class=\"wp-image-1290\" style=\"aspect-ratio:16\/9;object-fit:contain\" srcset=\"https:\/\/eom-dl.eu\/wp-content\/uploads\/2023\/09\/G.2.d.Thoernich.png 370w, https:\/\/eom-dl.eu\/wp-content\/uploads\/2023\/09\/G.2.d.Thoernich-300x227.png 300w\" sizes=\"auto, (max-width: 370px) 100vw, 370px\" \/><\/a><figcaption class=\"wp-element-caption\">Th\u00f6rnich<\/figcaption><\/figure>\n\n<\/div>\n\n\n<div class=\"wp-block-column is-layout-flow wp-block-column-is-layout-flow\">\n\n<figure class=\"wp-block-image aligncenter size-full\"><a href=\"http:\/\/www.trittenheim.de\/\" target=\"_blank\" rel=\"noreferrer noopener\"><img loading=\"lazy\" decoding=\"async\" width=\"370\" height=\"280\" src=\"https:\/\/eom-dl.eu\/wp-content\/uploads\/2023\/09\/G.2.d.Trittenheim.png\" alt=\"\" class=\"wp-image-1292\" style=\"aspect-ratio:16\/9;object-fit:contain\" srcset=\"https:\/\/eom-dl.eu\/wp-content\/uploads\/2023\/09\/G.2.d.Trittenheim.png 370w, https:\/\/eom-dl.eu\/wp-content\/uploads\/2023\/09\/G.2.d.Trittenheim-300x227.png 300w\" sizes=\"auto, (max-width: 370px) 100vw, 370px\" \/><\/a><figcaption class=\"wp-element-caption\">Trittenheim<\/figcaption><\/figure>\n\n<\/div>\n\n\n<div class=\"wp-block-column is-layout-flow wp-block-column-is-layout-flow\"><\/div>\n\n<\/div>\n\n<\/div><\/div>\n<\/div>\n<\/div>\n\n\n\n<div style=\"height:5px\" aria-hidden=\"true\" class=\"wp-block-spacer\"><\/div>\n\n\n\n<h5 class=\"wp-block-heading\">\/\/ Communaut\u00e9 de Communes Trier-Land<\/h5>\n\n\n\n<div class=\"wp-block-columns is-layout-flex wp-container-core-columns-is-layout-28f84493 wp-block-columns-is-layout-flex\">\n<div class=\"wp-block-column has-background is-layout-flow wp-block-column-is-layout-flow\" style=\"background-color:#ebf5ff;flex-basis:33.33%\">\n<figure class=\"wp-block-image aligncenter size-full has-custom-border\"><a href=\"https:\/\/www.trier-land.de\/\" target=\"_blank\" rel=\"noreferrer noopener\"><img loading=\"lazy\" decoding=\"async\" width=\"370\" height=\"280\" src=\"https:\/\/eom-dl.eu\/wp-content\/uploads\/2023\/09\/G.2.e.Trier-Land.png\" alt=\"\" class=\"wp-image-1256\" style=\"border-style:none;border-width:0px;aspect-ratio:16\/9;object-fit:contain\" srcset=\"https:\/\/eom-dl.eu\/wp-content\/uploads\/2023\/09\/G.2.e.Trier-Land.png 370w, https:\/\/eom-dl.eu\/wp-content\/uploads\/2023\/09\/G.2.e.Trier-Land-300x227.png 300w\" sizes=\"auto, (max-width: 370px) 100vw, 370px\" \/><\/a><\/figure>\n<\/div>\n\n\n\n<div class=\"wp-block-column is-layout-flow wp-block-column-is-layout-flow\" style=\"flex-basis:66.66%\">\n<div class=\"wp-block-aab-accordion-block aab__accordion_container\" style=\"border:2px solid #ebf5ff;margin-top:0px;margin-bottom:15px;border-radius:6px\"><div class=\"aab__accordion_head aab_right_icon\" data-active=\"false\" style=\"color:#003366;background-color:#ffffff;padding:10px 15px 10px 15px\"><div class=\"aab__accordion_heading aab_right_icon\"><p class=\"aab__accordion_title\" style=\"margin:0;color:#003366\">Communes<\/p><\/div><div class=\"aab__accordion_icon\" style=\"color:#333333;background-color:transparent\"><span class=\"aab__icon dashicons dashicons-plus-alt2\"><\/span><\/div><\/div><div class=\"aab__accordion_body \" role=\"region\" style=\"background-color:transparent;border-top:2px solid #ebf5ff;padding:10px 15px 10px 15px\">\n\n<div style=\"height:37px\" aria-hidden=\"true\" class=\"wp-block-spacer\"><\/div>\n\n\n<div class=\"wp-block-columns bg1 has-small-font-size is-layout-flex wp-container-core-columns-is-layout-28f84493 wp-block-columns-is-layout-flex\">\n\n<div class=\"wp-block-column is-layout-flow wp-block-column-is-layout-flow\">\n\n<figure class=\"wp-block-image aligncenter size-full has-custom-border\"><a href=\"https:\/\/gemeinde-aach.de\/\" target=\"_blank\" rel=\"noreferrer noopener\"><img loading=\"lazy\" decoding=\"async\" width=\"370\" height=\"280\" src=\"https:\/\/eom-dl.eu\/wp-content\/uploads\/2023\/09\/G.2.e.Aach_.png\" alt=\"\" class=\"wp-image-1296\" style=\"border-style:none;border-width:0px;aspect-ratio:16\/9;object-fit:contain\" srcset=\"https:\/\/eom-dl.eu\/wp-content\/uploads\/2023\/09\/G.2.e.Aach_.png 370w, https:\/\/eom-dl.eu\/wp-content\/uploads\/2023\/09\/G.2.e.Aach_-300x227.png 300w\" sizes=\"auto, (max-width: 370px) 100vw, 370px\" \/><\/a><figcaption class=\"wp-element-caption\">Aach<\/figcaption><\/figure>\n\n<\/div>\n\n\n<div class=\"wp-block-column is-layout-flow wp-block-column-is-layout-flow\">\n\n<figure class=\"wp-block-image aligncenter size-full\"><a href=\"https:\/\/gemeinde-franzenheim.de\/die-gemeinde\" target=\"_blank\" rel=\"noreferrer noopener\"><img loading=\"lazy\" decoding=\"async\" width=\"370\" height=\"280\" src=\"https:\/\/eom-dl.eu\/wp-content\/uploads\/2023\/09\/G.2.e.Franzenheim.png\" alt=\"\" class=\"wp-image-1298\" style=\"aspect-ratio:16\/9;object-fit:contain\" srcset=\"https:\/\/eom-dl.eu\/wp-content\/uploads\/2023\/09\/G.2.e.Franzenheim.png 370w, https:\/\/eom-dl.eu\/wp-content\/uploads\/2023\/09\/G.2.e.Franzenheim-300x227.png 300w\" sizes=\"auto, (max-width: 370px) 100vw, 370px\" \/><\/a><figcaption class=\"wp-element-caption\">Franzenheim<\/figcaption><\/figure>\n\n<\/div>\n\n\n<div class=\"wp-block-column is-layout-flow wp-block-column-is-layout-flow\">\n\n<figure class=\"wp-block-image aligncenter size-full\"><a href=\"https:\/\/gemeinde-hockweiler.de\/\" target=\"_blank\" rel=\"noreferrer noopener\"><img loading=\"lazy\" decoding=\"async\" width=\"370\" height=\"280\" src=\"https:\/\/eom-dl.eu\/wp-content\/uploads\/2023\/09\/G.2.e.Hockweiler.png\" alt=\"\" class=\"wp-image-1300\" style=\"aspect-ratio:16\/9;object-fit:contain\" srcset=\"https:\/\/eom-dl.eu\/wp-content\/uploads\/2023\/09\/G.2.e.Hockweiler.png 370w, https:\/\/eom-dl.eu\/wp-content\/uploads\/2023\/09\/G.2.e.Hockweiler-300x227.png 300w\" sizes=\"auto, (max-width: 370px) 100vw, 370px\" \/><\/a><figcaption class=\"wp-element-caption\">Hockweiler<\/figcaption><\/figure>\n\n<\/div>\n\n\n<div class=\"wp-block-column is-layout-flow wp-block-column-is-layout-flow\">\n\n<figure class=\"wp-block-image aligncenter size-full\"><a href=\"https:\/\/gemeinde-igel.de\/\" target=\"_blank\" rel=\"noreferrer noopener\"><img loading=\"lazy\" decoding=\"async\" width=\"370\" height=\"280\" src=\"https:\/\/eom-dl.eu\/wp-content\/uploads\/2023\/09\/G.2.e.Igel_.png\" alt=\"\" class=\"wp-image-1302\" style=\"aspect-ratio:16\/9;object-fit:contain\" srcset=\"https:\/\/eom-dl.eu\/wp-content\/uploads\/2023\/09\/G.2.e.Igel_.png 370w, https:\/\/eom-dl.eu\/wp-content\/uploads\/2023\/09\/G.2.e.Igel_-300x227.png 300w\" sizes=\"auto, (max-width: 370px) 100vw, 370px\" \/><\/a><figcaption class=\"wp-element-caption\">Igel<\/figcaption><\/figure>\n\n<\/div>\n\n\n<div class=\"wp-block-column is-layout-flow wp-block-column-is-layout-flow\">\n\n<figure class=\"wp-block-image aligncenter size-full\"><a href=\"https:\/\/gemeinde-kordel.de\/\" target=\"_blank\" rel=\"noreferrer noopener\"><img loading=\"lazy\" decoding=\"async\" width=\"370\" height=\"280\" src=\"https:\/\/eom-dl.eu\/wp-content\/uploads\/2023\/09\/G.2.e.Kordel.png\" alt=\"\" class=\"wp-image-1304\" style=\"aspect-ratio:16\/9;object-fit:contain\" srcset=\"https:\/\/eom-dl.eu\/wp-content\/uploads\/2023\/09\/G.2.e.Kordel.png 370w, https:\/\/eom-dl.eu\/wp-content\/uploads\/2023\/09\/G.2.e.Kordel-300x227.png 300w\" sizes=\"auto, (max-width: 370px) 100vw, 370px\" \/><\/a><figcaption class=\"wp-element-caption\">Kordel<\/figcaption><\/figure>\n\n<\/div>\n\n<\/div>\n\n\n<div class=\"wp-block-columns bg1 has-small-font-size is-layout-flex wp-container-core-columns-is-layout-28f84493 wp-block-columns-is-layout-flex\">\n\n<div class=\"wp-block-column is-layout-flow wp-block-column-is-layout-flow\">\n\n<figure class=\"wp-block-image aligncenter size-full\"><a href=\"https:\/\/gemeinde-langsur.de\/\" target=\"_blank\" rel=\"noreferrer noopener\"><img loading=\"lazy\" decoding=\"async\" width=\"370\" height=\"280\" src=\"https:\/\/eom-dl.eu\/wp-content\/uploads\/2023\/09\/G.2.e.Langsur.png\" alt=\"\" class=\"wp-image-1309\" style=\"aspect-ratio:16\/9;object-fit:contain\" srcset=\"https:\/\/eom-dl.eu\/wp-content\/uploads\/2023\/09\/G.2.e.Langsur.png 370w, https:\/\/eom-dl.eu\/wp-content\/uploads\/2023\/09\/G.2.e.Langsur-300x227.png 300w\" sizes=\"auto, (max-width: 370px) 100vw, 370px\" \/><\/a><figcaption class=\"wp-element-caption\">Langsur<\/figcaption><\/figure>\n\n<\/div>\n\n\n<div class=\"wp-block-column is-layout-flow wp-block-column-is-layout-flow\">\n\n<figure class=\"wp-block-image aligncenter size-full has-custom-border\"><a href=\"https:\/\/newel.de\/\" target=\"_blank\" rel=\"noreferrer noopener\"><img loading=\"lazy\" decoding=\"async\" width=\"370\" height=\"280\" src=\"https:\/\/eom-dl.eu\/wp-content\/uploads\/2023\/09\/G.2.e.Newel_.png\" alt=\"\" class=\"wp-image-1311\" style=\"border-style:none;border-width:0px;aspect-ratio:16\/9;object-fit:contain\" srcset=\"https:\/\/eom-dl.eu\/wp-content\/uploads\/2023\/09\/G.2.e.Newel_.png 370w, https:\/\/eom-dl.eu\/wp-content\/uploads\/2023\/09\/G.2.e.Newel_-300x227.png 300w\" sizes=\"auto, (max-width: 370px) 100vw, 370px\" \/><\/a><figcaption class=\"wp-element-caption\">Newel<\/figcaption><\/figure>\n\n<\/div>\n\n\n<div class=\"wp-block-column is-layout-flow wp-block-column-is-layout-flow\">\n\n<figure class=\"wp-block-image aligncenter size-full\"><a href=\"https:\/\/gemeinde-ralingen.de\/\" target=\"_blank\" rel=\"noreferrer noopener\"><img loading=\"lazy\" decoding=\"async\" width=\"370\" height=\"280\" src=\"https:\/\/eom-dl.eu\/wp-content\/uploads\/2023\/09\/G.2.e.Ralingen.png\" alt=\"\" class=\"wp-image-1313\" style=\"aspect-ratio:16\/9;object-fit:contain\" srcset=\"https:\/\/eom-dl.eu\/wp-content\/uploads\/2023\/09\/G.2.e.Ralingen.png 370w, https:\/\/eom-dl.eu\/wp-content\/uploads\/2023\/09\/G.2.e.Ralingen-300x227.png 300w\" sizes=\"auto, (max-width: 370px) 100vw, 370px\" \/><\/a><figcaption class=\"wp-element-caption\">Ralingen<\/figcaption><\/figure>\n\n<\/div>\n\n\n<div class=\"wp-block-column is-layout-flow wp-block-column-is-layout-flow\">\n\n<figure class=\"wp-block-image aligncenter size-full\"><a href=\"https:\/\/gemeinde-trierweiler.de\/\" target=\"_blank\" rel=\"noreferrer noopener\"><img loading=\"lazy\" decoding=\"async\" width=\"370\" height=\"280\" src=\"https:\/\/eom-dl.eu\/wp-content\/uploads\/2023\/09\/G.2.e.Trierweiler.png\" alt=\"\" class=\"wp-image-1315\" style=\"aspect-ratio:16\/9;object-fit:contain\" srcset=\"https:\/\/eom-dl.eu\/wp-content\/uploads\/2023\/09\/G.2.e.Trierweiler.png 370w, https:\/\/eom-dl.eu\/wp-content\/uploads\/2023\/09\/G.2.e.Trierweiler-300x227.png 300w\" sizes=\"auto, (max-width: 370px) 100vw, 370px\" \/><\/a><figcaption class=\"wp-element-caption\">Trierweiler<\/figcaption><\/figure>\n\n<\/div>\n\n\n<div class=\"wp-block-column is-layout-flow wp-block-column-is-layout-flow\">\n\n<figure class=\"wp-block-image aligncenter size-full\"><a href=\"https:\/\/www.welschbillig.de\/\" target=\"_blank\" rel=\"noreferrer noopener\"><img loading=\"lazy\" decoding=\"async\" width=\"370\" height=\"280\" src=\"https:\/\/eom-dl.eu\/wp-content\/uploads\/2023\/09\/G.2.e.Welschbillig.png\" alt=\"\" class=\"wp-image-1317\" style=\"aspect-ratio:16\/9;object-fit:contain\" srcset=\"https:\/\/eom-dl.eu\/wp-content\/uploads\/2023\/09\/G.2.e.Welschbillig.png 370w, https:\/\/eom-dl.eu\/wp-content\/uploads\/2023\/09\/G.2.e.Welschbillig-300x227.png 300w\" sizes=\"auto, (max-width: 370px) 100vw, 370px\" \/><\/a><figcaption class=\"wp-element-caption\">Welschbillig<\/figcaption><\/figure>\n\n<\/div>\n\n<\/div>\n\n\n<div class=\"wp-block-columns bg1 has-small-font-size is-layout-flex wp-container-core-columns-is-layout-28f84493 wp-block-columns-is-layout-flex\">\n\n<div class=\"wp-block-column is-layout-flow wp-block-column-is-layout-flow\">\n\n<figure class=\"wp-block-image aligncenter size-full\"><a href=\"https:\/\/gemeinde-zemmer.de\/\" target=\"_blank\" rel=\"noreferrer noopener\"><img loading=\"lazy\" decoding=\"async\" width=\"370\" height=\"280\" src=\"https:\/\/eom-dl.eu\/wp-content\/uploads\/2023\/09\/G.2.e.Zemmer.png\" alt=\"\" class=\"wp-image-1319\" style=\"aspect-ratio:16\/9;object-fit:contain\" srcset=\"https:\/\/eom-dl.eu\/wp-content\/uploads\/2023\/09\/G.2.e.Zemmer.png 370w, https:\/\/eom-dl.eu\/wp-content\/uploads\/2023\/09\/G.2.e.Zemmer-300x227.png 300w\" sizes=\"auto, (max-width: 370px) 100vw, 370px\" \/><\/a><figcaption class=\"wp-element-caption\">Zemmer<\/figcaption><\/figure>\n\n<\/div>\n\n\n<div class=\"wp-block-column is-layout-flow wp-block-column-is-layout-flow\"><\/div>\n\n\n<div class=\"wp-block-column is-layout-flow wp-block-column-is-layout-flow\"><\/div>\n\n\n<div class=\"wp-block-column is-layout-flow wp-block-column-is-layout-flow\"><\/div>\n\n\n<div class=\"wp-block-column is-layout-flow wp-block-column-is-layout-flow\"><\/div>\n\n<\/div>\n\n<\/div><\/div>\n<\/div>\n<\/div>\n\n\n\n<div style=\"height:28px\" aria-hidden=\"true\" class=\"wp-block-spacer\"><\/div>\n\n\n\n<h3 class=\"wp-block-heading\">D\u00e9partement Bitburg-Pr\u00fcm<\/h3>\n\n\n\n<div class=\"wp-block-columns bg1 is-layout-flex wp-container-core-columns-is-layout-28f84493 wp-block-columns-is-layout-flex\">\n<div class=\"wp-block-column is-layout-flow wp-block-column-is-layout-flow\">\n<figure class=\"wp-block-image aligncenter size-full has-custom-border\"><a href=\"https:\/\/www.bitburg-pruem.de\/cms\/\" target=\"_blank\" rel=\"noreferrer noopener\"><img loading=\"lazy\" decoding=\"async\" width=\"510\" height=\"280\" src=\"https:\/\/eom-dl.eu\/wp-content\/uploads\/2023\/09\/G.3.Bittburg-Pruem.gif\" alt=\"\" class=\"wp-image-1134\" style=\"border-style:none;border-width:0px;aspect-ratio:16\/9;object-fit:cover\"\/><\/a><\/figure>\n<\/div>\n\n\n\n<div class=\"wp-block-column is-layout-flow wp-block-column-is-layout-flow\"><\/div>\n\n\n\n<div class=\"wp-block-column is-layout-flow wp-block-column-is-layout-flow\"><\/div>\n<\/div>\n\n\n\n<div style=\"height:5px\" aria-hidden=\"true\" class=\"wp-block-spacer\"><\/div>\n\n\n\n<h5 class=\"wp-block-heading\"> \/\/ Communaut\u00e9 de Communes S\u00fcdeifel<\/h5>\n\n\n\n<div class=\"wp-block-columns is-layout-flex wp-container-core-columns-is-layout-28f84493 wp-block-columns-is-layout-flex\">\n<div class=\"wp-block-column has-background is-layout-flow wp-block-column-is-layout-flow\" style=\"background-color:#ebf5ff;flex-basis:33.33%\">\n<figure class=\"wp-block-image aligncenter size-full has-custom-border\"><a href=\"https:\/\/www.vg-suedeifel.de\/\" target=\"_blank\" rel=\"noreferrer noopener\"><img loading=\"lazy\" decoding=\"async\" width=\"370\" height=\"280\" src=\"https:\/\/eom-dl.eu\/wp-content\/uploads\/2023\/09\/G.3.a.Suedeifel.png\" alt=\"\" class=\"wp-image-1057\" style=\"border-style:none;border-width:0px;aspect-ratio:16\/9;object-fit:contain\" srcset=\"https:\/\/eom-dl.eu\/wp-content\/uploads\/2023\/09\/G.3.a.Suedeifel.png 370w, https:\/\/eom-dl.eu\/wp-content\/uploads\/2023\/09\/G.3.a.Suedeifel-300x227.png 300w\" sizes=\"auto, (max-width: 370px) 100vw, 370px\" \/><\/a><\/figure>\n<\/div>\n\n\n\n<div class=\"wp-block-column is-layout-flow wp-block-column-is-layout-flow\" style=\"flex-basis:66.66%\">\n<div class=\"wp-block-aab-accordion-block aab__accordion_container\" style=\"border:2px solid #ebf5ff;margin-top:0px;margin-bottom:15px;border-radius:6px\"><div class=\"aab__accordion_head aab_right_icon\" data-active=\"false\" style=\"color:#003366;background-color:#ffffff;padding:10px 15px 10px 15px\"><div class=\"aab__accordion_heading aab_right_icon\"><p class=\"aab__accordion_title\" style=\"margin:0;color:#003366\">Communes<\/p><\/div><div class=\"aab__accordion_icon\" style=\"color:#333333;background-color:transparent\"><span class=\"aab__icon dashicons dashicons-plus-alt2\"><\/span><\/div><\/div><div class=\"aab__accordion_body \" role=\"region\" style=\"background-color:transparent;border-top:2px solid #ebf5ff;padding:10px 15px 10px 15px\">\n\n<div style=\"height:37px\" aria-hidden=\"true\" class=\"wp-block-spacer\"><\/div>\n\n\n<div class=\"wp-block-columns bg1 has-small-font-size is-layout-flex wp-container-core-columns-is-layout-28f84493 wp-block-columns-is-layout-flex\">\n\n<div class=\"wp-block-column is-layout-flow wp-block-column-is-layout-flow\">\n\n<figure class=\"wp-block-image aligncenter size-full has-custom-border\"><a href=\"https:\/\/www.eifel.de\/go\/orte-detail\/52477_alsdorf.html\" target=\"_blank\" rel=\"noreferrer noopener\"><img loading=\"lazy\" decoding=\"async\" width=\"370\" height=\"280\" src=\"https:\/\/eom-dl.eu\/wp-content\/uploads\/2023\/09\/G.3.Alsdorf.png\" alt=\"\" class=\"wp-image-1322\" style=\"border-style:none;border-width:0px;aspect-ratio:16\/9;object-fit:contain\" srcset=\"https:\/\/eom-dl.eu\/wp-content\/uploads\/2023\/09\/G.3.Alsdorf.png 370w, https:\/\/eom-dl.eu\/wp-content\/uploads\/2023\/09\/G.3.Alsdorf-300x227.png 300w\" sizes=\"auto, (max-width: 370px) 100vw, 370px\" \/><\/a><figcaption class=\"wp-element-caption\">Alsdorf<\/figcaption><\/figure>\n\n<\/div>\n\n\n<div class=\"wp-block-column is-layout-flow wp-block-column-is-layout-flow\">\n\n<figure class=\"wp-block-image aligncenter size-full\"><a href=\"https:\/\/www.bollendorf.de\/\" target=\"_blank\" rel=\"noreferrer noopener\"><img loading=\"lazy\" decoding=\"async\" width=\"370\" height=\"280\" src=\"https:\/\/eom-dl.eu\/wp-content\/uploads\/2023\/09\/G.3.Bollendorf.png\" alt=\"\" class=\"wp-image-1326\" style=\"aspect-ratio:16\/9;object-fit:contain\" srcset=\"https:\/\/eom-dl.eu\/wp-content\/uploads\/2023\/09\/G.3.Bollendorf.png 370w, https:\/\/eom-dl.eu\/wp-content\/uploads\/2023\/09\/G.3.Bollendorf-300x227.png 300w\" sizes=\"auto, (max-width: 370px) 100vw, 370px\" \/><\/a><figcaption class=\"wp-element-caption\">Bollendorf<\/figcaption><\/figure>\n\n<\/div>\n\n\n<div class=\"wp-block-column is-layout-flow wp-block-column-is-layout-flow\">\n\n<figure class=\"wp-block-image aligncenter size-full\"><a href=\"http:\/\/www.xn--echternacherbrck-wzb.eu\/\" target=\"_blank\" rel=\"noreferrer noopener\"><img loading=\"lazy\" decoding=\"async\" width=\"370\" height=\"280\" src=\"https:\/\/eom-dl.eu\/wp-content\/uploads\/2023\/09\/G.3.Echternacherbrueck.png\" alt=\"\" class=\"wp-image-1330\" style=\"aspect-ratio:16\/9;object-fit:contain\" srcset=\"https:\/\/eom-dl.eu\/wp-content\/uploads\/2023\/09\/G.3.Echternacherbrueck.png 370w, https:\/\/eom-dl.eu\/wp-content\/uploads\/2023\/09\/G.3.Echternacherbrueck-300x227.png 300w\" sizes=\"auto, (max-width: 370px) 100vw, 370px\" \/><\/a><figcaption class=\"wp-element-caption\">Echternacher-br\u00fcck<\/figcaption><\/figure>\n\n<\/div>\n\n\n<div class=\"wp-block-column is-layout-flow wp-block-column-is-layout-flow\">\n\n<figure class=\"wp-block-image aligncenter size-full\"><a href=\"https:\/\/www.eisenach-eifel.de\/ortsgemeinde-eisenach\" target=\"_blank\" rel=\"noreferrer noopener\"><img loading=\"lazy\" decoding=\"async\" width=\"370\" height=\"280\" src=\"https:\/\/eom-dl.eu\/wp-content\/uploads\/2023\/09\/G.3.Eisenach.png\" alt=\"\" class=\"wp-image-1333\" style=\"aspect-ratio:16\/9;object-fit:contain\" srcset=\"https:\/\/eom-dl.eu\/wp-content\/uploads\/2023\/09\/G.3.Eisenach.png 370w, https:\/\/eom-dl.eu\/wp-content\/uploads\/2023\/09\/G.3.Eisenach-300x227.png 300w\" sizes=\"auto, (max-width: 370px) 100vw, 370px\" \/><\/a><figcaption class=\"wp-element-caption\">Eisenach<\/figcaption><\/figure>\n\n<\/div>\n\n\n<div class=\"wp-block-column is-layout-flow wp-block-column-is-layout-flow\">\n\n<figure class=\"wp-block-image aligncenter size-full\"><a href=\"http:\/\/ernzen.net\/\" target=\"_blank\" rel=\"noreferrer noopener\"><img loading=\"lazy\" decoding=\"async\" width=\"370\" height=\"280\" src=\"https:\/\/eom-dl.eu\/wp-content\/uploads\/2023\/09\/G.3.Enzem_.png\" alt=\"\" class=\"wp-image-1336\" style=\"aspect-ratio:16\/9;object-fit:contain\" srcset=\"https:\/\/eom-dl.eu\/wp-content\/uploads\/2023\/09\/G.3.Enzem_.png 370w, https:\/\/eom-dl.eu\/wp-content\/uploads\/2023\/09\/G.3.Enzem_-300x227.png 300w\" sizes=\"auto, (max-width: 370px) 100vw, 370px\" \/><\/a><figcaption class=\"wp-element-caption\">Ernzen<\/figcaption><\/figure>\n\n<\/div>\n\n<\/div>\n\n\n<div class=\"wp-block-columns bg1 has-small-font-size is-layout-flex wp-container-core-columns-is-layout-28f84493 wp-block-columns-is-layout-flex\">\n\n<div class=\"wp-block-column is-layout-flow wp-block-column-is-layout-flow\">\n\n<figure class=\"wp-block-image aligncenter size-full\"><a href=\"https:\/\/ferschweiler.de\/\" target=\"_blank\" rel=\"noreferrer noopener\"><img loading=\"lazy\" decoding=\"async\" width=\"370\" height=\"280\" src=\"https:\/\/eom-dl.eu\/wp-content\/uploads\/2023\/09\/G.3.Ferschweiler.png\" alt=\"\" class=\"wp-image-1339\" style=\"aspect-ratio:16\/9;object-fit:contain\" srcset=\"https:\/\/eom-dl.eu\/wp-content\/uploads\/2023\/09\/G.3.Ferschweiler.png 370w, https:\/\/eom-dl.eu\/wp-content\/uploads\/2023\/09\/G.3.Ferschweiler-300x227.png 300w\" sizes=\"auto, (max-width: 370px) 100vw, 370px\" \/><\/a><figcaption class=\"wp-element-caption\">Ferschweiler<\/figcaption><\/figure>\n\n<\/div>\n\n\n<div class=\"wp-block-column is-layout-flow wp-block-column-is-layout-flow\">\n\n<figure class=\"wp-block-image aligncenter size-full has-custom-border\"><a href=\"https:\/\/www.gilzemer.de\/index.php\/de\/gemeinde\" target=\"_blank\" rel=\"noreferrer noopener\"><img loading=\"lazy\" decoding=\"async\" width=\"370\" height=\"280\" src=\"https:\/\/eom-dl.eu\/wp-content\/uploads\/2023\/09\/G.3.Gilzem.png\" alt=\"\" class=\"wp-image-1341\" style=\"border-style:none;border-width:0px;aspect-ratio:16\/9;object-fit:contain\" srcset=\"https:\/\/eom-dl.eu\/wp-content\/uploads\/2023\/09\/G.3.Gilzem.png 370w, https:\/\/eom-dl.eu\/wp-content\/uploads\/2023\/09\/G.3.Gilzem-300x227.png 300w\" sizes=\"auto, (max-width: 370px) 100vw, 370px\" \/><\/a><figcaption class=\"wp-element-caption\">Gilzem<\/figcaption><\/figure>\n\n<\/div>\n\n\n<div class=\"wp-block-column is-layout-flow wp-block-column-is-layout-flow\">\n\n<figure class=\"wp-block-image aligncenter size-full\"><a href=\"https:\/\/holsthum.de\/\" target=\"_blank\" rel=\"noreferrer noopener\"><img loading=\"lazy\" decoding=\"async\" width=\"370\" height=\"280\" src=\"https:\/\/eom-dl.eu\/wp-content\/uploads\/2023\/09\/G.3.Holzthum.png\" alt=\"\" class=\"wp-image-1343\" style=\"aspect-ratio:16\/9;object-fit:contain\" srcset=\"https:\/\/eom-dl.eu\/wp-content\/uploads\/2023\/09\/G.3.Holzthum.png 370w, https:\/\/eom-dl.eu\/wp-content\/uploads\/2023\/09\/G.3.Holzthum-300x227.png 300w\" sizes=\"auto, (max-width: 370px) 100vw, 370px\" \/><\/a><figcaption class=\"wp-element-caption\">Holsthum<\/figcaption><\/figure>\n\n<\/div>\n\n\n<div class=\"wp-block-column is-layout-flow wp-block-column-is-layout-flow\">\n\n<figure class=\"wp-block-image aligncenter size-full\"><a href=\"https:\/\/www.irrel-eifel.de\/\" target=\"_blank\" rel=\"noreferrer noopener\"><img loading=\"lazy\" decoding=\"async\" width=\"370\" height=\"280\" src=\"https:\/\/eom-dl.eu\/wp-content\/uploads\/2023\/09\/G.3.Irrel_.png\" alt=\"\" class=\"wp-image-1345\" style=\"aspect-ratio:16\/9;object-fit:contain\" srcset=\"https:\/\/eom-dl.eu\/wp-content\/uploads\/2023\/09\/G.3.Irrel_.png 370w, https:\/\/eom-dl.eu\/wp-content\/uploads\/2023\/09\/G.3.Irrel_-300x227.png 300w\" sizes=\"auto, (max-width: 370px) 100vw, 370px\" \/><\/a><figcaption class=\"wp-element-caption\">Irrel<\/figcaption><\/figure>\n\n<\/div>\n\n\n<div class=\"wp-block-column is-layout-flow wp-block-column-is-layout-flow\">\n\n<figure class=\"wp-block-image aligncenter size-full\"><a href=\"https:\/\/de.wikipedia.org\/wiki\/Kaschenbach\" target=\"_blank\" rel=\"noreferrer noopener\"><img loading=\"lazy\" decoding=\"async\" width=\"370\" height=\"280\" src=\"https:\/\/eom-dl.eu\/wp-content\/uploads\/2023\/09\/G.3.Kaschenbach.png\" alt=\"\" class=\"wp-image-1347\" style=\"aspect-ratio:16\/9;object-fit:contain\" srcset=\"https:\/\/eom-dl.eu\/wp-content\/uploads\/2023\/09\/G.3.Kaschenbach.png 370w, https:\/\/eom-dl.eu\/wp-content\/uploads\/2023\/09\/G.3.Kaschenbach-300x227.png 300w\" sizes=\"auto, (max-width: 370px) 100vw, 370px\" \/><\/a><figcaption class=\"wp-element-caption\">Kaschenbach<\/figcaption><\/figure>\n\n<\/div>\n\n<\/div>\n\n\n<div class=\"wp-block-columns bg1 has-small-font-size is-layout-flex wp-container-core-columns-is-layout-28f84493 wp-block-columns-is-layout-flex\">\n\n<div class=\"wp-block-column is-layout-flow wp-block-column-is-layout-flow\">\n\n<figure class=\"wp-block-image aligncenter size-full\"><a href=\"https:\/\/www.eifel.de\/go\/orte-detail\/842.html\" target=\"_blank\" rel=\"noreferrer noopener\"><img loading=\"lazy\" decoding=\"async\" width=\"370\" height=\"280\" src=\"https:\/\/eom-dl.eu\/wp-content\/uploads\/2023\/09\/G.3.Menningen.png\" alt=\"\" class=\"wp-image-1349\" style=\"aspect-ratio:16\/9;object-fit:contain\" srcset=\"https:\/\/eom-dl.eu\/wp-content\/uploads\/2023\/09\/G.3.Menningen.png 370w, https:\/\/eom-dl.eu\/wp-content\/uploads\/2023\/09\/G.3.Menningen-300x227.png 300w\" sizes=\"auto, (max-width: 370px) 100vw, 370px\" \/><\/a><figcaption class=\"wp-element-caption\">Menningen<\/figcaption><\/figure>\n\n<\/div>\n\n\n<div class=\"wp-block-column is-layout-flow wp-block-column-is-layout-flow\">\n\n<figure class=\"wp-block-image aligncenter size-full\"><a href=\"https:\/\/www.eifel.de\/go\/orte-detail\/843.html\" target=\"_blank\" rel=\"noreferrer noopener\"><img loading=\"lazy\" decoding=\"async\" width=\"370\" height=\"280\" src=\"https:\/\/eom-dl.eu\/wp-content\/uploads\/2023\/09\/G.3.Minden.png\" alt=\"\" class=\"wp-image-1351\" style=\"aspect-ratio:16\/9;object-fit:contain\" srcset=\"https:\/\/eom-dl.eu\/wp-content\/uploads\/2023\/09\/G.3.Minden.png 370w, https:\/\/eom-dl.eu\/wp-content\/uploads\/2023\/09\/G.3.Minden-300x227.png 300w\" sizes=\"auto, (max-width: 370px) 100vw, 370px\" \/><\/a><figcaption class=\"wp-element-caption\">Minden<\/figcaption><\/figure>\n\n<\/div>\n\n\n<div class=\"wp-block-column is-layout-flow wp-block-column-is-layout-flow\">\n\n<figure class=\"wp-block-image aligncenter size-full\"><a href=\"https:\/\/de.wikipedia.org\/wiki\/Niederweis\" target=\"_blank\" rel=\"noreferrer noopener\"><img loading=\"lazy\" decoding=\"async\" width=\"370\" height=\"280\" src=\"https:\/\/eom-dl.eu\/wp-content\/uploads\/2023\/09\/G.3.Niederweis.png\" alt=\"\" class=\"wp-image-1354\" style=\"aspect-ratio:16\/9;object-fit:contain\" srcset=\"https:\/\/eom-dl.eu\/wp-content\/uploads\/2023\/09\/G.3.Niederweis.png 370w, https:\/\/eom-dl.eu\/wp-content\/uploads\/2023\/09\/G.3.Niederweis-300x227.png 300w\" sizes=\"auto, (max-width: 370px) 100vw, 370px\" \/><\/a><figcaption class=\"wp-element-caption\">Niederweis<\/figcaption><\/figure>\n\n<\/div>\n\n\n<div class=\"wp-block-column is-layout-flow wp-block-column-is-layout-flow\">\n\n<figure class=\"wp-block-image aligncenter size-full\"><a href=\"https:\/\/de.wikipedia.org\/wiki\/Peffingen\" target=\"_blank\" rel=\"noreferrer noopener\"><img loading=\"lazy\" decoding=\"async\" width=\"370\" height=\"280\" src=\"https:\/\/eom-dl.eu\/wp-content\/uploads\/2023\/09\/G.3.Peffingen.png\" alt=\"\" class=\"wp-image-1357\" style=\"aspect-ratio:16\/9;object-fit:contain\" srcset=\"https:\/\/eom-dl.eu\/wp-content\/uploads\/2023\/09\/G.3.Peffingen.png 370w, https:\/\/eom-dl.eu\/wp-content\/uploads\/2023\/09\/G.3.Peffingen-300x227.png 300w\" sizes=\"auto, (max-width: 370px) 100vw, 370px\" \/><\/a><figcaption class=\"wp-element-caption\">Peffingen<\/figcaption><\/figure>\n\n<\/div>\n\n\n<div class=\"wp-block-column is-layout-flow wp-block-column-is-layout-flow\">\n\n<figure class=\"wp-block-image aligncenter size-full\"><a href=\"https:\/\/de.wikipedia.org\/wiki\/Pr\u00fcmzurlay\" target=\"_blank\" rel=\"noreferrer noopener\"><img loading=\"lazy\" decoding=\"async\" width=\"370\" height=\"280\" src=\"https:\/\/eom-dl.eu\/wp-content\/uploads\/2023\/09\/G.3.Pruemzulay.png\" alt=\"\" class=\"wp-image-1359\" style=\"aspect-ratio:16\/9;object-fit:contain\" srcset=\"https:\/\/eom-dl.eu\/wp-content\/uploads\/2023\/09\/G.3.Pruemzulay.png 370w, https:\/\/eom-dl.eu\/wp-content\/uploads\/2023\/09\/G.3.Pruemzulay-300x227.png 300w\" sizes=\"auto, (max-width: 370px) 100vw, 370px\" \/><\/a><figcaption class=\"wp-element-caption\">Pr\u00fcmzurlay<\/figcaption><\/figure>\n\n<\/div>\n\n<\/div>\n\n\n<div class=\"wp-block-columns bg1 has-small-font-size is-layout-flex wp-container-core-columns-is-layout-28f84493 wp-block-columns-is-layout-flex\">\n\n<div class=\"wp-block-column is-layout-flow wp-block-column-is-layout-flow\">\n\n<figure class=\"wp-block-image aligncenter size-full\"><a href=\"https:\/\/schankweiler-eifel.de\/\" target=\"_blank\" rel=\"noreferrer noopener\"><img loading=\"lazy\" decoding=\"async\" width=\"370\" height=\"280\" src=\"https:\/\/eom-dl.eu\/wp-content\/uploads\/2023\/09\/G.3.Schankweiler.png\" alt=\"\" class=\"wp-image-1362\" style=\"aspect-ratio:16\/9;object-fit:contain\" srcset=\"https:\/\/eom-dl.eu\/wp-content\/uploads\/2023\/09\/G.3.Schankweiler.png 370w, https:\/\/eom-dl.eu\/wp-content\/uploads\/2023\/09\/G.3.Schankweiler-300x227.png 300w\" sizes=\"auto, (max-width: 370px) 100vw, 370px\" \/><\/a><figcaption class=\"wp-element-caption\">Schankweiler<\/figcaption><\/figure>\n\n<\/div>\n\n\n<div class=\"wp-block-column is-layout-flow wp-block-column-is-layout-flow\">\n\n<figure class=\"wp-block-image aligncenter size-full\"><a href=\"http:\/\/wallendorf-eifel.de\/\" target=\"_blank\" rel=\"noreferrer noopener\"><img loading=\"lazy\" decoding=\"async\" width=\"370\" height=\"280\" src=\"https:\/\/eom-dl.eu\/wp-content\/uploads\/2023\/09\/G.3.Wallendorf.png\" alt=\"\" class=\"wp-image-1365\" style=\"aspect-ratio:16\/9;object-fit:contain\" srcset=\"https:\/\/eom-dl.eu\/wp-content\/uploads\/2023\/09\/G.3.Wallendorf.png 370w, https:\/\/eom-dl.eu\/wp-content\/uploads\/2023\/09\/G.3.Wallendorf-300x227.png 300w\" sizes=\"auto, (max-width: 370px) 100vw, 370px\" \/><\/a><figcaption class=\"wp-element-caption\">Wallendorf<\/figcaption><\/figure>\n\n<\/div>\n\n\n<div class=\"wp-block-column is-layout-flow wp-block-column-is-layout-flow\"><\/div>\n\n\n<div class=\"wp-block-column is-layout-flow wp-block-column-is-layout-flow\"><\/div>\n\n\n<div class=\"wp-block-column is-layout-flow wp-block-column-is-layout-flow\"><\/div>\n\n<\/div>\n\n<\/div><\/div>\n<\/div>\n<\/div>\n\n\n\n<div style=\"height:28px\" aria-hidden=\"true\" class=\"wp-block-spacer\"><\/div>\n\n\n\n<h3 class=\"wp-block-heading\">D\u00e9partement Merzig-Wadern<\/h3>\n\n\n\n<div class=\"wp-block-columns bg1 is-layout-flex wp-container-core-columns-is-layout-28f84493 wp-block-columns-is-layout-flex\">\n<div class=\"wp-block-column is-layout-flow wp-block-column-is-layout-flow\">\n<figure class=\"wp-block-image aligncenter size-full has-custom-border\"><a href=\"https:\/\/www.merzig-wadern.de\/\" target=\"_blank\" rel=\"noreferrer noopener\"><img loading=\"lazy\" decoding=\"async\" width=\"510\" height=\"280\" src=\"https:\/\/eom-dl.eu\/wp-content\/uploads\/2023\/09\/G.4.Merzig-Wadern.gif\" alt=\"\" class=\"wp-image-1131\" style=\"border-style:none;border-width:0px;aspect-ratio:16\/9;object-fit:cover\"\/><\/a><\/figure>\n<\/div>\n\n\n\n<div class=\"wp-block-column is-layout-flow wp-block-column-is-layout-flow\"><\/div>\n\n\n\n<div class=\"wp-block-column is-layout-flow wp-block-column-is-layout-flow\"><\/div>\n<\/div>\n\n\n\n<div class=\"wp-block-columns bg1 has-small-font-size is-layout-flex wp-container-core-columns-is-layout-28f84493 wp-block-columns-is-layout-flex\">\n<div class=\"wp-block-column is-layout-flow wp-block-column-is-layout-flow\">\n<figure class=\"wp-block-image aligncenter size-full has-custom-border\"><a href=\"https:\/\/www.merzig.de\/\" target=\"_blank\" rel=\"noreferrer noopener\"><img loading=\"lazy\" decoding=\"async\" width=\"370\" height=\"280\" src=\"https:\/\/eom-dl.eu\/wp-content\/uploads\/2023\/09\/G.4.Merzig-2.png\" alt=\"\" class=\"wp-image-1070\" style=\"border-style:none;border-width:0px;aspect-ratio:16\/9;object-fit:contain\" srcset=\"https:\/\/eom-dl.eu\/wp-content\/uploads\/2023\/09\/G.4.Merzig-2.png 370w, https:\/\/eom-dl.eu\/wp-content\/uploads\/2023\/09\/G.4.Merzig-2-300x227.png 300w\" sizes=\"auto, (max-width: 370px) 100vw, 370px\" \/><\/a><figcaption class=\"wp-element-caption\">Kreisstadt Merzig<\/figcaption><\/figure>\n<\/div>\n\n\n\n<div class=\"wp-block-column is-layout-flow wp-block-column-is-layout-flow\">\n<figure class=\"wp-block-image aligncenter size-full\"><a href=\"https:\/\/www.mettlach.de\/\" target=\"_blank\" rel=\"noreferrer noopener\"><img loading=\"lazy\" decoding=\"async\" width=\"370\" height=\"280\" src=\"https:\/\/eom-dl.eu\/wp-content\/uploads\/2023\/09\/G.4.Mettlach.png\" alt=\"\" class=\"wp-image-1072\" style=\"aspect-ratio:16\/9;object-fit:contain\" srcset=\"https:\/\/eom-dl.eu\/wp-content\/uploads\/2023\/09\/G.4.Mettlach.png 370w, https:\/\/eom-dl.eu\/wp-content\/uploads\/2023\/09\/G.4.Mettlach-300x227.png 300w\" sizes=\"auto, (max-width: 370px) 100vw, 370px\" \/><\/a><figcaption class=\"wp-element-caption\">Mettlach<\/figcaption><\/figure>\n<\/div>\n\n\n\n<div class=\"wp-block-column is-layout-flow wp-block-column-is-layout-flow\">\n<figure class=\"wp-block-image aligncenter size-full\"><a href=\"https:\/\/perl.saarland\/herzlich-willkommen.html\" target=\"_blank\" rel=\"noreferrer noopener\"><img loading=\"lazy\" decoding=\"async\" width=\"370\" height=\"280\" src=\"https:\/\/eom-dl.eu\/wp-content\/uploads\/2023\/09\/G.4.Perl_.png\" alt=\"\" class=\"wp-image-1068\" style=\"aspect-ratio:16\/9;object-fit:contain\" srcset=\"https:\/\/eom-dl.eu\/wp-content\/uploads\/2023\/09\/G.4.Perl_.png 370w, https:\/\/eom-dl.eu\/wp-content\/uploads\/2023\/09\/G.4.Perl_-300x227.png 300w\" sizes=\"auto, (max-width: 370px) 100vw, 370px\" \/><\/a><figcaption class=\"wp-element-caption\">Perl<\/figcaption><\/figure>\n<\/div>\n<\/div>\n\n\n\n<div style=\"height:28px\" aria-hidden=\"true\" class=\"wp-block-spacer\"><\/div>\n\n\n\n<p><\/p>\n<\/div><\/div><\/div><\/div>\n\n\n\n<div class=\"wp-block-aab-accordion-block aab__accordion_container separate-accordion\" style=\"border:4px solid #99ccff;margin-top:0px;margin-bottom:15px;border-radius:6px\" id=\"aab_accordion_ac64f8d4\"><div><div class=\"aab__accordion_head aab_right_icon   \" data-active=\"false\" style=\"background-color:#ebf5ff;border-top:none;border-right:none;border-bottom:none;border-left:none\"><div class=\"aab__accordion_heading aab_right_icon aab_right_link\"><div class=\"head_content_wrapper\"><div class=\"title_wrapper\"><h5 class=\"aab__accordion_title\" style=\"margin:0;color:#003366\">Collectivit\u00e9s territoriales au Luxembourg<\/h5><\/div><\/div><\/div><div class=\"aab__accordion_icon\" style=\"border:0px solid transparent\"><span class=\"aab__icon dashicons dashicons-plus-alt2\" style=\"font-size:23px\"><\/span><\/div><\/div><div class=\"aab__accordion_body \" role=\"region\" style=\"background-color:#f5faf1;border-top:1px solid #bcb6b638;border-right:none;border-bottom:none;border-left:none\"><div class=\"aab__accordion_component\">\n<h3 class=\"wp-block-heading\">Canton Grevenmacher<\/h3>\n\n\n\n<div class=\"wp-block-columns bg1 has-small-font-size is-layout-flex wp-container-core-columns-is-layout-28f84493 wp-block-columns-is-layout-flex\">\n<div class=\"wp-block-column is-layout-flow wp-block-column-is-layout-flow\">\n<figure class=\"wp-block-image size-full has-custom-border\"><a href=\"https:\/\/betzdorf.lu\/\" target=\"_blank\" rel=\"noreferrer noopener\"><img loading=\"lazy\" decoding=\"async\" width=\"370\" height=\"280\" src=\"https:\/\/eom-dl.eu\/wp-content\/uploads\/2023\/09\/G.5.Betzdorf-1.png\" alt=\"\" class=\"wp-image-517\" style=\"border-style:none;border-width:0px;aspect-ratio:16\/9;object-fit:contain\" srcset=\"https:\/\/eom-dl.eu\/wp-content\/uploads\/2023\/09\/G.5.Betzdorf-1.png 370w, https:\/\/eom-dl.eu\/wp-content\/uploads\/2023\/09\/G.5.Betzdorf-1-300x227.png 300w\" sizes=\"auto, (max-width: 370px) 100vw, 370px\" \/><\/a><\/figure>\n<\/div>\n\n\n\n<div class=\"wp-block-column is-layout-flow wp-block-column-is-layout-flow\">\n<figure class=\"wp-block-image size-full\"><a href=\"https:\/\/biwer.lu\/\" target=\"_blank\" rel=\"noreferrer noopener\"><img loading=\"lazy\" decoding=\"async\" width=\"370\" height=\"280\" src=\"https:\/\/eom-dl.eu\/wp-content\/uploads\/2023\/09\/G.5.Biwer_-1.png\" alt=\"\" class=\"wp-image-520\" style=\"aspect-ratio:16\/9;object-fit:contain\" srcset=\"https:\/\/eom-dl.eu\/wp-content\/uploads\/2023\/09\/G.5.Biwer_-1.png 370w, https:\/\/eom-dl.eu\/wp-content\/uploads\/2023\/09\/G.5.Biwer_-1-300x227.png 300w\" sizes=\"auto, (max-width: 370px) 100vw, 370px\" \/><\/a><\/figure>\n<\/div>\n\n\n\n<div class=\"wp-block-column is-layout-flow wp-block-column-is-layout-flow\">\n<figure class=\"wp-block-image size-full\"><a href=\"https:\/\/flaxweiler.lu\/\" target=\"_blank\" rel=\"noreferrer noopener\"><img loading=\"lazy\" decoding=\"async\" width=\"370\" height=\"280\" src=\"https:\/\/eom-dl.eu\/wp-content\/uploads\/2023\/09\/G.5.Flaxweiler-1.png\" alt=\"\" class=\"wp-image-526\" style=\"aspect-ratio:16\/9;object-fit:contain\" srcset=\"https:\/\/eom-dl.eu\/wp-content\/uploads\/2023\/09\/G.5.Flaxweiler-1.png 370w, https:\/\/eom-dl.eu\/wp-content\/uploads\/2023\/09\/G.5.Flaxweiler-1-300x227.png 300w\" sizes=\"auto, (max-width: 370px) 100vw, 370px\" \/><\/a><\/figure>\n<\/div>\n<\/div>\n\n\n\n<div class=\"wp-block-columns bg1 has-small-font-size is-layout-flex wp-container-core-columns-is-layout-28f84493 wp-block-columns-is-layout-flex\">\n<div class=\"wp-block-column is-layout-flow wp-block-column-is-layout-flow\">\n<figure class=\"wp-block-image aligncenter size-full has-custom-border\"><a href=\"https:\/\/grevenmacher.lu\/de\/\" target=\"_blank\" rel=\"noreferrer noopener\"><img loading=\"lazy\" decoding=\"async\" width=\"370\" height=\"280\" src=\"https:\/\/eom-dl.eu\/wp-content\/uploads\/2023\/09\/G.5.Grevenmacher-1.png\" alt=\"\" class=\"wp-image-1251\" style=\"border-style:none;border-width:0px;aspect-ratio:16\/9;object-fit:contain\" srcset=\"https:\/\/eom-dl.eu\/wp-content\/uploads\/2023\/09\/G.5.Grevenmacher-1.png 370w, https:\/\/eom-dl.eu\/wp-content\/uploads\/2023\/09\/G.5.Grevenmacher-1-300x227.png 300w\" sizes=\"auto, (max-width: 370px) 100vw, 370px\" \/><\/a><\/figure>\n<\/div>\n\n\n\n<div class=\"wp-block-column is-layout-flow wp-block-column-is-layout-flow\">\n<figure class=\"wp-block-image size-full has-custom-border\"><a href=\"https:\/\/manternach.lu\/\" target=\"_blank\" rel=\"noreferrer noopener\"><img loading=\"lazy\" decoding=\"async\" width=\"370\" height=\"280\" src=\"https:\/\/eom-dl.eu\/wp-content\/uploads\/2023\/09\/G.5.Manternach-1.png\" alt=\"\" class=\"wp-image-1162\" style=\"border-style:none;border-width:0px;aspect-ratio:16\/9;object-fit:contain\" srcset=\"https:\/\/eom-dl.eu\/wp-content\/uploads\/2023\/09\/G.5.Manternach-1.png 370w, https:\/\/eom-dl.eu\/wp-content\/uploads\/2023\/09\/G.5.Manternach-1-300x227.png 300w\" sizes=\"auto, (max-width: 370px) 100vw, 370px\" \/><\/a><\/figure>\n<\/div>\n\n\n\n<div class=\"wp-block-column is-layout-flow wp-block-column-is-layout-flow\">\n<figure class=\"wp-block-image size-full\"><a href=\"https:\/\/mertert.lu\/\" target=\"_blank\" rel=\"noreferrer noopener\"><img loading=\"lazy\" decoding=\"async\" width=\"370\" height=\"280\" src=\"https:\/\/eom-dl.eu\/wp-content\/uploads\/2023\/09\/G.5.Mertert.png\" alt=\"\" class=\"wp-image-1167\" style=\"aspect-ratio:16\/9;object-fit:contain\" srcset=\"https:\/\/eom-dl.eu\/wp-content\/uploads\/2023\/09\/G.5.Mertert.png 370w, https:\/\/eom-dl.eu\/wp-content\/uploads\/2023\/09\/G.5.Mertert-300x227.png 300w\" sizes=\"auto, (max-width: 370px) 100vw, 370px\" \/><\/a><\/figure>\n<\/div>\n<\/div>\n\n\n\n<div class=\"wp-block-columns bg1 has-small-font-size is-layout-flex wp-container-core-columns-is-layout-28f84493 wp-block-columns-is-layout-flex\">\n<div class=\"wp-block-column is-layout-flow wp-block-column-is-layout-flow\">\n<figure class=\"wp-block-image size-full\"><a href=\"https:\/\/wormeldange.lu\/\" target=\"_blank\" rel=\"noreferrer noopener\"><img loading=\"lazy\" decoding=\"async\" width=\"370\" height=\"280\" src=\"https:\/\/eom-dl.eu\/wp-content\/uploads\/2023\/09\/G.5.Wormeldange-1.png\" alt=\"\" class=\"wp-image-1165\" style=\"aspect-ratio:16\/9;object-fit:contain\" srcset=\"https:\/\/eom-dl.eu\/wp-content\/uploads\/2023\/09\/G.5.Wormeldange-1.png 370w, https:\/\/eom-dl.eu\/wp-content\/uploads\/2023\/09\/G.5.Wormeldange-1-300x227.png 300w\" sizes=\"auto, (max-width: 370px) 100vw, 370px\" \/><\/a><\/figure>\n<\/div>\n\n\n\n<div class=\"wp-block-column is-layout-flow wp-block-column-is-layout-flow\"><\/div>\n\n\n\n<div class=\"wp-block-column is-layout-flow wp-block-column-is-layout-flow\"><\/div>\n<\/div>\n\n\n\n<div style=\"height:28px\" aria-hidden=\"true\" class=\"wp-block-spacer\"><\/div>\n\n\n\n<h3 class=\"wp-block-heading\">Canton Remich<\/h3>\n\n\n\n<div class=\"wp-block-columns bg1 has-small-font-size is-layout-flex wp-container-core-columns-is-layout-28f84493 wp-block-columns-is-layout-flex\">\n<div class=\"wp-block-column is-layout-flow wp-block-column-is-layout-flow\">\n<figure class=\"wp-block-image size-full has-custom-border\"><a href=\"https:\/\/bouswaldbredimus.lu\/\" target=\"_blank\" rel=\"noreferrer noopener\"><img loading=\"lazy\" decoding=\"async\" width=\"370\" height=\"280\" src=\"https:\/\/eom-dl.eu\/wp-content\/uploads\/2023\/09\/G.6.Bous-Waldbredimus.png\" alt=\"\" class=\"wp-image-1421\" style=\"border-style:none;border-width:0px;aspect-ratio:16\/9;object-fit:contain\" srcset=\"https:\/\/eom-dl.eu\/wp-content\/uploads\/2023\/09\/G.6.Bous-Waldbredimus.png 370w, https:\/\/eom-dl.eu\/wp-content\/uploads\/2023\/09\/G.6.Bous-Waldbredimus-300x227.png 300w\" sizes=\"auto, (max-width: 370px) 100vw, 370px\" \/><\/a><\/figure>\n<\/div>\n\n\n\n<div class=\"wp-block-column is-layout-flow wp-block-column-is-layout-flow\">\n<figure class=\"wp-block-image size-full\"><a href=\"https:\/\/www.dalheim.lu\/\" target=\"_blank\" rel=\"noreferrer noopener\"><img loading=\"lazy\" decoding=\"async\" width=\"370\" height=\"280\" src=\"https:\/\/eom-dl.eu\/wp-content\/uploads\/2023\/09\/G.6.Dalheim.png\" alt=\"\" class=\"wp-image-1193\" style=\"aspect-ratio:16\/9;object-fit:contain\" srcset=\"https:\/\/eom-dl.eu\/wp-content\/uploads\/2023\/09\/G.6.Dalheim.png 370w, https:\/\/eom-dl.eu\/wp-content\/uploads\/2023\/09\/G.6.Dalheim-300x227.png 300w\" sizes=\"auto, (max-width: 370px) 100vw, 370px\" \/><\/a><\/figure>\n<\/div>\n\n\n\n<div class=\"wp-block-column is-layout-flow wp-block-column-is-layout-flow\">\n<figure class=\"wp-block-image size-full\"><a href=\"https:\/\/lenningen.lu\/\" target=\"_blank\" rel=\"noreferrer noopener\"><img loading=\"lazy\" decoding=\"async\" width=\"370\" height=\"280\" src=\"https:\/\/eom-dl.eu\/wp-content\/uploads\/2023\/09\/G.6.Lenningen.png\" alt=\"\" class=\"wp-image-1196\" style=\"aspect-ratio:16\/9;object-fit:contain\" srcset=\"https:\/\/eom-dl.eu\/wp-content\/uploads\/2023\/09\/G.6.Lenningen.png 370w, https:\/\/eom-dl.eu\/wp-content\/uploads\/2023\/09\/G.6.Lenningen-300x227.png 300w\" sizes=\"auto, (max-width: 370px) 100vw, 370px\" \/><\/a><\/figure>\n<\/div>\n<\/div>\n\n\n\n<div class=\"wp-block-columns bg1 has-small-font-size is-layout-flex wp-container-core-columns-is-layout-28f84493 wp-block-columns-is-layout-flex\">\n<div class=\"wp-block-column is-layout-flow wp-block-column-is-layout-flow\">\n<figure class=\"wp-block-image size-full has-custom-border\"><a href=\"https:\/\/www.mondorf-les-bains.lu\/\" target=\"_blank\" rel=\"noreferrer noopener\"><img loading=\"lazy\" decoding=\"async\" width=\"370\" height=\"280\" src=\"https:\/\/eom-dl.eu\/wp-content\/uploads\/2023\/09\/G.6.Mondorf.png\" alt=\"\" class=\"wp-image-1199\" style=\"border-style:none;border-width:0px;aspect-ratio:16\/9;object-fit:contain\" srcset=\"https:\/\/eom-dl.eu\/wp-content\/uploads\/2023\/09\/G.6.Mondorf.png 370w, https:\/\/eom-dl.eu\/wp-content\/uploads\/2023\/09\/G.6.Mondorf-300x227.png 300w\" sizes=\"auto, (max-width: 370px) 100vw, 370px\" \/><\/a><\/figure>\n<\/div>\n\n\n\n<div class=\"wp-block-column is-layout-flow wp-block-column-is-layout-flow\">\n<figure class=\"wp-block-image size-full\"><a href=\"https:\/\/remich.lu\/de\/\" target=\"_blank\" rel=\"noreferrer noopener\"><img loading=\"lazy\" decoding=\"async\" width=\"370\" height=\"280\" src=\"https:\/\/eom-dl.eu\/wp-content\/uploads\/2023\/09\/G.6.Remich.png\" alt=\"\" class=\"wp-image-1201\" style=\"aspect-ratio:16\/9;object-fit:contain\" srcset=\"https:\/\/eom-dl.eu\/wp-content\/uploads\/2023\/09\/G.6.Remich.png 370w, https:\/\/eom-dl.eu\/wp-content\/uploads\/2023\/09\/G.6.Remich-300x227.png 300w\" sizes=\"auto, (max-width: 370px) 100vw, 370px\" \/><\/a><\/figure>\n<\/div>\n\n\n\n<div class=\"wp-block-column is-layout-flow wp-block-column-is-layout-flow\">\n<figure class=\"wp-block-image size-full\"><img loading=\"lazy\" decoding=\"async\" width=\"370\" height=\"280\" src=\"https:\/\/eom-dl.eu\/wp-content\/uploads\/2023\/09\/G.6.Schengen2.png\" alt=\"\" class=\"wp-image-1418\" style=\"aspect-ratio:16\/9;object-fit:contain\" srcset=\"https:\/\/eom-dl.eu\/wp-content\/uploads\/2023\/09\/G.6.Schengen2.png 370w, https:\/\/eom-dl.eu\/wp-content\/uploads\/2023\/09\/G.6.Schengen2-300x227.png 300w\" sizes=\"auto, (max-width: 370px) 100vw, 370px\" \/><\/figure>\n<\/div>\n<\/div>\n\n\n\n<div class=\"wp-block-columns bg1 has-small-font-size is-layout-flex wp-container-core-columns-is-layout-28f84493 wp-block-columns-is-layout-flex\">\n<div class=\"wp-block-column is-layout-flow wp-block-column-is-layout-flow\">\n<figure class=\"wp-block-image size-full has-custom-border\"><a href=\"https:\/\/www.stadtbredimus.lu\/\" target=\"_blank\" rel=\"noreferrer noopener\"><img loading=\"lazy\" decoding=\"async\" width=\"370\" height=\"280\" src=\"https:\/\/eom-dl.eu\/wp-content\/uploads\/2023\/09\/G.6.Stadtbredimus.png\" alt=\"\" class=\"wp-image-1205\" style=\"border-style:none;border-width:0px;aspect-ratio:16\/9;object-fit:contain\" srcset=\"https:\/\/eom-dl.eu\/wp-content\/uploads\/2023\/09\/G.6.Stadtbredimus.png 370w, https:\/\/eom-dl.eu\/wp-content\/uploads\/2023\/09\/G.6.Stadtbredimus-300x227.png 300w\" sizes=\"auto, (max-width: 370px) 100vw, 370px\" \/><\/a><\/figure>\n<\/div>\n\n\n\n<div class=\"wp-block-column is-layout-flow wp-block-column-is-layout-flow\"><\/div>\n\n\n\n<div class=\"wp-block-column is-layout-flow wp-block-column-is-layout-flow\"><\/div>\n<\/div>\n\n\n\n<div style=\"height:100px\" aria-hidden=\"true\" class=\"wp-block-spacer\"><\/div>\n\n\n\n<p><\/p>\n<\/div><\/div><\/div><\/div>\n\n\n\n<div style=\"height:28px\" aria-hidden=\"true\" class=\"wp-block-spacer\"><\/div>\n\n\n\n<div style=\"height:160px\" aria-hidden=\"true\" class=\"wp-block-spacer\"><\/div>\n\n<figure class=\"wp-block-image aligncenter size-full\"><img loading=\"lazy\" decoding=\"async\" width=\"734\" height=\"129\" src=\"https:\/\/eom-dl.eu\/wp-content\/uploads\/2023\/10\/3er-Logo.jpg\" alt=\"\" class=\"wp-image-1935\" srcset=\"https:\/\/eom-dl.eu\/wp-content\/uploads\/2023\/10\/3er-Logo.jpg 734w, https:\/\/eom-dl.eu\/wp-content\/uploads\/2023\/10\/3er-Logo-300x53.jpg 300w\" sizes=\"auto, (max-width: 734px) 100vw, 734px\" \/><\/figure>\n\n<h4 class=\"wp-block-heading has-text-align-center has-medium-font-size\"><strong>Funktionaler Raum &#8211; Entwicklungskonzept Oberes Moseltal (EOM) \u2013 Zone Fonctionelle<\/strong><\/h4>\n","protected":false},"excerpt":{"rendered":"<p>Remarque: pour \u00eatre \u00e9ligible, votre projet doit b\u00e9n\u00e9ficier principalement \u00e0 la zone de l&rsquo;EOM, mais les acteurs et les initiatives qui g\u00e9n\u00e8rent une valeur ajout\u00e9e significative pour la zone de l&rsquo;EOM et qui ne sont pas bas\u00e9s dans la zone de l&rsquo;EOM peuvent \u00e9galement b\u00e9n\u00e9ficier d&rsquo;un soutien.<\/p>\n","protected":false},"author":1,"featured_media":0,"parent":0,"menu_order":0,"comment_status":"closed","ping_status":"closed","template":"","meta":{"footnotes":""},"class_list":["post-1454","page","type-page","status-publish","hentry"],"_links":{"self":[{"href":"https:\/\/eom-dl.eu\/fr\/wp-json\/wp\/v2\/pages\/1454","targetHints":{"allow":["GET"]}}],"collection":[{"href":"https:\/\/eom-dl.eu\/fr\/wp-json\/wp\/v2\/pages"}],"about":[{"href":"https:\/\/eom-dl.eu\/fr\/wp-json\/wp\/v2\/types\/page"}],"author":[{"embeddable":true,"href":"https:\/\/eom-dl.eu\/fr\/wp-json\/wp\/v2\/users\/1"}],"replies":[{"embeddable":true,"href":"https:\/\/eom-dl.eu\/fr\/wp-json\/wp\/v2\/comments?post=1454"}],"version-history":[{"count":10,"href":"https:\/\/eom-dl.eu\/fr\/wp-json\/wp\/v2\/pages\/1454\/revisions"}],"predecessor-version":[{"id":3227,"href":"https:\/\/eom-dl.eu\/fr\/wp-json\/wp\/v2\/pages\/1454\/revisions\/3227"}],"wp:attachment":[{"href":"https:\/\/eom-dl.eu\/fr\/wp-json\/wp\/v2\/media?parent=1454"}],"curies":[{"name":"wp","href":"https:\/\/api.w.org\/{rel}","templated":true}]}}