{"id":430,"date":"2023-07-25T11:34:11","date_gmt":"2023-07-25T09:34:11","guid":{"rendered":"http:\/\/eom.roomtrix.de\/sample-page\/"},"modified":"2026-02-03T11:15:52","modified_gmt":"2026-02-03T10:15:52","slug":"financement","status":"publish","type":"page","link":"https:\/\/eom-dl.eu\/fr\/financement\/","title":{"rendered":"Zone Fonctionelle"},"content":{"rendered":"\n<figure class=\"wp-block-image size-full\"><img decoding=\"async\" src=\"https:\/\/eom-dl.eu\/wp-content\/uploads\/2023\/09\/2er-Logo.jpg\" alt=\"Europe - Interreg\" class=\"wp-image-447\"\/><\/figure>\n\n\n\n<p><strong>Le Concept de d\u00e9veloppement de la Haute Vall\u00e9e de la Moselle (EOM) a \u00e9t\u00e9 reconnu comme zone fonctionnelle transfrontalier dans le<\/strong> <a href=\"http:\/\/www.interreg-gr.eu\/fr\/presentation\/\" target=\"_blank\" rel=\"noreferrer noopener\">cadre du programme de coop\u00e9ration europ\u00e9en Interreg Grande R\u00e9gion 2021-2027<\/a>.<\/p>\n\n\n\n<p>La zone fonctionnelle est une nouveaut\u00e9 dans le programme de coop\u00e9ration Interreg Grande R\u00e9gion 2021-2027.<br>Ainsi, <strong>pour la p\u00e9riode du programme 2021-2027, environ 6,8 millions d&rsquo;euros de subventions<\/strong> du Fonds Europ\u00e9en de D\u00e9veloppement R\u00e9gional (FEDER) seront mis \u00e0 disposition de l&rsquo;EOM pour des projets transfrontaliers<a href=\"https:\/\/eom-dl.eu\/wp-content\/uploads\/2024\/03\/EOM_Betrachtungsraum_FR_2024-002-2.pdf\" data-type=\"attachment\" data-id=\"2542\"> <\/a>sur <a href=\"https:\/\/eom-dl.eu\/wp-content\/uploads\/2025\/02\/EOM_Uebersichtskarte_carte_generale_2025.pdf\" data-type=\"attachment\" data-id=\"3001\" target=\"_blank\" rel=\"noreferrer noopener\">le territoire de l&rsquo;EOM<\/a><a href=\"https:\/\/eom-dl.eu\/wp-content\/uploads\/2025\/02\/EOM_Uebersichtskarte_carte_generale_2025.pdf\" data-type=\"attachment\" data-id=\"3001\"> <\/a>qui contribuent \u00e0 la mise en \u0153uvre de la <a href=\"https:\/\/eom-dl.eu\/wp-content\/uploads\/2023\/07\/EOM-Leitbild-20180628web.pdf\" data-type=\"attachment\" data-id=\"177\" target=\"_blank\" rel=\"noreferrer noopener\">strat\u00e9gie et de la vision de l&rsquo;EOM<\/a>.<br>Avec un <strong>taux d&rsquo;aide maximal de 60%, jusqu&rsquo;\u00e0 11,3 million d&rsquo;euros<\/strong> peuvent ainsi \u00eatre investis dans la r\u00e9gion, y compris les fonds propres ou cofinancements n\u00e9cessaires.<\/p>\n\n\n\n<p class=\"has-text-align-center\"><strong>L&rsquo;EOM agit dans le cadre de<a href=\"https:\/\/interreg-gr.eu\/financement\/les-priorites-du-programme\/\" target=\"_blank\" rel=\"noreferrer noopener\"> l&rsquo;objectif strat\u00e9gique 3 du programme \u201eUne Grande R\u00e9gion plus proche des citoyens\u201c <\/a><\/strong><br><strong>et a notamment les priorit\u00e9s suivantes:<\/strong><\/p>\n\n\n\n<div style=\"height:7px\" aria-hidden=\"true\" class=\"wp-block-spacer\"><\/div>\n\n\n\n<div class=\"wp-block-columns is-layout-flex wp-container-core-columns-is-layout-28f84493 wp-block-columns-is-layout-flex\">\n<div class=\"wp-block-column is-vertically-aligned-center is-layout-flow wp-block-column-is-layout-flow\" style=\"flex-basis:100%\">\n<figure class=\"wp-block-image aligncenter size-full\"><img loading=\"lazy\" decoding=\"async\" width=\"799\" height=\"351\" src=\"https:\/\/eom-dl.eu\/wp-content\/uploads\/2024\/12\/4-priorites-d.png\" alt=\"\" class=\"wp-image-2970\" srcset=\"https:\/\/eom-dl.eu\/wp-content\/uploads\/2024\/12\/4-priorites-d.png 799w, https:\/\/eom-dl.eu\/wp-content\/uploads\/2024\/12\/4-priorites-d-300x132.png 300w, https:\/\/eom-dl.eu\/wp-content\/uploads\/2024\/12\/4-priorites-d-768x337.png 768w\" sizes=\"auto, (max-width: 799px) 100vw, 799px\" \/><\/figure>\n<\/div>\n<\/div>\n\n\n\n<div style=\"height:43px\" aria-hidden=\"true\" class=\"wp-block-spacer\"><\/div>\n\n\n\n<h2 class=\"wp-block-heading\">L&rsquo;appel \u00e0 projets<\/h2>\n\n\n\n<div class=\"wp-block-group has-pale-cyan-blue-background-color has-text-color has-background is-layout-flow wp-block-group-is-layout-flow block-visibility-hide-small-screen\" style=\"color:#000000;padding-top:var(--wp--preset--spacing--30);padding-right:var(--wp--preset--spacing--30);padding-bottom:var(--wp--preset--spacing--30);padding-left:var(--wp--preset--spacing--30)\">\n<div style=\"height:1px\" aria-hidden=\"true\" class=\"wp-block-spacer\"><\/div>\n\n\n\n<h3 class=\"wp-block-heading has-text-align-center\">L&rsquo;appel \u00e0 projets \u00ab\u00a0EOM \u2013 PA \/ AAP \u2013 ZF\u00a0\u00bb<br>est ouvert du 12.12.2023 jusqu&rsquo;au 12.12.2026<\/h3>\n\n\n\n<p class=\"has-text-align-center has-vivid-cyan-blue-color has-text-color has-medium-font-size\" style=\"line-height:1.2\"><strong>Pendant cette p\u00e9riode, les projets dont le budget est sup\u00e9rieur \u00e0 200.000,00 EUR<\/strong><br><br><strong>(ou \u00e0 partir du 1er trimestre 2024 les projets dont le budget est inf\u00e9rieur  <strong>\u00e0 200.000,00 EUR<\/strong>, mais qui ne qualifient pas comme \u00ab\u00a0petits projets\u00a0\u00bb )<\/strong><br><br><strong>peuvent \u00eatre d\u00e9pos\u00e9s sur la plateforme JEMS Grande R\u00e9gion.<\/strong><\/p>\n\n\n\n<div class=\"wp-block-buttons is-horizontal is-content-justification-center is-layout-flex wp-container-core-buttons-is-layout-03627597 wp-block-buttons-is-layout-flex block-visibility-hide-small-screen\">\n<div class=\"wp-block-button has-custom-width wp-block-button__width-50\"><a class=\"wp-block-button__link has-base-color has-text-color has-background has-medium-font-size has-custom-font-size wp-element-button\" href=\"https:\/\/www.interreg-gr.net\/\" style=\"border-radius:50px;background-color:#72be44;text-transform:uppercase\" target=\"_blank\" rel=\"noreferrer noopener\"><strong><strong>&gt; <strong>Acc\u00e9dez \u00e0 JEMS<\/strong><\/strong><\/strong><\/a><\/div>\n<\/div>\n\n\n\n<div style=\"height:1px\" aria-hidden=\"true\" class=\"wp-block-spacer\"><\/div>\n<\/div>\n\n\n\n<div class=\"wp-block-group alignfull has-pale-cyan-blue-background-color has-text-color has-background is-layout-flow wp-block-group-is-layout-flow block-visibility-hide-large-screen block-visibility-hide-medium-screen\" style=\"color:#000000;padding-top:var(--wp--preset--spacing--30);padding-right:var(--wp--preset--spacing--30);padding-bottom:var(--wp--preset--spacing--30);padding-left:var(--wp--preset--spacing--30)\">\n<div style=\"height:1px\" aria-hidden=\"true\" class=\"wp-block-spacer\"><\/div>\n\n\n\n<h4 class=\"wp-block-heading has-text-align-center\">L&rsquo;appel \u00e0 projets<br>\u00ab\u00a0EOM \u2013 PA \/ AAP \u2013 ZF\u00a0\u00bb<br>est ouvert du <br>12.12.2023 jusqu&rsquo;au 12.12.2026.<\/h4>\n\n\n\n<p class=\"has-text-align-center has-vivid-cyan-blue-color has-text-color has-medium-font-size\" style=\"line-height:1.5\"><strong>Pendant cette p\u00e9riode, les projets dont le budget est sup\u00e9rieur \u00e0 200.000,00 EUR<\/strong><br><br><strong>(ou \u00e0 partir du 1er trimestre 2024 les projets dont le budget est inf\u00e9rieur  <strong>\u00e0 200.000,00 EUR<\/strong>, mais qui ne qualifient pas comme \u00ab\u00a0petits projets\u00a0\u00bb )<\/strong><\/p>\n\n\n\n<p class=\"has-text-align-center has-vivid-cyan-blue-color has-text-color has-medium-font-size\" style=\"line-height:1.5\"><br><strong>peuvent \u00eatre d\u00e9pos\u00e9s sur la plateforme JEMS Grande R\u00e9gion.<\/strong><br><\/p>\n\n\n\n<div class=\"wp-block-buttons is-horizontal is-content-justification-center is-layout-flex wp-container-core-buttons-is-layout-03627597 wp-block-buttons-is-layout-flex block-visibility-hide-large-screen block-visibility-hide-medium-screen\">\n<div class=\"wp-block-button has-custom-width wp-block-button__width-100\"><a class=\"wp-block-button__link has-base-color has-text-color has-background has-medium-font-size has-custom-font-size wp-element-button\" href=\"https:\/\/www.interreg-gr.net\/\" style=\"border-radius:50px;background-color:#72be44;text-transform:uppercase\" target=\"_blank\" rel=\"noreferrer noopener\"><strong><strong>&gt; <strong>Acc\u00e9dez \u00e0 JEMS<\/strong><\/strong><\/strong><\/a><\/div>\n<\/div>\n\n\n\n<div style=\"height:1px\" aria-hidden=\"true\" class=\"wp-block-spacer\"><\/div>\n<\/div>\n\n\n\n<div style=\"height:50px\" aria-hidden=\"true\" class=\"wp-block-spacer\"><\/div>\n\n\n\n<h2 class=\"wp-block-heading\">Comment d\u00e9poser un projet?<\/h2>\n\n\n\n<h3 class=\"wp-block-heading\" id=\"conditions\">Conditions de projet<\/h3>\n\n\n\n<p><strong>Pour que votre demande de concours puisse b\u00e9n\u00e9ficier d&rsquo;un financement Interreg de l&rsquo;UE via l&rsquo;EOM, votre projet doit remplir les CONDITIONS DE PROJET suivantes:<\/strong><\/p>\n\n\n\n<ul class=\"wp-block-list\">\n<li>contribuer \u00e0 la mise en \u0153uvre de la strat\u00e9gie et de la vision de l&rsquo;EOM<\/li>\n\n\n\n<li>b\u00e9n\u00e9ficier principalement au territoire de l&rsquo;EOM<\/li>\n\n\n\n<li>au moins deux partenaires transfrontaliers doivent \u00eatre impliqu\u00e9s financi\u00e8rement dans le projet.<\/li>\n<\/ul>\n\n\n\n<p>V\u00e9rifiez notamment si votre projet r\u00e9pond aux <strong><a href=\"https:\/\/eom-dl.eu\/wp-content\/uploads\/2024\/11\/2024_11_04-Pruefkriterien_EOM.pdf\" data-type=\"attachment\" data-id=\"2851\" target=\"_blank\" rel=\"noreferrer noopener\">exigences des crit\u00e8res de recevabilit\u00e9 &amp; d\u2019instruction<\/a><\/strong><a href=\"https:\/\/eom-dl.eu\/wp-content\/uploads\/2024\/08\/2024_08_26-Pruefkriterien_EOM_Clean.pdf\" data-type=\"attachment\" data-id=\"2647\" target=\"_blank\" rel=\"noreferrer noopener\"> <\/a>(veuillez noter que ce document n&rsquo;est disponible qu&rsquo;en allemand dans un premier temps. Nous vous enverrons volontiers une traduction fran\u00e7aise sur demande).<\/p>\n\n\n\n<p><strong>Nous avons rassembl\u00e9 pour vous les questions les plus fr\u00e9quemment pos\u00e9es et les liens vers les documents<\/strong>:<\/p>\n\n\n\n<ul class=\"wp-block-list\">\n<li><a href=\"https:\/\/eom-dl.eu\/wp-content\/uploads\/2025\/10\/2025_10_30-FAQ-Antragsstellung-EOM_FR-1.pdf\" data-type=\"attachment\" data-id=\"3462\" target=\"_blank\" rel=\"noreferrer noopener\"><strong>FAQ D\u00e9p\u00f4t de la demande<\/strong> <\/a><\/li>\n<\/ul>\n\n\n\n<p>Vous trouverez \u00e9galement toutes les informations pertinentes et les document n\u00e9cessaires sur le site du programme :<br><strong><a href=\"https:\/\/interreg-gr.eu\/documents-et-outils\/documents-projets-classiques\/\" target=\"_blank\" rel=\"noreferrer noopener\">Interreg Grande R\u00e9gion Documents (2021-2027) (interreg-gr.eu)<\/a><\/strong><\/p>\n\n\n\n<div style=\"height:20px\" aria-hidden=\"true\" class=\"wp-block-spacer\"><\/div>\n\n\n\n<div class=\"wp-block-group has-pale-cyan-blue-background-color has-text-color has-background is-layout-flow wp-block-group-is-layout-flow block-visibility-hide-small-screen\" style=\"color:#000000\">\n<div style=\"height:24px\" aria-hidden=\"true\" class=\"wp-block-spacer\"><\/div>\n\n\n\n<h3 class=\"wp-block-heading has-text-align-center has-vivid-cyan-blue-color has-text-color has-large-font-size\">Vous avez d&rsquo;autres questions, vous cherchez encore des partenaires de projet ou des cofinanceurs <strong>?<\/strong><\/h3>\n\n\n\n<p class=\"has-text-align-center has-vivid-cyan-blue-color has-text-color has-medium-font-size\" style=\"line-height:1.5\"><strong>Toute question, suggestion ou id\u00e9e de projet concr\u00e8te peut \u00eatre adress\u00e9e \u00e0 la  gestion r\u00e9gionale<\/strong> <strong>de l&rsquo;EOM<\/strong><strong>:<\/strong><\/p>\n\n\n\n<div class=\"wp-block-buttons is-horizontal is-content-justification-center is-layout-flex wp-container-core-buttons-is-layout-03627597 wp-block-buttons-is-layout-flex block-visibility-hide-small-screen\">\n<div class=\"wp-block-button has-custom-width wp-block-button__width-50\"><a class=\"wp-block-button__link has-base-color has-text-color has-background has-medium-font-size has-custom-font-size wp-element-button\" href=\"mailto:info@eom-dl.eu\" style=\"border-radius:50px;background-color:#72be44;text-transform:uppercase\" target=\"_blank\" rel=\"noreferrer noopener\"><strong>Contactez-nous<\/strong> <strong>!<\/strong><\/a><\/div>\n<\/div>\n\n\n\n<div style=\"height:24px\" aria-hidden=\"true\" class=\"wp-block-spacer\"><\/div>\n<\/div>\n\n\n\n<div class=\"wp-block-group alignfull has-pale-cyan-blue-background-color has-text-color has-background is-layout-flow wp-block-group-is-layout-flow block-visibility-hide-large-screen block-visibility-hide-medium-screen\" style=\"color:#000000\">\n<div style=\"height:24px\" aria-hidden=\"true\" class=\"wp-block-spacer\"><\/div>\n\n\n\n<h3 class=\"wp-block-heading has-text-align-center has-vivid-cyan-blue-color has-text-color has-large-font-size\" style=\"line-height:1.2\"><strong>Vous avez d&rsquo;autres questions, vous cherchez encore des partenaires de projet ou des cofinanceurs<\/strong> <strong>?<\/strong><\/h3>\n\n\n\n<p class=\"has-text-align-center has-vivid-cyan-blue-color has-text-color has-medium-font-size\" style=\"line-height:1.5\"><strong><strong>Toute question, suggestion ou id\u00e9e de projet concr\u00e8te peut \u00eatre adress\u00e9e \u00e0 la gestion r\u00e9gionale<\/strong><\/strong> <strong>:<\/strong><\/p>\n\n\n\n<div class=\"wp-block-buttons is-horizontal is-content-justification-center is-layout-flex wp-container-core-buttons-is-layout-03627597 wp-block-buttons-is-layout-flex block-visibility-hide-large-screen block-visibility-hide-medium-screen\">\n<div class=\"wp-block-button has-custom-width wp-block-button__width-100\"><a class=\"wp-block-button__link has-base-color has-text-color has-background has-medium-font-size has-custom-font-size wp-element-button\" href=\"mailto:info@eom-dl.eu\" style=\"border-radius:50px;background-color:#72be44;text-transform:uppercase\" target=\"_blank\" rel=\"noreferrer noopener\"><strong><strong>Contactez-nous<\/strong><\/strong> <strong>!<\/strong><\/a><\/div>\n<\/div>\n\n\n\n<div style=\"height:24px\" aria-hidden=\"true\" class=\"wp-block-spacer\"><\/div>\n<\/div>\n\n\n\n<div style=\"height:20px\" aria-hidden=\"true\" class=\"wp-block-spacer\"><\/div>\n\n\n\n<p class=\"has-vivid-cyan-blue-color has-text-color\"><strong>La gestion r\u00e9gionale de l&rsquo;EOM accompagne les demandeurs de mani\u00e8re globale lors de la soumission des projets<\/strong><strong>:<\/strong><\/p>\n\n\n\n<figure class=\"wp-block-image size-full block-visibility-hide-small-screen\"><img loading=\"lazy\" decoding=\"async\" width=\"1110\" height=\"393\" src=\"https:\/\/eom-dl.eu\/wp-content\/uploads\/2023\/11\/prozess-fr.gif\" alt=\"\" class=\"wp-image-2079\"\/><\/figure>\n\n\n\n<div style=\"height:20px\" aria-hidden=\"true\" class=\"wp-block-spacer\"><\/div>\n\n\n\n<h3 class=\"wp-block-heading\"><strong>D\u00e9tails du d\u00e9p\u00f4t de la demande<\/strong><\/h3>\n\n\n\n<ul class=\"wp-block-list\">\n<li>Les<strong> <a href=\"#conditions\">CONDITIONS DE PROJET<\/a><\/strong> doivent \u00eatre remplies. Voir \u00e9galement le <a href=\"https:\/\/interreg-gr.eu\/financement\/les-zones-fonctionnelles\/\" target=\"_blank\" rel=\"noreferrer noopener\"><strong>LIEN<\/strong><\/a> suivant.<\/li>\n\n\n\n<li>L&rsquo;ensemble de la proc\u00e9dure de d\u00e9p\u00f4t se fait en ligne via JEMS (l&rsquo;outil de d\u00e9p\u00f4t et de gestion des projets du programme Interreg Grande R\u00e9gion 2021-2027).<\/li>\n\n\n\n<li>Le chef de file du projet cr\u00e9e un compte sur JEMS Grande R\u00e9gion et postule \u00e0 l&rsquo;appel \u00e0 projets \u00ab\u00a0EOM \u2013 PA \/ AAP \u2013 ZF\u00a0\u00bb en remplissant le formulaire de demande de subvention dans JEMS et en t\u00e9l\u00e9chargeant les annexes requises.<\/li>\n<\/ul>\n\n\n\n<div style=\"height:20px\" aria-hidden=\"true\" class=\"wp-block-spacer\"><\/div>\n\n\n\n<h3 class=\"wp-block-heading\"><strong>Les d\u00e9lais de prise de d\u00e9cision<\/strong>,<\/h3>\n\n\n\n<p class=\"has-vivid-cyan-blue-color has-text-color\"><strong>qui doivent \u00eatre pris en compte dans le cadre de JEMS :<\/strong><\/p>\n\n\n\n<ul class=\"wp-block-list\">\n<li>Tout projet qui serait soumis dans JEMS entre le 1&nbsp;et le 15 de chaque mois, passerai pour d\u00e9cision au comit\u00e9 de pilotage entre le 15 et le 30 deux mois plus tard. (Soumission en janvier, d\u00e9cision en mars).<\/li>\n\n\n\n<li>Tout projet qui serait soumis dans JEMS entre le 16 et le 30\/31 de chaque mois passerai pour d\u00e9cision au comit\u00e9 de pilotage entre le 15 et le 30 trois mois plus tard. (Soumission en janvier, d\u00e9cision en avril).<\/li>\n\n\n\n<li>Le d\u00e9lai de traitement de la recevabilit\u00e9, serait fait au plus vite (dans l\u2019id\u00e9al la semaine suivant la soumission).<\/li>\n<\/ul>\n\n\n\n<div style=\"height:20px\" aria-hidden=\"true\" class=\"wp-block-spacer\"><\/div>\n\n\n\n<h3 class=\"wp-block-heading\"><strong>Points de contact du programme<\/strong><\/h3>\n\n\n\n<p>Les points de contact comp\u00e9tents pour le territoire du chef de file sont joignables pour vous aider \u00e0 pr\u00e9parer le projet (question sur le programme Interreg, question sur le dossier de demande de concours FEDER, pr\u00e9paration du budget, recherche de partenaires de projet).<br><a rel=\"noreferrer noopener\" href=\"http:\/\/www.interreg-gr.eu\/fr\/points-de-contact\/\" target=\"_blank\"><strong>&gt; Points de contact \u2013 Interreg Grande R\u00e9gion 2021-2027 (interreg-gr.eu)<\/strong><\/a><\/p>\n\n\n\n<div style=\"height:50px\" aria-hidden=\"true\" class=\"wp-block-spacer\"><\/div>\n\n\n\n<h2 class=\"wp-block-heading\"><strong>Documents<\/strong><\/h2>\n\n\n\n<div class=\"wp-block-group has-text-color has-background has-global-padding is-layout-constrained wp-container-core-group-is-layout-17d11c15 wp-block-group-is-layout-constrained block-visibility-hide-small-screen\" style=\"color:#000000;background-color:#d0f9c4;padding-top:0;padding-right:var(--wp--preset--spacing--30);padding-bottom:0;padding-left:var(--wp--preset--spacing--30)\">\n<div style=\"height:10px\" aria-hidden=\"true\" class=\"wp-block-spacer\"><\/div>\n\n\n\n<p class=\"has-vivid-cyan-blue-color has-text-color\"><strong>D\u00e9couvrez la r\u00e9gion de l&rsquo;EOM<\/strong> <strong>:<\/strong><\/p>\n\n\n\n<ul class=\"wp-block-list\">\n<li><strong><a href=\"https:\/\/eom-dl.eu\/wp-content\/uploads\/2025\/02\/EOM_Uebersichtskarte_carte_generale_2025.pdf\" data-type=\"attachment\" data-id=\"3001\" target=\"_blank\" rel=\"noreferrer noopener\">Carte &#8211; Territoire de l&rsquo;EOM<\/a><\/strong><\/li>\n\n\n\n<li><a href=\"https:\/\/eom-dl.eu\/wp-content\/uploads\/2023\/09\/NUTS-LISTE_EOM-GEBIET_v2.pdf\" data-type=\"attachment\" data-id=\"1484\" target=\"_blank\" rel=\"noreferrer noopener\"><strong>Liste des municipalit\u00e9s<\/strong><\/a><\/li>\n<\/ul>\n\n\n\n<div style=\"height:10px\" aria-hidden=\"true\" class=\"wp-block-spacer\"><\/div>\n<\/div>\n\n\n\n<div class=\"wp-block-group alignfull has-text-color has-background has-global-padding is-layout-constrained wp-container-core-group-is-layout-c748ba87 wp-block-group-is-layout-constrained block-visibility-hide-large-screen block-visibility-hide-medium-screen\" style=\"color:#000000;background-color:#d0f9c4;padding-left:var(--wp--preset--spacing--40)\">\n<div style=\"height:10px\" aria-hidden=\"true\" class=\"wp-block-spacer\"><\/div>\n\n\n\n<p class=\"has-vivid-cyan-blue-color has-text-color\"><strong>D\u00e9couvrez la r\u00e9gion de l&rsquo;EOM<\/strong> <strong>:<\/strong><\/p>\n\n\n\n<ul class=\"wp-block-list\">\n<li><strong><a href=\"https:\/\/eom-dl.eu\/wp-content\/uploads\/2025\/02\/EOM_Uebersichtskarte_carte_generale_2025.pdf\" data-type=\"attachment\" data-id=\"3001\" target=\"_blank\" rel=\"noreferrer noopener\">Carte &#8211; Territoire de l&rsquo;EOM<\/a><\/strong><\/li>\n\n\n\n<li><a href=\"https:\/\/eom-dl.eu\/wp-content\/uploads\/2023\/09\/NUTS-LISTE_EOM-GEBIET_v2.pdf\" data-type=\"attachment\" data-id=\"1484\" target=\"_blank\" rel=\"noreferrer noopener\"><strong>Liste des municipalit\u00e9s<\/strong><\/a><\/li>\n<\/ul>\n\n\n\n<div style=\"height:10px\" aria-hidden=\"true\" class=\"wp-block-spacer\"><\/div>\n<\/div>\n\n\n\n<h3 class=\"wp-block-heading\"><strong>Informations importantes sur la demande<\/strong><\/h3>\n\n\n\n<ul class=\"wp-block-list\">\n<li><strong><a href=\"https:\/\/eom-dl.eu\/wp-content\/uploads\/2026\/02\/Zf_-Guide-Pratique_Projets_InterregGR_01_2026-1.pdf\" data-type=\"attachment\" data-id=\"3517\" target=\"_blank\" rel=\"noreferrer noopener\">Guide Pratique Projets<\/a><\/strong><\/li>\n\n\n\n<li><a href=\"https:\/\/eom-dl.eu\/wp-content\/uploads\/2025\/10\/2025_10_30-FAQ-Antragsstellung-EOM_FR-1.pdf\" data-type=\"attachment\" data-id=\"3462\" target=\"_blank\" rel=\"noreferrer noopener\"><strong>FAQ D\u00e9p\u00f4t de la demande<\/strong> <\/a><\/li>\n\n\n\n<li><a rel=\"noreferrer noopener\" href=\"https:\/\/eom-dl.eu\/wp-content\/uploads\/2023\/07\/EOM-Leitbild-20180628web.pdf\" data-type=\"attachment\" data-id=\"177\" target=\"_blank\"><strong>EOM-strat\u00e9gie<\/strong><\/a><\/li>\n\n\n\n<li><strong><a href=\"https:\/\/eom-dl.eu\/wp-content\/uploads\/2025\/12\/2025_12_01_EOM-Bestimmungen-Projektaufruf.pdf\" data-type=\"attachment\" data-id=\"3501\" target=\"_blank\" rel=\"noreferrer noopener\">Conditions de l&rsquo;appel \u00e0 projets<\/a><\/strong><a href=\"https:\/\/eom-dl.eu\/wp-content\/uploads\/2025\/03\/2024_11_04_EOM-Bestimmungen-Projektaufruf-1.pdf\" data-type=\"attachment\" data-id=\"3075\" target=\"_blank\" rel=\"noreferrer noopener\"> <\/a>(veuillez noter que ce document n&rsquo;est disponible qu&rsquo;en allemand dans un premier temps. Nous vous enverrons volontiers une traduction fran\u00e7aise sur demande)<\/li>\n\n\n\n<li><strong><a href=\"https:\/\/eom-dl.eu\/wp-content\/uploads\/2024\/11\/2024_11_04-Pruefkriterien_EOM.pdf\" data-type=\"attachment\" data-id=\"2851\" target=\"_blank\" rel=\"noreferrer noopener\">Crit\u00e8res de recevabilit\u00e9 &amp; d\u2019instruction<\/a><\/strong> (veuillez noter que ce document n&rsquo;est disponible qu&rsquo;en allemand dans un premier temps. Nous vous enverrons volontiers une traduction fran\u00e7aise sur demande)<\/li>\n\n\n\n<li><strong><a href=\"https:\/\/eom-dl.eu\/wp-content\/uploads\/2024\/01\/2024_01_04_EOM-Interreg_Projektablauf-und-Zeitstrahl-_-Website-FR-1.pdf\" data-type=\"attachment\" data-id=\"2452\" target=\"_blank\" rel=\"noreferrer noopener\">D\u00e9roulement du processus<\/a><\/strong><\/li>\n<\/ul>\n\n\n\n<div class=\"wp-block-columns is-layout-flex wp-container-core-columns-is-layout-28f84493 wp-block-columns-is-layout-flex\">\n<div class=\"wp-block-column is-layout-flow wp-block-column-is-layout-flow\">\n<div class=\"custom-css-block\"><style>#aab_accordion_088e3db9 {  }<\/style><\/div><div class=\"wp-block-aab-accordion-block aab__accordion_container  accessibilityOn separate-accordion no-pro-plan\" style=\"margin-top:0px;margin-bottom:15px;border:1px solid #bcb6b638\" id=\"aab_accordion_088e3db9\" role=\"button\" aria-expanded=\"false\" tabindex=\"0\"><div class=\"aab__accordion_head aab_right_icon \" style=\"background-color:#bcb6b638;border-top:none;border-right:none;border-bottom:none;border-left:none\"><div class=\"aab__accordion_heading aab_right_icon aab_right_link\"><div class=\"head_content_wrapper\"><div class=\"title_wrapper\"><p class=\"aab__accordion_title\" style=\"margin:0\">Archives des documents<\/p><\/div><\/div><\/div><div class=\"aab__accordion_icon\" style=\"border:0px solid transparent\"><span class=\"aab__icon dashicons dashicons-plus-alt2\" style=\"font-size:23px\"><\/span><\/div><\/div><div class=\"aab__accordion_body  \" role=\"region\" style=\"display:none;border-top:1px solid #bcb6b638;border-right:none;border-bottom:none;border-left:none\"><div class=\"aab__accordion_component\">\n<ul class=\"wp-block-list\">\n<li><strong><a href=\"https:\/\/eom-dl.eu\/wp-content\/uploads\/2024\/08\/2024_08_26-Pruefkriterien_EOM_Clean.pdf\" data-type=\"attachment\" data-id=\"2647\" target=\"_blank\" rel=\"noreferrer noopener\">Crit\u00e8res de recevabilit\u00e9 &amp; d\u2019instruction<\/a><\/strong> (valable du 17.07.2024-03.11.2024)<\/li>\n\n\n\n<li><strong><a href=\"https:\/\/eom-dl.eu\/wp-content\/uploads\/2024\/02\/2024_02_15-EOM-Pruefkriterien.pdf\" data-type=\"attachment\" data-id=\"2485\" target=\"_blank\" rel=\"noreferrer noopener\">Crit\u00e8res de recevabilit\u00e9 &amp; d\u2019instruction<\/a><\/strong> (valable du 12.12.2023-16.07.2024)<\/li>\n\n\n\n<li><a href=\"https:\/\/eom-dl.eu\/wp-content\/uploads\/2023\/12\/2023_12_12_EOM-Bestimmungen-Projektaufruf_clean.pdf\" data-type=\"attachment\" data-id=\"2351\"><strong>Conditions de l&rsquo;appel \u00e0 <\/strong><\/a><strong><a href=\"https:\/\/eom-dl.eu\/wp-content\/uploads\/2023\/12\/2023_12_12_EOM-Bestimmungen-Projektaufruf_clean.pdf\" data-type=\"attachment\" data-id=\"2351\" target=\"_blank\" rel=\"noreferrer noopener\">projets<\/a><\/strong><a href=\"https:\/\/eom-dl.eu\/wp-content\/uploads\/2023\/12\/2023_12_12_EOM-Bestimmungen-Projektaufruf_clean.pdf\" data-type=\"attachment\" data-id=\"2351\"> <\/a> (valable du 12.12.2023-03.11.2024)<\/li>\n\n\n\n<li><strong><a href=\"https:\/\/eom-dl.eu\/wp-content\/uploads\/2025\/03\/2024_11_04_EOM-Bestimmungen-Projektaufruf-1.pdf\" data-type=\"attachment\" data-id=\"3075\" target=\"_blank\" rel=\"noreferrer noopener\"><strong>Conditions de l&rsquo;appel \u00e0 projets<\/strong> <\/a><\/strong><a href=\"https:\/\/eom-dl.eu\/wp-content\/uploads\/2023\/12\/2023_12_12_EOM-Bestimmungen-Projektaufruf_clean.pdf\" data-type=\"attachment\" data-id=\"2351\"> <\/a> (valable du 04.11.2024-01.12.2025)<\/li>\n\n\n\n<li><strong><a href=\"https:\/\/eom-dl.eu\/wp-content\/uploads\/2024\/12\/Conditions-generales-projets-21-27_VDecembre-2023-3.pdf\" data-type=\"attachment\" data-id=\"2928\" target=\"_blank\" rel=\"noreferrer noopener\">Conditions g\u00e9n\u00e9rales de projet<\/a><\/strong> (valable du 01.10.2023-23.10. 2024)<\/li>\n<\/ul>\n<\/div><\/div><\/div>\n<\/div>\n\n\n\n<div class=\"wp-block-column is-layout-flow wp-block-column-is-layout-flow\"><\/div>\n<\/div>\n\n\n\n<h3 class=\"wp-block-heading\"><strong>Informations g\u00e9n\u00e9rales pour tous les projets Interreg<\/strong><\/h3>\n\n\n\n<p><\/p>\n\n\n\n<ul class=\"wp-block-list\">\n<li><strong><a href=\"https:\/\/eom-dl.eu\/wp-content\/uploads\/2025\/10\/D04_Conditions-generales-projets-21-27.pdf\" data-type=\"attachment\" data-id=\"3441\" target=\"_blank\" rel=\"noreferrer noopener\">Conditions g\u00e9n\u00e9rales de projet<\/a><\/strong> (valable \u00e0 partir du 09.10.2025)<\/li>\n\n\n\n<li><strong><a href=\"https:\/\/interreg-gr.eu\/faq\/\" target=\"_blank\" rel=\"noreferrer noopener\">Interreg FAQ D\u00e9veloppement et d\u00e9p\u00f4t de projets \/ JEMS<\/a><\/strong><\/li>\n\n\n\n<li><strong><a href=\"https:\/\/eom-dl.eu\/wp-content\/uploads\/2024\/11\/Guide-de-communication_version-13.11.2024.pdf\" data-type=\"attachment\" data-id=\"2836\" target=\"_blank\" rel=\"noreferrer noopener\">Guide de communication<\/a><\/strong><\/li>\n\n\n\n<li><strong><a href=\"https:\/\/eom-dl.eu\/wp-content\/uploads\/2023\/11\/Guide-JEMS_20230606-2.pdf\" data-type=\"attachment\" data-id=\"2265\" target=\"_blank\" rel=\"noreferrer noopener\">Guide d&rsquo;utilisation JEMS<\/a><\/strong><\/li>\n\n\n\n<li><strong><a href=\"https:\/\/eom-dl.eu\/wp-content\/uploads\/2025\/03\/Logique-dintervention-des-indicateurs_V2_20250318.pdf\" data-type=\"attachment\" data-id=\"3161\" target=\"_blank\" rel=\"noreferrer noopener\">Guide indicateurs de r\u00e9alisation et de r\u00e9sultat<\/a><\/strong><\/li>\n\n\n\n<li><strong><a href=\"https:\/\/eom-dl.eu\/wp-content\/uploads\/2024\/01\/Budget-estimatif-fiche-synthetique_AAP2_11.12.23-1-2.xlsx\" data-type=\"attachment\" data-id=\"2412\">Tableau budget &#8211; mod\u00e8le<\/a><\/strong><br>(doit \u00eatre rempli dans JEMS, le document Excel sert uniquement de base de travail)<\/li>\n\n\n\n<li><strong><a href=\"https:\/\/eom-dl.eu\/wp-content\/uploads\/2023\/12\/Controle-de-solvabilite_version-mars-2023.pdf\" data-type=\"attachment\" data-id=\"2325\" target=\"_blank\" rel=\"noreferrer noopener\">Contr\u00f4le de solvabilit\u00e9<\/a><\/strong><\/li>\n\n\n\n<li><strong><a href=\"https:\/\/eom-dl.eu\/wp-content\/uploads\/2024\/07\/Guide-aides-dEtat_FR_11.07.2024.pdf\" data-type=\"attachment\" data-id=\"2609\" target=\"_blank\" rel=\"noreferrer noopener\">Guide &#8211; Aides d&rsquo;Etat<\/a><\/strong><\/li>\n\n\n\n<li><strong><a href=\"https:\/\/eom-dl.eu\/wp-content\/uploads\/2024\/03\/Fiche-explicative-projets-jusqua-200k_consolidee.docx\" data-type=\"attachment\" data-id=\"2514\">Fiche explicative&nbsp;: calcul du FEDER \u00e9li<\/a><a href=\"https:\/\/eom-dl.eu\/wp-content\/uploads\/2024\/03\/Fiche-explicative-projets-jusqua-200k_consolidee.docx\" data-type=\"attachment\" data-id=\"2514\" target=\"_blank\" rel=\"noreferrer noopener\">gible pour les projets jusqu\u2019\u00e0 200.000 \u20ac<\/a><\/strong><\/li>\n\n\n\n<li><strong><a href=\"https:\/\/eom-dl.eu\/wp-content\/uploads\/2025\/10\/Tableau_calcul-OCS_Projekte_Berechnung-VKO_Projets_200k_APP-4_final-version.xlsx\" data-type=\"attachment\" data-id=\"3444\" target=\"_blank\" rel=\"noreferrer noopener\">Tableau budget projets jusqu&rsquo;\u00e0 200.000\u20ac<\/a><\/strong><\/li>\n<\/ul>\n\n\n\n<style>\n        .aagb_accordion_d62eaa8b_5 .aagb__accordion_active .aagb__accordion_body {\n            border-top: 1px solid #ebebeb;\n        }\n        .aagb_accordion_d62eaa8b_5 .aagb__accordion_container.wp-block-aab-accordion-item .aagb__accordion_head {\n          background-color: #bcb6b638;\n          \n          border-top: none; border-right: none; border-bottom: none; border-left: none;\n          \n        }\n        .aagb_accordion_d62eaa8b_5 .aagb__accordion_container.wp-block-aab-accordion-item .aagb__accordion_body {\n          \n          \n          \n          border-top: 1px solid #bcb6b638; border-right: none; border-bottom: none; border-left: none;\n          \n        }\n        \n        .aagb_accordion_d62eaa8b_5 .wp-block-aab-accordion-item .aagb__accordion_subheading {\n          margin: 5px 0 0 0;\n          \n        }\n        .aagb_accordion_d62eaa8b_5 .wp-block-aab-accordion-item .aagb__accordion_icon {\n          \n          \n        }\n        .aagb_accordion_d62eaa8b_5 .wp-block-aab-accordion-item .aagb__icon {\n          font-size: 23px;\n        }\n        .aagb_accordion_d62eaa8b_5 .aagb__accordion_title {\n          margin: 0;\n          \n        }\n        .aagb_accordion_d62eaa8b_5 .aagb__accordion_container {\n          border: 1px solid #bcb6b638;\n          margin-top: 0px;\n          margin-bottom: 15px;\n          \n        }\n          .aagb_accordion_d62eaa8b_5 .aagb__accordion_number{\n            \n        }\n        .aagb_accordion_d62eaa8b_5 .wp-block-aab-accordion-item .aagb__accordion_subheading{\n           false\n        }\n\n        .aagb_accordion_d62eaa8b_5 .aab-step-progress{\n          background-color: #dfd2d2;\n        }\n            \n        .aagb_accordion_d62eaa8b_5 .aab-step-progress-bar {\n          background-color: #1570ec;\n        }\n\n        .aagb_accordion_d62eaa8b_5 .aagb__accordion_number{\n          \n        }\n        .aagb_accordion_d62eaa8b_5 .aab-progress-bar-container{\n          background-color: #f0f0f0;\n        }\n        .aagb_accordion_d62eaa8b_5 .aab-progress-bar {\n            background-color: #0866ff;\n        }\n        \n       .aagb__group_accordion_container.has_img {\n            \n            flex-direction: row;\n        }\n         .aagb_accordion_d62eaa8b_5.wp-block-aab-group-accordion.aab-next-previous-enabled{\n          padding-left: 50px !important;\n            \n            \n            \n        }\n        .aagb_accordion_d62eaa8b_5 .aagb-accordion-next-previous{\n          left: 0; top: 50%; transform: translateY(-50%); position: absolute;\n            \n            \n            \n        }\n        .aagb_accordion_d62eaa8b_5 .aagb-accordion-previous-icon,.aagb_accordion_d62eaa8b_5 .aagb-accordion-next-icon {\n          background-color: #010101;\n          svg{\n            fill: #ffffff;\n          }\n        }\n         \n          .aagb__group_accordion_container.has_img{\n          \n          \n          \n          .aab-next-previous-enabled{\n            \n            \n          }\n\n        }\n      \n          .aagb_accordion_d62eaa8b_5 .aagb__accordion_container {\n            transition-duration: 0ms !important;\n            outline: 2px solid #00000000;\n          }\n          .aagb_accordion_d62eaa8b_5 .aagb__accordion_container:focus-visible {\n            outline: 2px solid #C2DBFE;\n          }\n        <\/style><div class=\"wp-block-aab-group-accordion searchable aagb_accordion_d62eaa8b_5 click false\" id=\"group-accordion-d62eaa8b_5\">\n<div class=\"wp-block-aab-accordion-item aagb__accordion_container panel\" data-autoplay=\"false\" data-duration=\"3000\" data-progress-bar-direction=\"horizontal\" data-feature-image-url=\"\" data-auto-numbering=\"false\" data-progress-bar-on=\"false\" tabindex=\"0\"><div class=\"aagb__accordion_head aab_right_icon  \" data-active=\"false\"><div class=\"aagb__accordion_heading aab_right_icon aagb_right_link\"><div class=\"head_content_wrapper\"><div class=\"title_wrapper\"><h5 class=\"aagb__accordion_title\">Documents de demande valable \u00e0 partir du 24.11.2025<\/h5><\/div><\/div><\/div><div class=\"aagb__accordion_icon\"><div class=\"aagb__icon_dashicons_box\"><span class=\"aagb__icon dashicons dashicons-plus-alt2\"><\/span><\/div><\/div><\/div><div class=\"aagb__accordion_body   \" role=\"region\"><div class=\"aagb__accordion_component \">\n<ul class=\"wp-block-list\">\n<li><strong><a href=\"https:\/\/eom-dl.eu\/wp-content\/uploads\/2023\/11\/demande-de-concours-1er-appel-a-projets-version-mars-2023.docx\" data-type=\"attachment\" data-id=\"2215\" target=\"_blank\" rel=\"noreferrer noopener\">La demande de concours<\/a><\/strong><br>(doit \u00eatre rempli dans JEMS, le document Word sert uniquement de base de travail)<\/li>\n\n\n\n<li><strong><a href=\"https:\/\/eom-dl.eu\/wp-content\/uploads\/2025\/11\/Zf_Attestation-dengagement_P-chef-de-file_11.2025.docx\" data-type=\"attachment\" data-id=\"3474\" target=\"_blank\" rel=\"noreferrer noopener\">Attestation d&rsquo;engagement du partenaire chef de file<\/a><\/strong><\/li>\n\n\n\n<li><strong><a href=\"https:\/\/eom-dl.eu\/wp-content\/uploads\/2025\/11\/Zf_Attestation-dengagement_P-financier_11.2025.docx\" data-type=\"attachment\" data-id=\"3476\" target=\"_blank\" rel=\"noreferrer noopener\">Attestation d&rsquo;engagement du partenaire financier<\/a><\/strong><\/li>\n\n\n\n<li><strong><a href=\"https:\/\/eom-dl.eu\/wp-content\/uploads\/2024\/12\/Zf_Attestation-dengagement_P-methodologique_11.2024.docx\" data-type=\"attachment\" data-id=\"2906\" target=\"_blank\" rel=\"noreferrer noopener\">Attestation d&rsquo;engagement du partenaire m\u00e9thodologique<\/a><\/strong><\/li>\n\n\n\n<li><strong><a href=\"https:\/\/eom-dl.eu\/wp-content\/uploads\/2025\/11\/Anhang_Eigenmittel_Annexe_Fonds_propres_11.2025.docx\" data-type=\"attachment\" data-id=\"3486\" target=\"_blank\" rel=\"noreferrer noopener\">Annexe &#8211; D\u00e9claration de financement sur fonds propres<\/a><\/strong><\/li>\n\n\n\n<li><strong><a href=\"https:\/\/eom-dl.eu\/wp-content\/uploads\/2025\/11\/Anhang_Kofinanzierung_Annexe_cofinancement_11.2025.docx\" data-type=\"attachment\" data-id=\"3488\" target=\"_blank\" rel=\"noreferrer noopener\">Annexe &#8211; D\u00e9claration de cofinancement(s) public(s)\/priv\u00e9(s)<\/a><\/strong><\/li>\n\n\n\n<li><strong><a href=\"https:\/\/eom-dl.eu\/wp-content\/uploads\/2025\/11\/Anhang_MwSt-Erklarung_Annexe_Attestation-TVA_11.2025.docx\" data-type=\"attachment\" data-id=\"3490\" target=\"_blank\" rel=\"noreferrer noopener\">Annexe &#8211; D\u00e9claration sur la TVA<\/a><\/strong><\/li>\n\n\n\n<li><strong><a href=\"https:\/\/eom-dl.eu\/wp-content\/uploads\/2024\/07\/Annexe_Declaration_sur_les_aides_de_minimis.docx\" data-type=\"attachment\" data-id=\"2603\" target=\"_blank\" rel=\"noreferrer noopener\">Annexe &#8211; D\u00e9claration des aides de minimis<\/a><\/strong><\/li>\n\n\n\n<li><a href=\"https:\/\/eom-dl.eu\/wp-content\/uploads\/2024\/11\/Informations-complementaires_Groupes-de-fonction_Ergaenzende_Informationen_Funktionsgruppen.docx\" data-type=\"attachment\" data-id=\"2814\" target=\"_blank\" rel=\"noreferrer noopener\"><strong>Informations compl\u00e9mentaires &#8211; Groupe(s) de fonction<\/strong><\/a><\/li>\n<\/ul>\n<\/div><\/div><\/div>\n\n\n\n<div class=\"wp-block-aab-accordion-item aagb__accordion_container panel\" data-autoplay=\"false\" data-duration=\"3000\" data-progress-bar-direction=\"horizontal\" data-feature-image-url=\"\" data-auto-numbering=\"false\" data-progress-bar-on=\"false\" tabindex=\"0\"><div class=\"aagb__accordion_head aab_right_icon  \" data-active=\"false\"><div class=\"aagb__accordion_heading aab_right_icon aagb_right_link\"><div class=\"head_content_wrapper\"><div class=\"title_wrapper\"><h5 class=\"aagb__accordion_title\">Documents de demande valable \u00e0 partir du 04.11.2024<\/h5><\/div><\/div><\/div><div class=\"aagb__accordion_icon\"><div class=\"aagb__icon_dashicons_box\"><span class=\"aagb__icon dashicons dashicons-plus-alt2\"><\/span><\/div><\/div><\/div><div class=\"aagb__accordion_body   \" role=\"region\"><div class=\"aagb__accordion_component \">\n<ul class=\"wp-block-list\">\n<li><strong><a href=\"https:\/\/eom-dl.eu\/wp-content\/uploads\/2023\/11\/demande-de-concours-1er-appel-a-projets-version-mars-2023.docx\" data-type=\"attachment\" data-id=\"2215\" target=\"_blank\" rel=\"noreferrer noopener\">La demande de concours<\/a><\/strong><br>(doit \u00eatre rempli dans JEMS, le document Word sert uniquement de base de travail)<\/li>\n\n\n\n<li><strong><a href=\"https:\/\/eom-dl.eu\/wp-content\/uploads\/2024\/12\/Zf_Attestation-dengagement_P-chef-de-file_11.2024.docx\" data-type=\"attachment\" data-id=\"2902\" target=\"_blank\" rel=\"noreferrer noopener\">Attestation d&rsquo;engagement du partenaire chef de file<\/a><\/strong><\/li>\n\n\n\n<li><strong><a href=\"https:\/\/eom-dl.eu\/wp-content\/uploads\/2024\/12\/Zf_Attestation-dengagement_P-financier_11.2024.docx\" data-type=\"attachment\" data-id=\"2904\" target=\"_blank\" rel=\"noreferrer noopener\">Attestation d&rsquo;engagement du partenaire financier<\/a><\/strong><\/li>\n\n\n\n<li><strong><a href=\"https:\/\/eom-dl.eu\/wp-content\/uploads\/2024\/12\/Zf_Attestation-dengagement_P-methodologique_11.2024.docx\" data-type=\"attachment\" data-id=\"2906\" target=\"_blank\" rel=\"noreferrer noopener\">Attestation d&rsquo;engagement du partenaire m\u00e9thodologique<\/a><\/strong><\/li>\n\n\n\n<li><strong><a href=\"https:\/\/eom-dl.eu\/wp-content\/uploads\/2023\/11\/Anhang_EigenmittelFin_FinFondsprores_version-mars-2023-2.docx\" data-type=\"attachment\" data-id=\"2223\" target=\"_blank\" rel=\"noreferrer noopener\">Annexe &#8211; D\u00e9claration de financement sur fonds propres<\/a><\/strong><\/li>\n\n\n\n<li><strong><a href=\"https:\/\/eom-dl.eu\/wp-content\/uploads\/2023\/11\/Anhang_Kofinanzierung_cofinancement_version-mars-2023-5.docx\" data-type=\"attachment\" data-id=\"2144\" target=\"_blank\" rel=\"noreferrer noopener\">Annexe &#8211; D\u00e9claration de cofinancement(s) public(s)\/priv\u00e9(s)<\/a><\/strong><\/li>\n\n\n\n<li><strong><a href=\"https:\/\/eom-dl.eu\/wp-content\/uploads\/2023\/11\/Attestation-TVA_MwSt-Erklaerung_version-mars-2023-6.docx\" data-type=\"attachment\" data-id=\"2219\" target=\"_blank\" rel=\"noreferrer noopener\">Annexe &#8211; D\u00e9claration sur la TVA<\/a><\/strong><\/li>\n\n\n\n<li><strong><a href=\"https:\/\/eom-dl.eu\/wp-content\/uploads\/2024\/07\/Annexe_Declaration_sur_les_aides_de_minimis.docx\" data-type=\"attachment\" data-id=\"2603\" target=\"_blank\" rel=\"noreferrer noopener\">Annexe &#8211; D\u00e9claration des aides de minimis<\/a><\/strong><\/li>\n\n\n\n<li><a href=\"https:\/\/eom-dl.eu\/wp-content\/uploads\/2024\/11\/Informations-complementaires_Groupes-de-fonction_Ergaenzende_Informationen_Funktionsgruppen.docx\" data-type=\"attachment\" data-id=\"2814\" target=\"_blank\" rel=\"noreferrer noopener\"><strong>Informations compl\u00e9mentaires &#8211; Groupe(s) de fonction<\/strong><\/a><\/li>\n<\/ul>\n<\/div><\/div><\/div>\n\n\n\n<div class=\"wp-block-aab-accordion-item aagb__accordion_container panel\" data-autoplay=\"false\" data-duration=\"3000\" data-progress-bar-direction=\"horizontal\" data-feature-image-url=\"\" data-auto-numbering=\"false\" data-progress-bar-on=\"false\" tabindex=\"0\"><div class=\"aagb__accordion_head aab_right_icon  \" data-active=\"false\"><div class=\"aagb__accordion_heading aab_right_icon aagb_right_link\"><div class=\"head_content_wrapper\"><div class=\"title_wrapper\"><h5 class=\"aagb__accordion_title\">Documents de demande valable du 12.12.2023 &#8211; 03.11.2024<\/h5><\/div><\/div><\/div><div class=\"aagb__accordion_icon\"><div class=\"aagb__icon_dashicons_box\"><span class=\"aagb__icon dashicons dashicons-plus-alt2\"><\/span><\/div><\/div><\/div><div class=\"aagb__accordion_body   \" role=\"region\"><div class=\"aagb__accordion_component \">\n<ul class=\"wp-block-list\">\n<li><strong><a href=\"https:\/\/eom-dl.eu\/wp-content\/uploads\/2023\/11\/demande-de-concours-1er-appel-a-projets-version-mars-2023.docx\" data-type=\"attachment\" data-id=\"2215\" target=\"_blank\" rel=\"noreferrer noopener\">La demande de concours<\/a><\/strong><br>(doit \u00eatre rempli dans JEMS, le document Word sert uniquement de base de travail)<\/li>\n\n\n\n<li><strong><a href=\"https:\/\/eom-dl.eu\/wp-content\/uploads\/2024\/02\/Zf_Attestation-dengagement_P-chef-de-file_30.01.2024.docx\" data-type=\"attachment\" data-id=\"2471\" target=\"_blank\" rel=\"noreferrer noopener\">Attestation d&rsquo;engagement du partenaire chef de file<\/a><\/strong><\/li>\n\n\n\n<li><strong><a href=\"https:\/\/eom-dl.eu\/wp-content\/uploads\/2024\/02\/Zf_Attestation-dengagement_P-financier_30.01.2024.docx\" data-type=\"attachment\" data-id=\"2473\" target=\"_blank\" rel=\"noreferrer noopener\">Attestation d&rsquo;engagement du partenaire financier<\/a><\/strong><\/li>\n\n\n\n<li><strong><a href=\"https:\/\/eom-dl.eu\/wp-content\/uploads\/2024\/02\/Zf_Attestation-dengagement_P-methodologique_30.01.2024.docx\" data-type=\"attachment\" data-id=\"2475\" target=\"_blank\" rel=\"noreferrer noopener\">Attestation d&rsquo;engagement du partenaire m\u00e9thodologique<\/a><\/strong><\/li>\n\n\n\n<li><strong><a href=\"https:\/\/eom-dl.eu\/wp-content\/uploads\/2023\/11\/Anhang_EigenmittelFin_FinFondsprores_version-mars-2023-2.docx\" data-type=\"attachment\" data-id=\"2223\" target=\"_blank\" rel=\"noreferrer noopener\">Annexe &#8211; D\u00e9claration de financement sur fonds propres<\/a><\/strong><\/li>\n\n\n\n<li><strong><a href=\"https:\/\/eom-dl.eu\/wp-content\/uploads\/2023\/11\/Anhang_Kofinanzierung_cofinancement_version-mars-2023-5.docx\" data-type=\"attachment\" data-id=\"2144\" target=\"_blank\" rel=\"noreferrer noopener\">Annexe &#8211; D\u00e9claration de cofinancement(s) public(s)\/priv\u00e9(s)<\/a><\/strong><\/li>\n\n\n\n<li><strong><a href=\"https:\/\/eom-dl.eu\/wp-content\/uploads\/2023\/11\/Attestation-TVA_MwSt-Erklaerung_version-mars-2023-6.docx\" data-type=\"attachment\" data-id=\"2219\" target=\"_blank\" rel=\"noreferrer noopener\">Annexe &#8211; D\u00e9claration sur la TVA<\/a><\/strong><\/li>\n\n\n\n<li><strong><a href=\"https:\/\/eom-dl.eu\/wp-content\/uploads\/2024\/07\/Annexe_Declaration_sur_les_aides_de_minimis.docx\" data-type=\"attachment\" data-id=\"2603\" target=\"_blank\" rel=\"noreferrer noopener\">Annexe &#8211; D\u00e9claration des aides de minimis<\/a><\/strong><\/li>\n\n\n\n<li><strong><a href=\"https:\/\/eom-dl.eu\/wp-content\/uploads\/2024\/07\/Modele_Lettre-de-mission_personnel_InterregGR-1.docx\" data-type=\"attachment\" data-id=\"2629\" target=\"_blank\" rel=\"noreferrer noopener\">Lettre de mission<\/a><\/strong><\/li>\n<\/ul>\n<\/div><\/div><\/div>\n<\/div>\n\n\n\n<div class=\"wp-block-group is-content-justification-center is-nowrap is-layout-flex wp-container-core-group-is-layout-23441af8 wp-block-group-is-layout-flex\">\n<figure class=\"wp-block-image aligncenter size-full\"><img loading=\"lazy\" decoding=\"async\" width=\"766\" height=\"168\" src=\"https:\/\/eom-dl.eu\/wp-content\/uploads\/2023\/07\/3er-Logo.jpg\" alt=\"EOM - Europe - Interreg\" class=\"wp-image-188\" srcset=\"https:\/\/eom-dl.eu\/wp-content\/uploads\/2023\/07\/3er-Logo.jpg 766w, https:\/\/eom-dl.eu\/wp-content\/uploads\/2023\/07\/3er-Logo-300x66.jpg 300w\" sizes=\"auto, (max-width: 766px) 100vw, 766px\" \/><\/figure>\n<\/div>\n\n\n\n<h4 class=\"wp-block-heading has-text-align-center has-medium-font-size\"><strong>Funktionaler Raum &#8211; Entwicklungskonzept Oberes Moseltal (EOM) \u2013 Zone Fonctionelle<\/strong><\/h4>\n","protected":false},"excerpt":{"rendered":"<p>Le Concept de d\u00e9veloppement de la Haute Vall\u00e9e de la Moselle (EOM) a \u00e9t\u00e9 reconnu comme zone fonctionnelle transfrontalier dans le cadre du programme de coop\u00e9ration europ\u00e9en Interreg Grande R\u00e9gion 2021-2027. La zone fonctionnelle est une nouveaut\u00e9 dans le programme de coop\u00e9ration Interreg Grande R\u00e9gion 2021-2027.Ainsi, pour la p\u00e9riode du programme 2021-2027, environ 6,8 millions [&hellip;]<\/p>\n","protected":false},"author":1,"featured_media":0,"parent":0,"menu_order":0,"comment_status":"closed","ping_status":"open","template":"","meta":{"footnotes":""},"class_list":["post-430","page","type-page","status-publish","hentry"],"_links":{"self":[{"href":"https:\/\/eom-dl.eu\/fr\/wp-json\/wp\/v2\/pages\/430","targetHints":{"allow":["GET"]}}],"collection":[{"href":"https:\/\/eom-dl.eu\/fr\/wp-json\/wp\/v2\/pages"}],"about":[{"href":"https:\/\/eom-dl.eu\/fr\/wp-json\/wp\/v2\/types\/page"}],"author":[{"embeddable":true,"href":"https:\/\/eom-dl.eu\/fr\/wp-json\/wp\/v2\/users\/1"}],"replies":[{"embeddable":true,"href":"https:\/\/eom-dl.eu\/fr\/wp-json\/wp\/v2\/comments?post=430"}],"version-history":[{"count":10,"href":"https:\/\/eom-dl.eu\/fr\/wp-json\/wp\/v2\/pages\/430\/revisions"}],"predecessor-version":[{"id":3521,"href":"https:\/\/eom-dl.eu\/fr\/wp-json\/wp\/v2\/pages\/430\/revisions\/3521"}],"wp:attachment":[{"href":"https:\/\/eom-dl.eu\/fr\/wp-json\/wp\/v2\/media?parent=430"}],"curies":[{"name":"wp","href":"https:\/\/api.w.org\/{rel}","templated":true}]}}